{"id":14,"date":"2021-07-11T11:42:07","date_gmt":"2021-07-11T09:42:07","guid":{"rendered":"https:\/\/wordpress.ogv-oeffingen.de\/?page_id=14"},"modified":"2025-04-03T16:41:50","modified_gmt":"2025-04-03T14:41:50","slug":"mitglied-werden","status":"publish","type":"page","link":"https:\/\/ogv-oeffingen.de\/?page_id=14","title":{"rendered":"Mitglied werden"},"content":{"rendered":"\n<p class=\"has-medium-font-size\"><strong>Mitmachen &#8211; Spa\u00df haben &#8211; Dabei sein<\/strong><\/p>\n\n\n\n<div class=\"wp-block-uagb-container uagb-block-89c37ecb default uagb-is-root-container\">\n<div class=\"wp-block-uagb-container uagb-block-d885877e\">\n<p class=\"has-drop-cap\">Ein Garten ist ein Ort der Sinne, in dem man die Natur sp\u00fcren, f\u00fchlen, h\u00f6ren, sehen und schmecken kann. Er ist ein Ort der Ruhe, Erholung und Entschleunigung, der gestressten Menschen Entspannung bietet. Ebenso ist ein Garten ein Ort der Bewegung, der aktiv gestaltet werden kann. Und nicht zuletzt, ein Ort der Begegnungen und Gespr\u00e4che.<\/p>\n<\/div>\n\n\n\n<div class=\"wp-block-uagb-container uagb-block-a3252900\">\n<figure class=\"wp-block-gallery has-nested-images columns-default is-cropped wp-block-gallery-1 is-layout-flex wp-block-gallery-is-layout-flex\">\n<figure class=\"wp-block-image size-large\"><img loading=\"lazy\" decoding=\"async\" width=\"397\" height=\"530\" data-id=\"2094\" src=\"https:\/\/ogv-oeffingen.de\/wp-content\/uploads\/2022\/10\/Kinder_mit_Kiste.jpg\" alt=\"\" class=\"wp-image-2094\" srcset=\"https:\/\/ogv-oeffingen.de\/wp-content\/uploads\/2022\/10\/Kinder_mit_Kiste.jpg 397w, https:\/\/ogv-oeffingen.de\/wp-content\/uploads\/2022\/10\/Kinder_mit_Kiste-225x300.jpg 225w\" sizes=\"auto, (max-width: 397px) 100vw, 397px\" \/><\/figure>\n\n\n\n<figure class=\"wp-block-image size-large\"><img loading=\"lazy\" decoding=\"async\" width=\"1024\" height=\"681\" data-id=\"1287\" src=\"https:\/\/ogv-oeffingen.de\/wp-content\/uploads\/2022\/02\/L1000506.jpg\" alt=\"\" class=\"wp-image-1287\" srcset=\"https:\/\/ogv-oeffingen.de\/wp-content\/uploads\/2022\/02\/L1000506.jpg 1024w, https:\/\/ogv-oeffingen.de\/wp-content\/uploads\/2022\/02\/L1000506-300x200.jpg 300w, https:\/\/ogv-oeffingen.de\/wp-content\/uploads\/2022\/02\/L1000506-768x511.jpg 768w, https:\/\/ogv-oeffingen.de\/wp-content\/uploads\/2022\/02\/L1000506-391x260.jpg 391w\" sizes=\"auto, (max-width: 1024px) 100vw, 1024px\" \/><\/figure>\n\n\n\n<figure class=\"wp-block-image size-large\"><img decoding=\"async\" data-id=\"1667\" src=\"https:\/\/ogv-oeffingen.de\/wp-content\/uploads\/2022\/05\/L1001246-Gross.jpeg\" alt=\"\" class=\"wp-image-1667\"\/><\/figure>\n<\/figure>\n<\/div>\n<\/div>\n\n\n\n<div class=\"wp-block-uagb-container uagb-block-1be550c6 default uagb-is-root-container\">\n<h3 class=\"wp-block-heading\">Wir bieten unseren Mitgliedern\u2026<\/h3>\n\n\n\n<ul class=\"wp-block-list\">\n<li><strong>Schnitt- und Pflegekurse<\/strong>, i.d.R. kostenlos<\/li>\n\n\n\n<li><strong>Verleih von Werkzeugen <\/strong>wie Schneidgiraffen, elektr. Hochentaster, Wiesenm\u00e4her, KFZ-Anh\u00e4nger und mehr<\/li>\n\n\n\n<li>Professionelle <strong>Beratung<\/strong> rund ums Thema \u201eObst und Garten\u201c<\/li>\n\n\n\n<li>Monatlicher <strong>OGV-Stammtisch<\/strong> mit Impulsvortr\u00e4gen und viel Zeit f\u00fcr Gespr\u00e4che<\/li>\n\n\n\n<li>Attraktive <strong>Einkaufsverg\u00fcnstigungen<\/strong> unter Vorlage des Mitgliedsausweises, z.B.\n<ul class=\"wp-block-list\">\n<li>10% Rabatt ECO AGRARMARKT Waiblinger Stra\u00dfe, Fellbach (ehemals Raiffeisen-Markt)<br>Gute Beratung u.a. f\u00fcr Werkzeuge, (Schutz-)Kleidung, D\u00fcngemittel, Baumpfosten, Anbindeschnur etc. inklusive<\/li>\n\n\n\n<li>10% Rabatt Baumschule M\u00fcller, Poppenweiler<\/li>\n\n\n\n<li>5% Rabatt Baumschule W\u00f6hrle, Winnenden<\/li>\n<\/ul>\n<\/li>\n<\/ul>\n\n\n\n<p>Alle weiteren Verg\u00fcnstigungen findet ihr hier: <a href=\"https:\/\/ogv-oeffingen.de\/wp-content\/uploads\/2025\/04\/LOGL_Verguenstigungen_fuer_Mitglieder_Stand_08-2023.pdf\" data-type=\"attachment\" data-id=\"5795\" target=\"_blank\" rel=\"noreferrer noopener\">Liste Landesverband<\/a><\/p>\n\n\n\n<div class=\"wp-block-columns is-layout-flex wp-container-core-columns-is-layout-9d6595d7 wp-block-columns-is-layout-flex\">\n<div class=\"wp-block-column is-layout-flow wp-block-column-is-layout-flow\">\n<p class=\"has-text-align-center\"><strong>Und das f\u00fcr kleines Geld. Hier siehst du, was die Mitgliedschaft pro Jahr bei uns kostet: <\/strong><\/p>\n\n\n\n<div class=\"wp-block-buttons is-layout-flex wp-block-buttons-is-layout-flex\">\n<div class=\"wp-block-button aligncenter is-style-primary\"><a class=\"wp-block-button__link has-nv-site-bg-color has-neve-link-hover-color-background-color has-text-color has-background wp-element-button\" href=\"https:\/\/ogv-oeffingen.de\/?page_id=3213\" style=\"border-radius:30px\">\u00dcbersicht Mitgliedsbeitrag<\/a><\/div>\n<\/div>\n<\/div>\n<\/div>\n<\/div>\n\n\n\n<div style=\"height:35px\" aria-hidden=\"true\" class=\"wp-block-spacer\"><\/div>\n\n\n\n<p class=\"has-text-align-center has-large-font-size\">\u2193 <strong>Mitgliedschaft<\/strong> gleich <strong>online<\/strong> <strong>beantragen!<\/strong> \u2193<\/p>\n\n\n\n<p class=\"has-text-align-center\">F\u00fcr weitere Informationen<em> <\/em><a href=\"https:\/\/ogv-oeffingen.de\/?page_id=46\" data-type=\"page\" data-id=\"46\"><em>kontaktiere<\/em><\/a> uns gerne.<\/p>\n\n\n\n<div style=\"height:20px\" aria-hidden=\"true\" class=\"wp-block-spacer\"><\/div>\n\n\n\n<p class=\"has-text-align-center has-background\" style=\"background-color:#d1edcc\">Du bist bereits Mitglied und m\u00f6chtest die <strong>Vereinspost per E-Mail<\/strong> erhalten? Dann bitte hier: <br><strong><a href=\"https:\/\/ogv-oeffingen.de\/?page_id=2774\" data-type=\"page\" data-id=\"2774\">Einverst\u00e4ndniserkl\u00e4rung zur elekt. Kommunikation<\/a><\/strong><\/p>\n\n\n\n<!--more-->\n\n\n\n<div style=\"height:100px\" aria-hidden=\"true\" class=\"wp-block-spacer\"><\/div>\n\n\n<noscript class=\"ninja-forms-noscript-message\">\n\tHinweis: F\u00fcr diesen Inhalt ist JavaScript erforderlich.<\/noscript>\n<div id=\"nf-form-7-cont\" class=\"nf-form-cont\" aria-live=\"polite\" aria-labelledby=\"nf-form-title-7\" aria-describedby=\"nf-form-errors-7\" role=\"form\">\n\n    <div class=\"nf-loading-spinner\"><\/div>\n\n<\/div>\n        <!-- That data is being printed as a workaround to page builders reordering the order of the scripts loaded-->\n        <script>var formDisplay=1;var nfForms=nfForms||[];var form=[];form.id='7';form.settings={\"objectType\":\"Form Setting\",\"editActive\":true,\"title\":\"Mitgliedsantrag\",\"show_title\":1,\"allow_public_link\":0,\"embed_form\":\"\",\"clear_complete\":1,\"hide_complete\":1,\"default_label_pos\":\"above\",\"wrapper_class\":\"\",\"element_class\":\"\",\"key\":\"\",\"add_submit\":1,\"changeEmailErrorMsg\":\"Bitte gib eine g\\u00fcltige E-Mail-Adresse ein.\",\"changeDateErrorMsg\":\"Bitte gib ein g\\u00fcltiges Datum ein!\",\"confirmFieldErrorMsg\":\"Diese Felder m\\u00fcssen \\u00fcbereinstimmen!\",\"fieldNumberNumMinError\":\"Die eingegebene Zahl ist zu klein.\",\"fieldNumberNumMaxError\":\"Die eingegebene Zahl ist zu gross.\",\"fieldNumberIncrementBy\":\"Bitte erh\\u00f6hen in Schritten von\",\"formErrorsCorrectErrors\":\"Bitte korrigiere die Fehler, bevor du das Formular sendest.\",\"validateRequiredField\":\"Dies ist ein Pflichtfeld.\",\"honeypotHoneypotError\":\"Honeypot-Fehler\",\"fieldsMarkedRequired\":\"Felder mit einem <span class=\\\"ninja-forms-req-symbol\\\">*<\\\/span> sind Pflichtfelder\",\"currency\":\"\",\"repeatable_fieldsets\":\"\",\"unique_field_error\":\"Ein Formular mit diesem Wert wurde bereits eingereicht.\",\"logged_in\":false,\"not_logged_in_msg\":\"\",\"sub_limit_msg\":\"Das Formular hat sein Beitragslimit erreicht.\",\"calculations\":[],\"formContentData\":[\"antrag_1644401475277\",\"lastname_1644401543841\",\"firstname_1644401551827\",\"strasse_und_hausnummer_1644401580871\",\"postleitzahl_und_ort_mit_ortsteil_1644401624887\",\"geburtstag_1644401669503\",\"email_1644401821601\",\"phone_1644401828451\",\"handy-nummer_1644401845283\",\"hr_1644401889050\",\"sepa_lastschriftmandat_1644401922334\",\"name_des_kontoinhabers_falls_abweichend_vom_mitglied_1644402112318\",\"iban_1644402171569\",\"hr_1644402072954\",\"einverstaendnis_datenverarbeitung_1644401320427\",\"einverstaendnis_bildnutzung_1644402443801\",\"kommunikation_per_e-mail_1650963141629\",\"newsletter_1650963478223\",\"aktiv-mitglied_1650963614804\",\"anerkennung_satzung_1644401344074\",\"mitgliedschaft_beantragen_1644403230406\"],\"drawerDisabled\":false,\"form_title_heading_level\":\"3\",\"ninjaForms\":\"Ninja Forms\",\"fieldTextareaRTEInsertLink\":\"Link einf\\u00fcgen\",\"fieldTextareaRTEInsertMedia\":\"Medien einf\\u00fcgen\",\"fieldTextareaRTESelectAFile\":\"Eine Datei ausw\\u00e4hlen\",\"formHoneypot\":\"Falls du ein Mensch bist und dieses Feld siehst, dann lasse es bitte leer.\",\"fileUploadOldCodeFileUploadInProgress\":\"Datei-Upload l\\u00e4uft.\",\"fileUploadOldCodeFileUpload\":\"DATEI-UPLOAD\",\"currencySymbol\":\"&euro;\",\"thousands_sep\":\".\",\"decimal_point\":\",\",\"siteLocale\":\"de_DE\",\"dateFormat\":\"d\\\/m\\\/Y\",\"startOfWeek\":\"1\",\"of\":\"von\",\"previousMonth\":\"Vorheriger Monat\",\"nextMonth\":\"N\\u00e4chster Monat\",\"months\":[\"Januar\",\"Februar\",\"M\\u00e4rz\",\"April\",\"Mai\",\"Juni\",\"Juli\",\"August\",\"September\",\"Oktober\",\"November\",\"Dezember\"],\"monthsShort\":[\"Jan.\",\"Feb.\",\"M\\u00e4rz\",\"Apr.\",\"Mai\",\"Juni\",\"Juli\",\"Aug\",\"Sep.\",\"Okt.\",\"Nov.\",\"Dez.\"],\"weekdays\":[\"Sonntag\",\"Montag\",\"Dienstag\",\"Mittwoch\",\"Donnerstag\",\"Freitag\",\"Samstag\"],\"weekdaysShort\":[\"So.\",\"Mo.\",\"Di.\",\"Mi.\",\"Do.\",\"Fr.\",\"Sa.\"],\"weekdaysMin\":[\"So.\",\"Mo.\",\"Di.\",\"Mi.\",\"Do.\",\"Fr.\",\"Sa.\"],\"recaptchaConsentMissing\":\"reCaptcha validation couldn&#039;t load.\",\"recaptchaMissingCookie\":\"reCaptcha v3 validation couldn&#039;t load the cookie needed to submit the form.\",\"recaptchaConsentEvent\":\"Accept reCaptcha cookies before sending the form.\",\"currency_symbol\":\"\",\"beforeForm\":\"\",\"beforeFields\":\"\",\"afterFields\":\"\",\"afterForm\":\"\"};form.fields=[{\"objectType\":\"Field\",\"objectDomain\":\"fields\",\"editActive\":false,\"order\":1,\"idAttribute\":\"id\",\"label\":\"Antrag\",\"type\":\"checkbox\",\"key\":\"antrag_1644401475277\",\"label_pos\":\"right\",\"required\":1,\"container_class\":\"\",\"element_class\":\"\",\"manual_key\":false,\"admin_label\":\"\",\"help_text\":\"\",\"desc_text\":\"<p>Ich beantrage die Aufnahme als ordentliches Mitglied in den Obst- und Gartenbauverein Oeffingen e.V.<\\\/p>\",\"default_value\":\"unchecked\",\"checked_value\":\"Ausgew\\u00e4hlt\",\"unchecked_value\":\"Nicht ausgew\\u00e4hlt\",\"checked_calc_value\":\"\",\"unchecked_calc_value\":\"\",\"drawerDisabled\":false,\"id\":63,\"beforeField\":\"\",\"afterField\":\"\",\"value\":\"\",\"parentType\":\"checkbox\",\"element_templates\":[\"checkbox\",\"input\"],\"old_classname\":\"\",\"wrap_template\":\"wrap\"},{\"objectType\":\"Field\",\"objectDomain\":\"fields\",\"editActive\":false,\"order\":2,\"idAttribute\":\"id\",\"label\":\"Nachname\",\"type\":\"lastname\",\"key\":\"lastname_1644401543841\",\"label_pos\":\"above\",\"required\":1,\"default\":\"\",\"placeholder\":\"\",\"container_class\":\"\",\"element_class\":\"\",\"admin_label\":\"\",\"help_text\":\"\",\"custom_name_attribute\":\"lname\",\"personally_identifiable\":1,\"value\":\"\",\"drawerDisabled\":false,\"id\":64,\"beforeField\":\"\",\"afterField\":\"\",\"parentType\":\"lastname\",\"element_templates\":[\"lastname\",\"input\"],\"old_classname\":\"\",\"wrap_template\":\"wrap\"},{\"objectType\":\"Field\",\"objectDomain\":\"fields\",\"editActive\":false,\"order\":3,\"idAttribute\":\"id\",\"label\":\"Vorname\",\"type\":\"firstname\",\"key\":\"firstname_1644401551827\",\"label_pos\":\"above\",\"required\":1,\"default\":\"\",\"placeholder\":\"\",\"container_class\":\"\",\"element_class\":\"\",\"admin_label\":\"\",\"help_text\":\"\",\"custom_name_attribute\":\"fname\",\"personally_identifiable\":1,\"value\":\"\",\"drawerDisabled\":false,\"id\":65,\"beforeField\":\"\",\"afterField\":\"\",\"parentType\":\"firstname\",\"element_templates\":[\"firstname\",\"input\"],\"old_classname\":\"\",\"wrap_template\":\"wrap\"},{\"objectType\":\"Field\",\"objectDomain\":\"fields\",\"editActive\":false,\"order\":4,\"idAttribute\":\"id\",\"label\":\"Stra\\u00dfe und Hausnummer\",\"type\":\"address\",\"key\":\"strasse_und_hausnummer_1644401580871\",\"label_pos\":\"above\",\"required\":1,\"default\":\"\",\"placeholder\":\"\",\"container_class\":\"\",\"element_class\":\"\",\"input_limit\":\"\",\"input_limit_type\":\"characters\",\"input_limit_msg\":\"verbleibende(s) Zeichen\",\"manual_key\":false,\"admin_label\":\"\",\"help_text\":\"\",\"mask\":\"\",\"custom_mask\":\"\",\"custom_name_attribute\":\"address\",\"personally_identifiable\":1,\"value\":\"\",\"drawerDisabled\":false,\"id\":66,\"beforeField\":\"\",\"afterField\":\"\",\"parentType\":\"address\",\"element_templates\":[\"address\",\"textbox\",\"input\"],\"old_classname\":\"\",\"wrap_template\":\"wrap\"},{\"objectType\":\"Field\",\"objectDomain\":\"fields\",\"editActive\":false,\"order\":5,\"idAttribute\":\"id\",\"label\":\"Postleitzahl und Ort mit Ortsteil\",\"type\":\"zip\",\"key\":\"postleitzahl_und_ort_mit_ortsteil_1644401624887\",\"label_pos\":\"above\",\"required\":1,\"default\":\"\",\"placeholder\":\"\",\"container_class\":\"\",\"element_class\":\"\",\"input_limit\":\"\",\"input_limit_type\":\"characters\",\"input_limit_msg\":\"verbleibende(s) Zeichen\",\"manual_key\":false,\"admin_label\":\"\",\"help_text\":\"\",\"mask\":\"\",\"custom_mask\":\"\",\"custom_name_attribute\":\"zip\",\"personally_identifiable\":\"\",\"value\":\"\",\"drawerDisabled\":false,\"id\":67,\"beforeField\":\"\",\"afterField\":\"\",\"parentType\":\"zip\",\"element_templates\":[\"zip\",\"textbox\",\"input\",\"textbox\",\"input\"],\"old_classname\":\"\",\"wrap_template\":\"wrap\"},{\"objectType\":\"Field\",\"objectDomain\":\"fields\",\"editActive\":false,\"order\":6,\"idAttribute\":\"id\",\"label\":\"Geburtstag\",\"type\":\"date\",\"key\":\"geburtstag_1644401669503\",\"label_pos\":\"above\",\"required\":1,\"placeholder\":\"\",\"container_class\":\"\",\"element_class\":\"\",\"manual_key\":false,\"admin_label\":\"\",\"help_text\":\"\",\"date_mode\":\"date_only\",\"date_format\":\"DD\\\/MM\\\/YYYY\",\"year_range_start\":\"\",\"year_range_end\":\"\",\"hours_24\":0,\"minute_increment\":5,\"drawerDisabled\":false,\"id\":68,\"beforeField\":\"\",\"afterField\":\"\",\"value\":\"\",\"parentType\":\"date\",\"element_templates\":[\"date\",\"textbox\",\"input\"],\"old_classname\":\"\",\"wrap_template\":\"wrap\"},{\"objectType\":\"Field\",\"objectDomain\":\"fields\",\"editActive\":false,\"order\":7,\"idAttribute\":\"id\",\"label\":\"E-Mail\",\"type\":\"email\",\"key\":\"email_1644401821601\",\"label_pos\":\"above\",\"required\":1,\"default\":\"\",\"placeholder\":\"\",\"container_class\":\"\",\"element_class\":\"\",\"admin_label\":\"\",\"help_text\":\"\",\"custom_name_attribute\":\"email\",\"personally_identifiable\":1,\"value\":\"\",\"drawerDisabled\":false,\"id\":69,\"beforeField\":\"\",\"afterField\":\"\",\"parentType\":\"email\",\"element_templates\":[\"email\",\"input\"],\"old_classname\":\"\",\"wrap_template\":\"wrap\"},{\"objectType\":\"Field\",\"objectDomain\":\"fields\",\"editActive\":false,\"order\":8,\"idAttribute\":\"id\",\"label\":\"\\ufeffTelefon\",\"type\":\"phone\",\"key\":\"phone_1644401828451\",\"label_pos\":\"above\",\"required\":false,\"default\":\"\",\"placeholder\":\"\",\"container_class\":\"\",\"element_class\":\"\",\"input_limit\":\"\",\"input_limit_type\":\"characters\",\"input_limit_msg\":\"verbleibende(s) Zeichen\",\"manual_key\":false,\"admin_label\":\"\",\"help_text\":\"\",\"mask\":\"\",\"custom_mask\":\"\",\"custom_name_attribute\":\"phone\",\"personally_identifiable\":1,\"value\":\"\",\"id\":70,\"beforeField\":\"\",\"afterField\":\"\",\"parentType\":\"textbox\",\"element_templates\":[\"tel\",\"textbox\",\"input\"],\"old_classname\":\"\",\"wrap_template\":\"wrap\"},{\"objectType\":\"Field\",\"objectDomain\":\"fields\",\"editActive\":false,\"order\":9,\"idAttribute\":\"id\",\"label\":\"Handy-Nummer\",\"type\":\"phone\",\"key\":\"handy-nummer_1644401845283\",\"label_pos\":\"above\",\"required\":false,\"default\":\"\",\"placeholder\":\"\",\"container_class\":\"\",\"element_class\":\"\",\"input_limit\":\"\",\"input_limit_type\":\"characters\",\"input_limit_msg\":\"verbleibende(s) Zeichen\",\"manual_key\":false,\"admin_label\":\"\",\"help_text\":\"\",\"mask\":\"\",\"custom_mask\":\"\",\"custom_name_attribute\":\"phone\",\"personally_identifiable\":1,\"value\":\"\",\"id\":71,\"beforeField\":\"\",\"afterField\":\"\",\"parentType\":\"textbox\",\"element_templates\":[\"tel\",\"textbox\",\"input\"],\"old_classname\":\"\",\"wrap_template\":\"wrap\"},{\"objectType\":\"Field\",\"objectDomain\":\"fields\",\"editActive\":false,\"order\":10,\"idAttribute\":\"id\",\"label\":\"Trennung\",\"type\":\"hr\",\"container_class\":\"\",\"element_class\":\"\",\"key\":\"hr_1644401889050\",\"admin_label\":\"\",\"id\":72,\"beforeField\":\"\",\"afterField\":\"\",\"value\":\"\",\"label_pos\":\"above\",\"parentType\":\"hr\",\"element_templates\":[\"hr\",\"input\"],\"old_classname\":\"\",\"wrap_template\":\"wrap\"},{\"objectType\":\"Field\",\"objectDomain\":\"fields\",\"editActive\":false,\"order\":11,\"idAttribute\":\"id\",\"label\":\"SEPA Lastschriftmandat\",\"type\":\"checkbox\",\"key\":\"sepa_lastschriftmandat_1644401922334\",\"label_pos\":\"right\",\"required\":1,\"container_class\":\"\",\"element_class\":\"\",\"manual_key\":false,\"admin_label\":\"\",\"help_text\":\"\",\"desc_text\":\"<div class=\\\"page\\\" title=\\\"Page 1\\\"><div class=\\\"layoutArea\\\"><div class=\\\"column\\\"><p><span style=\\\"font-size: 9pt; font-family: ArialMT;\\\">Ich erma\\u0308chtige den Obst- und Gartenbauverein Oeffingen e.V. den Mitgliedsbeitrag mittels Lastschrift einzuziehen. Zugleich weise ich mein Kreditinstitut an, die vom Obst- und Gartenbauverein Oeffingen e. V. auf mein Konto gezogene Lastschrift einzulo\\u0308sen. Hinweis: Ich kann innerhalb von acht Wochen, beginnend mit dem Belastungsdatum, die Erstattung des belasteten Betrags verlangen. Es gelten dabei die mit meinem Kreditinstitut vereinbarten Bedingungen. Der Mitgliedsbeitrag wird einmalig sofort und dann ja\\u0308hrlich wiederkehrend im April jeden Jahres eingezogen. Gl\\u00e4ubiger-ID des Vereins: DE77ZZZ00000368832<\\\/span><\\\/p><\\\/div><\\\/div><\\\/div>\",\"default_value\":\"unchecked\",\"checked_value\":\"Ausgew\\u00e4hlt\",\"unchecked_value\":\"Nicht ausgew\\u00e4hlt\",\"checked_calc_value\":\"\",\"unchecked_calc_value\":\"\",\"drawerDisabled\":false,\"id\":73,\"beforeField\":\"\",\"afterField\":\"\",\"value\":\"\",\"parentType\":\"checkbox\",\"element_templates\":[\"checkbox\",\"input\"],\"old_classname\":\"\",\"wrap_template\":\"wrap\"},{\"objectType\":\"Field\",\"objectDomain\":\"fields\",\"editActive\":false,\"order\":12,\"idAttribute\":\"id\",\"label\":\"Name des Kontoinhabers (falls abweichend vom Mitglied)\",\"type\":\"lastname\",\"key\":\"name_des_kontoinhabers_falls_abweichend_vom_mitglied_1644402112318\",\"label_pos\":\"above\",\"required\":false,\"default\":\"\",\"placeholder\":\"\",\"container_class\":\"\",\"element_class\":\"\",\"admin_label\":\"\",\"help_text\":\"\",\"custom_name_attribute\":\"lname\",\"personally_identifiable\":1,\"value\":\"\",\"drawerDisabled\":false,\"id\":74,\"beforeField\":\"\",\"afterField\":\"\",\"parentType\":\"lastname\",\"element_templates\":[\"lastname\",\"input\"],\"old_classname\":\"\",\"wrap_template\":\"wrap\"},{\"objectType\":\"Field\",\"objectDomain\":\"fields\",\"editActive\":false,\"order\":13,\"idAttribute\":\"id\",\"label\":\"IBAN\",\"type\":\"textbox\",\"key\":\"iban_1644402171569\",\"label_pos\":\"above\",\"required\":1,\"default\":\"\",\"placeholder\":\"\",\"container_class\":\"\",\"element_class\":\"\",\"input_limit\":\"\",\"input_limit_type\":\"characters\",\"input_limit_msg\":\"verbleibende(s) Zeichen\",\"manual_key\":false,\"admin_label\":\"\",\"help_text\":\"\",\"mask\":\"\",\"custom_mask\":\"\",\"custom_name_attribute\":\"\",\"personally_identifiable\":\"\",\"value\":\"\",\"drawerDisabled\":false,\"id\":75,\"beforeField\":\"\",\"afterField\":\"\",\"parentType\":\"textbox\",\"element_templates\":[\"textbox\",\"input\"],\"old_classname\":\"\",\"wrap_template\":\"wrap\"},{\"objectType\":\"Field\",\"objectDomain\":\"fields\",\"editActive\":false,\"order\":14,\"idAttribute\":\"id\",\"label\":\"Trennung\",\"type\":\"hr\",\"container_class\":\"\",\"element_class\":\"\",\"key\":\"hr_1644402072954\",\"admin_label\":\"\",\"id\":76,\"beforeField\":\"\",\"afterField\":\"\",\"value\":\"\",\"label_pos\":\"above\",\"parentType\":\"hr\",\"element_templates\":[\"hr\",\"input\"],\"old_classname\":\"\",\"wrap_template\":\"wrap\"},{\"objectType\":\"Field\",\"objectDomain\":\"fields\",\"editActive\":false,\"order\":15,\"idAttribute\":\"id\",\"label\":\"Einverst\\u00e4ndnis Datenverarbeitung\",\"type\":\"checkbox\",\"key\":\"einverstaendnis_datenverarbeitung_1644401320427\",\"label_pos\":\"right\",\"required\":1,\"container_class\":\"\",\"element_class\":\"\",\"manual_key\":false,\"admin_label\":\"\",\"help_text\":\"\",\"desc_text\":\"<div class=\\\"page\\\" title=\\\"Page 1\\\"><div class=\\\"layoutArea\\\"><div class=\\\"column\\\"><p><span style=\\\"font-size: 9pt; font-family: ArialMT;\\\">Zustimmungserkla\\u0308rung fu\\u0308r Mitglieder:&nbsp;<\\\/span><span style=\\\"font-size: 9pt; font-family: Arial; font-weight: 700;\\\">Ich willige ein, dass der Obst- und Gartenbauverein Oeffingen e.V. als verantwortliche Stelle, die in der Beitrittserkla\\u0308rung erhobenen personenbezogenen Daten, wie Namen, Vorname, Geburtsdatum, Adresse, EMail-Adresse, Telefonnummer und Bankverbindung ausschlie\\u00dflich zum Zwecke der Mitgliederverwaltung, des Beitragseinzuges und der U\\u0308bermittlung von Vereinsinformationen durch den Verein verarbeitet und genutzt werden.&nbsp;<\\\/span><span style=\\\"font-size: 9pt; font-family: ArialMT;\\\">Eine U\\u0308bermittlung von Daten an Kreis-, Bezirks-, und\\\/ oder Landesverba\\u0308nde findet nur im Rahmen der in der Satzung festgelegten Zwecke statt. Diese Datenu\\u0308bermittlungen sind notwendig zum Zwecke der Organisation. Eine Datenu\\u0308bermittlung an Dritte findet nicht statt. Eine Datennutzung fu\\u0308r Werbezwecke findet ebenfalls nicht statt. Bei Beendigung der Mitgliedschaft werden die personenbezogenen Daten gelo\\u0308scht, soweit sie nicht entsprechend der gesetzlichen Vorgaben aufbewahrt werden mu\\u0308ssen. Jedes Mitglied hat im Rahmen der Vorgaben des Bundesdatenschutzgesetzes\\\/ Datenschutzgrundverordnung das Recht auf Auskunft u\\u0308ber die personenbezogenen Daten, die zu seiner Person bei der verantwortlichen Stelle gespeichert sind. Au\\u00dferdem hat das Mitglied, im Falle von fehlerhaften Daten, ein Korrekturrecht.<\\\/span><\\\/p><\\\/div><\\\/div><\\\/div>\",\"default_value\":\"unchecked\",\"checked_value\":\"Ausgew\\u00e4hlt\",\"unchecked_value\":\"Nicht ausgew\\u00e4hlt\",\"checked_calc_value\":\"\",\"unchecked_calc_value\":\"\",\"drawerDisabled\":false,\"id\":77,\"beforeField\":\"\",\"afterField\":\"\",\"value\":\"\",\"parentType\":\"checkbox\",\"element_templates\":[\"checkbox\",\"input\"],\"old_classname\":\"\",\"wrap_template\":\"wrap\"},{\"objectType\":\"Field\",\"objectDomain\":\"fields\",\"editActive\":false,\"order\":16,\"idAttribute\":\"id\",\"type\":\"checkbox\",\"label\":\"Einverst\\u00e4ndnis Bildnutzung\",\"key\":\"einverstaendnis_bildnutzung_1644402443801\",\"label_pos\":\"right\",\"required\":1,\"container_class\":\"\",\"element_class\":\"\",\"manual_key\":false,\"admin_label\":\"\",\"help_text\":\"\",\"desc_text\":\"<p><span style=\\\"font-size: 9pt; font-family: ArialMT;\\\">Der Nutzung von Bildern meiner Person zur Vero\\u0308ffentlichung im Internet, Fachzeitschriften oder sonstigen Publikationen durch den Verein\\\/Verband stimme ich zu.<\\\/span><span style=\\\"font-size: 9pt; font-family: ArialMT;\\\"><br><\\\/span><span style=\\\"font-size: 9pt; font-family: Arial; font-weight: 700;\\\">Widerrufsrecht:&nbsp;<\\\/span><span style=\\\"font-size: 9pt; font-family: ArialMT;\\\">Diese Zustimmung kann jederzeit mit Wirkung fu\\u0308r die Zukunft schriftlich widerrufen werden. Die Kontaktdaten hierzu entnehmen Sie bitte unserer Homepage www.ogv-oeffingen.de.<\\\/span><br><\\\/p>\",\"default_value\":\"unchecked\",\"checked_value\":\"Ausgew\\u00e4hlt\",\"unchecked_value\":\"Nicht ausgew\\u00e4hlt\",\"checked_calc_value\":\"\",\"unchecked_calc_value\":\"\",\"drawerDisabled\":false,\"id\":81,\"beforeField\":\"\",\"afterField\":\"\",\"value\":\"\",\"parentType\":\"checkbox\",\"element_templates\":[\"checkbox\",\"input\"],\"old_classname\":\"\",\"wrap_template\":\"wrap\"},{\"objectType\":\"Field\",\"objectDomain\":\"fields\",\"editActive\":false,\"order\":17,\"idAttribute\":\"id\",\"label\":\"Kommunikation per E-Mail\",\"type\":\"checkbox\",\"key\":\"kommunikation_per_e-mail_1650963141629\",\"label_pos\":\"right\",\"required\":1,\"container_class\":\"\",\"element_class\":\"\",\"manual_key\":false,\"admin_label\":\"\",\"help_text\":\"\",\"desc_text\":\"<p class=\\\"MsoNormal\\\" style=\\\"margin: 0cm 0cm 10.8pt -0.75pt; text-indent: 0cm; line-height: 17.920000076293945px;\\\"><font face=\\\"ArialMT\\\"><span style=\\\"font-size: 12.000000953674316px;\\\">Ich m\\u00f6chte dem Verein Geld und Arbeit sparen und die Umwelt schonen. Ich m\\u00f6chte die Vereinspost (z.B. Einladung zur Mitgliederversammlung) bevorzugt in elektronischer Form erhalten.<\\\/span><\\\/font><\\\/p><p class=\\\"MsoNormal\\\" style=\\\"margin: 0cm 0cm 10.8pt -0.75pt; text-indent: 0cm; line-height: 17.920000076293945px; font-size: medium; font-family: Arial, sans-serif;\\\"><span style=\\\"font-size: 9pt; font-family: Arial; font-weight: 700;\\\">Widerrufsrecht:&nbsp;<\\\/span><span style=\\\"font-size: 9pt; font-family: ArialMT;\\\">Diese Zustimmung kann jederzeit mit Wirkung fu\\u0308r die Zukunft schriftlich widerrufen werden. Die Kontaktdaten hierzu entnehmen Sie bitte unserer Homepage www.ogv-oeffingen.de.<\\\/span><br><\\\/p>\",\"default_value\":\"unchecked\",\"checked_value\":\"Ausgew\\u00e4hlt\",\"unchecked_value\":\"Nicht ausgew\\u00e4hlt\",\"checked_calc_value\":\"\",\"unchecked_calc_value\":\"\",\"drawerDisabled\":false,\"id\":89,\"beforeField\":\"\",\"afterField\":\"\",\"value\":\"\",\"parentType\":\"checkbox\",\"element_templates\":[\"checkbox\",\"input\"],\"old_classname\":\"\",\"wrap_template\":\"wrap\"},{\"objectType\":\"Field\",\"objectDomain\":\"fields\",\"editActive\":false,\"order\":18,\"idAttribute\":\"id\",\"label\":\"Newsletter\",\"type\":\"checkbox\",\"key\":\"newsletter_1650963478223\",\"label_pos\":\"right\",\"required\":false,\"container_class\":\"\",\"element_class\":\"\",\"manual_key\":false,\"admin_label\":\"\",\"help_text\":\"\",\"desc_text\":\"<p><span style=\\\"font-family: ArialMT; font-size: 12.000000953674316px;\\\">Ich m\\u00f6chte informiert bleiben und vom Verein gelegentlich Informationen zum Vereinsleben erhalten.<\\\/span><\\\/p><p><span style=\\\"font-size: 9pt; font-family: Arial; font-weight: 700;\\\">Widerrufsrecht:&nbsp;<\\\/span><span style=\\\"font-size: 9pt; font-family: ArialMT;\\\">Diese Zustimmung kann jederzeit mit Wirkung fu\\u0308r die Zukunft schriftlich widerrufen werden. Die Kontaktdaten hierzu entnehmen Sie bitte unserer Homepage www.ogv-oeffingen.de.<\\\/span><span style=\\\"font-family: ArialMT; font-size: 12.000000953674316px;\\\"><br><\\\/span><br><\\\/p>\",\"default_value\":\"unchecked\",\"checked_value\":\"Ausgew\\u00e4hlt\",\"unchecked_value\":\"Nicht ausgew\\u00e4hlt\",\"checked_calc_value\":\"\",\"unchecked_calc_value\":\"\",\"drawerDisabled\":false,\"id\":90,\"beforeField\":\"\",\"afterField\":\"\",\"value\":\"\",\"parentType\":\"checkbox\",\"element_templates\":[\"checkbox\",\"input\"],\"old_classname\":\"\",\"wrap_template\":\"wrap\"},{\"objectType\":\"Field\",\"objectDomain\":\"fields\",\"editActive\":false,\"order\":19,\"idAttribute\":\"id\",\"label\":\"Aktiv-Mitglied\",\"type\":\"checkbox\",\"key\":\"aktiv-mitglied_1650963614804\",\"label_pos\":\"right\",\"required\":false,\"container_class\":\"\",\"element_class\":\"\",\"manual_key\":false,\"admin_label\":\"\",\"help_text\":\"\",\"desc_text\":\"<p style=\\\"margin: 0cm 0cm 15pt; font-size: medium; font-family: &quot;Times New Roman&quot;, serif;\\\"><span style=\\\"font-size: 9pt; font-family: Arial, sans-serif; color: rgb(20, 23, 28);\\\">Ein Verein lebt davon, gemeinsam etwas zu schaffen. Dabei geht es um planen, gestalten und machen. Nat\\u00fcrlich sind Vereine auch auf ideelle und finanzielle Unterst\\u00fctzung angewiesen und wir sind froh um jedes Mitglied.<o:p><\\\/o:p><\\\/span><\\\/p><p style=\\\"margin: 0cm 0cm 15pt; font-size: medium; font-family: &quot;Times New Roman&quot;, serif; overflow-wrap: break-word; caret-color: rgb(20, 23, 28);\\\"><span style=\\\"font-size: 9pt; font-family: Arial, sans-serif; color: rgb(20, 23, 28);\\\">Wenn du Lust hast, aktiv mitzumachen, dann melde dich hier als Aktiv-Mitglied an. Wir werden dich dann <b>gelegentlich fragen<\\\/b>, ob du bei einer Aktion mitmachen m\\u00f6chtest. Das ist <b>v\\u00f6llig unverbindlich<\\\/b> und du solltest dich auch nicht gedr\\u00e4ngt f\\u00fchlen. Wir fragen f\\u00fcr jede Aktion unverbindlich an und sind auch nicht b\\u00f6se, wenn\\u2019s nichts f\\u00fcr dich ist.<o:p><\\\/o:p><\\\/span><\\\/p><p style=\\\"margin: 0cm 0cm 15pt; font-size: medium; font-family: &quot;Times New Roman&quot;, serif; overflow-wrap: break-word; caret-color: rgb(20, 23, 28);\\\"><span style=\\\"font-size: 9pt; font-family: Arial, sans-serif; color: rgb(20, 23, 28);\\\">Beispiele: Aufstuhlen f\\u00fcr die Mitgliederversammlung, Hecken an der Obstbauscheuer schneiden, Zelt f\\u00fcr Scheunenfest aufstellen, Grillen oder Getr\\u00e4nke verkaufen beim Fest, Veranstaltung vorbereiten, Misteln entfernen, \\u2026<\\\/span><\\\/p><p style=\\\"margin: 0cm 0cm 15pt; font-size: medium; font-family: &quot;Times New Roman&quot;, serif; overflow-wrap: break-word; caret-color: rgb(20, 23, 28);\\\"><span style=\\\"font-size: 9pt; font-family: Arial, sans-serif; color: rgb(20, 23, 28);\\\"><b>Widerrufsrecht:&nbsp;<\\\/b><\\\/span><span style=\\\"font-family: ArialMT; font-size: 9pt;\\\">Diese Zustimmung kann jederzeit mit Wirkung fu\\u0308r die Zukunft schriftlich widerrufen werden. Die Kontaktdaten hierzu entnehmen Sie bitte unserer Homepage www.ogv-oeffingen.de.<\\\/span><\\\/p><p style=\\\"margin: 0cm 0cm 15pt; font-size: medium; font-family: &quot;Times New Roman&quot;, serif; overflow-wrap: break-word; caret-color: rgb(20, 23, 28);\\\"><span style=\\\"font-size: 9pt; font-family: Arial, sans-serif; color: rgb(20, 23, 28);\\\"><o:p><\\\/o:p><\\\/span><\\\/p><p><\\\/p>\",\"default_value\":\"unchecked\",\"checked_value\":\"Ausgew\\u00e4hlt\",\"unchecked_value\":\"Nicht ausgew\\u00e4hlt\",\"checked_calc_value\":\"\",\"unchecked_calc_value\":\"\",\"drawerDisabled\":false,\"id\":91,\"beforeField\":\"\",\"afterField\":\"\",\"value\":\"\",\"parentType\":\"checkbox\",\"element_templates\":[\"checkbox\",\"input\"],\"old_classname\":\"\",\"wrap_template\":\"wrap\"},{\"objectType\":\"Field\",\"objectDomain\":\"fields\",\"editActive\":false,\"order\":20,\"idAttribute\":\"id\",\"type\":\"checkbox\",\"label\":\"Anerkennung Satzung\",\"key\":\"anerkennung_satzung_1644401344074\",\"label_pos\":\"right\",\"required\":1,\"container_class\":\"\",\"element_class\":\"\",\"manual_key\":false,\"admin_label\":\"\",\"help_text\":\"\",\"desc_text\":\"<p>Die Satzung des Vereins, wie sie auf <a href=\\\"www.ogv-oeffingen.de\\\">www.ogv-oeffingen.de<\\\/a>&nbsp;ver\\u00f6ffentlicht ist, erkenne ich an.<\\\/p>\",\"default_value\":\"unchecked\",\"checked_value\":\"Ausgew\\u00e4hlt\",\"unchecked_value\":\"Nicht ausgew\\u00e4hlt\",\"checked_calc_value\":\"\",\"unchecked_calc_value\":\"\",\"drawerDisabled\":false,\"id\":78,\"beforeField\":\"\",\"afterField\":\"\",\"value\":\"\",\"parentType\":\"checkbox\",\"element_templates\":[\"checkbox\",\"input\"],\"old_classname\":\"\",\"wrap_template\":\"wrap\"},{\"objectType\":\"Field\",\"objectDomain\":\"fields\",\"editActive\":false,\"order\":21,\"idAttribute\":\"id\",\"type\":\"submit\",\"label\":\"Mitgliedschaft beantragen\",\"processing_label\":\"Verarbeite\",\"container_class\":\"\",\"element_class\":\"\",\"key\":\"mitgliedschaft_beantragen_1644403230406\",\"drawerDisabled\":false,\"admin_label\":\"\",\"id\":80,\"beforeField\":\"\",\"afterField\":\"\",\"value\":\"\",\"label_pos\":\"above\",\"parentType\":\"textbox\",\"element_templates\":[\"submit\",\"button\",\"input\"],\"old_classname\":\"\",\"wrap_template\":\"wrap-no-label\"}];nfForms.push(form);<\/script>\n        \n\n\n<div class=\"wp-block-group alignfull has-nv-text-dark-bg-color has-neve-link-hover-color-background-color has-text-color has-background\"><div class=\"wp-block-group__inner-container is-layout-flow wp-block-group-is-layout-flow\">\n<div class=\"wp-block-columns alignwide is-layout-flex wp-container-core-columns-is-layout-9d6595d7 wp-block-columns-is-layout-flex\">\n<div class=\"wp-block-column is-layout-flow wp-block-column-is-layout-flow\">\n<figure class=\"wp-block-image size-full is-resized\"><img loading=\"lazy\" decoding=\"async\" width=\"967\" height=\"718\" src=\"https:\/\/ogv-oeffingen.de\/wp-content\/uploads\/2021\/11\/image-3.png\" alt=\"\" class=\"wp-image-878\" style=\"width:235px;height:174px\" srcset=\"https:\/\/ogv-oeffingen.de\/wp-content\/uploads\/2021\/11\/image-3.png 967w, https:\/\/ogv-oeffingen.de\/wp-content\/uploads\/2021\/11\/image-3-300x223.png 300w, https:\/\/ogv-oeffingen.de\/wp-content\/uploads\/2021\/11\/image-3-768x570.png 768w\" sizes=\"auto, (max-width: 967px) 100vw, 967px\" \/><\/figure>\n\n\n\n<h4 class=\"wp-block-heading has-text-color\" id=\"beratung\" style=\"color:#ffffff\">Beratung<\/h4>\n\n\n\n<p class=\"has-text-color\" style=\"color:#ffffff\">Ausgebildete Fachkr\u00e4fte beraten Sie in allen Fragen des Obst- und Gartenbaus.<\/p>\n<\/div>\n\n\n\n<div class=\"wp-block-column is-layout-flow wp-block-column-is-layout-flow\">\n<figure class=\"wp-block-image size-full\"><img loading=\"lazy\" decoding=\"async\" width=\"722\" height=\"480\" src=\"https:\/\/ogv-oeffingen.de\/wp-content\/uploads\/2022\/01\/L1000199-Klein.jpg\" alt=\"\" class=\"wp-image-1087\" srcset=\"https:\/\/ogv-oeffingen.de\/wp-content\/uploads\/2022\/01\/L1000199-Klein.jpg 722w, https:\/\/ogv-oeffingen.de\/wp-content\/uploads\/2022\/01\/L1000199-Klein-300x199.jpg 300w, https:\/\/ogv-oeffingen.de\/wp-content\/uploads\/2022\/01\/L1000199-Klein-391x260.jpg 391w\" sizes=\"auto, (max-width: 722px) 100vw, 722px\" \/><\/figure>\n\n\n\n<h4 class=\"wp-block-heading has-text-color\" id=\"kurse\" style=\"color:#ffffff\">Kurse<\/h4>\n\n\n\n<p class=\"has-text-color\" style=\"color:#ffffff\">Regelm\u00e4\u00dfig veranstalten wir Kurse. Dabei kommt der Spa\u00df nicht zu kurz.<\/p>\n<\/div>\n\n\n\n<div class=\"wp-block-column is-layout-flow wp-block-column-is-layout-flow\">\n<figure class=\"wp-block-image size-full is-resized\"><img loading=\"lazy\" decoding=\"async\" width=\"875\" height=\"545\" src=\"https:\/\/ogv-oeffingen.de\/wp-content\/uploads\/2021\/11\/image-5.png\" alt=\"\" class=\"wp-image-880\" style=\"width:281px;height:175px\" srcset=\"https:\/\/ogv-oeffingen.de\/wp-content\/uploads\/2021\/11\/image-5.png 875w, https:\/\/ogv-oeffingen.de\/wp-content\/uploads\/2021\/11\/image-5-300x187.png 300w, https:\/\/ogv-oeffingen.de\/wp-content\/uploads\/2021\/11\/image-5-768x478.png 768w\" sizes=\"auto, (max-width: 875px) 100vw, 875px\" \/><\/figure>\n\n\n\n<h4 class=\"wp-block-heading has-text-color\" id=\"leihwerkzeuge\" style=\"color:#ffffff\">Leihwerkzeuge<\/h4>\n\n\n\n<p class=\"has-text-color\" style=\"color:#ffffff\">Wir verleihen professionelle Schnittwerkzeuge, M\u00e4her und Autoanh\u00e4nger.<\/p>\n\n\n\n<p><\/p>\n<\/div>\n\n\n\n<div class=\"wp-block-column is-layout-flow wp-block-column-is-layout-flow\">\n<figure class=\"wp-block-image size-full is-resized\"><img loading=\"lazy\" decoding=\"async\" width=\"323\" height=\"205\" src=\"https:\/\/ogv-oeffingen.de\/wp-content\/uploads\/2021\/11\/image-2.png\" alt=\"\" class=\"wp-image-877\" style=\"width:279px;height:177px\" srcset=\"https:\/\/ogv-oeffingen.de\/wp-content\/uploads\/2021\/11\/image-2.png 323w, https:\/\/ogv-oeffingen.de\/wp-content\/uploads\/2021\/11\/image-2-300x190.png 300w\" sizes=\"auto, (max-width: 323px) 100vw, 323px\" \/><\/figure>\n\n\n\n<h4 class=\"wp-block-heading has-text-color\" id=\"einkaufsvergunstigungen\" style=\"color:#ffffff\">Einkaufsverg\u00fcnstigungen<\/h4>\n\n\n\n<p class=\"has-text-color\" style=\"color:#ffffff\">Mit Ihrem Mitgliedsausweis kaufen Sie verg\u00fcnstigt ein.<\/p>\n<\/div>\n<\/div>\n<\/div><\/div>\n","protected":false},"excerpt":{"rendered":"<p>Mitmachen &#8211; Spa\u00df haben &#8211; Dabei sein Ein Garten ist ein Ort der Sinne, in dem man die Natur sp\u00fcren, f\u00fchlen, h\u00f6ren, sehen und schmecken kann. Er ist ein Ort&hellip;&nbsp;<a href=\"https:\/\/ogv-oeffingen.de\/?page_id=14\" rel=\"bookmark\">Weiterlesen &raquo;<span class=\"screen-reader-text\">Mitglied werden<\/span><\/a><\/p>\n","protected":false},"author":1,"featured_media":0,"parent":0,"menu_order":0,"comment_status":"closed","ping_status":"closed","template":"","meta":{"_uag_custom_page_level_css":"","neve_meta_sidebar":"","neve_meta_container":"","neve_meta_enable_content_width":"","neve_meta_content_width":0,"neve_meta_title_alignment":"","neve_meta_author_avatar":"","neve_post_elements_order":"","neve_meta_disable_header":"","neve_meta_disable_footer":"","neve_meta_disable_title":"","_EventAllDay":false,"_EventTimezone":"","_EventStartDate":"","_EventEndDate":"","_EventStartDateUTC":"","_EventEndDateUTC":"","_EventShowMap":false,"_EventShowMapLink":false,"_EventURL":"","_EventCost":"","_EventCostDescription":"","_EventCurrencySymbol":"","_EventCurrencyCode":"","_EventCurrencyPosition":"","_EventDateTimeSeparator":"","_EventTimeRangeSeparator":"","_EventOrganizerID":[],"_EventVenueID":[],"_OrganizerEmail":"","_OrganizerPhone":"","_OrganizerWebsite":"","_VenueAddress":"","_VenueCity":"","_VenueCountry":"","_VenueProvince":"","_VenueState":"","_VenueZip":"","_VenuePhone":"","_VenueURL":"","_VenueStateProvince":"","_VenueLat":"","_VenueLng":"","_VenueShowMap":false,"_VenueShowMapLink":false,"footnotes":""},"class_list":["post-14","page","type-page","status-publish","hentry"],"featured_image_src":null,"yoast_head":"<!-- This site is optimized with the Yoast SEO plugin v27.4 - https:\/\/yoast.com\/product\/yoast-seo-wordpress\/ -->\n<title>Mitglied werden - Obst- und Gartenbauverein Oeffingen e.V.<\/title>\n<meta name=\"robots\" content=\"index, follow, max-snippet:-1, max-image-preview:large, max-video-preview:-1\" \/>\n<link rel=\"canonical\" href=\"https:\/\/ogv-oeffingen.de\/?page_id=14\" \/>\n<meta property=\"og:locale\" content=\"de_DE\" \/>\n<meta property=\"og:type\" content=\"article\" \/>\n<meta property=\"og:title\" content=\"Mitglied werden - Obst- und Gartenbauverein Oeffingen e.V.\" \/>\n<meta property=\"og:description\" content=\"Mitmachen &#8211; Spa\u00df haben &#8211; Dabei sein Ein Garten ist ein Ort der Sinne, in dem man die Natur sp\u00fcren, f\u00fchlen, h\u00f6ren, sehen und schmecken kann. Er ist ein Ort&hellip;&nbsp;Weiterlesen &raquo;Mitglied werden\" \/>\n<meta property=\"og:url\" content=\"https:\/\/ogv-oeffingen.de\/?page_id=14\" \/>\n<meta property=\"og:site_name\" content=\"Obst- und Gartenbauverein Oeffingen e.V.\" \/>\n<meta property=\"article:modified_time\" content=\"2025-04-03T14:41:50+00:00\" \/>\n<meta property=\"og:image\" content=\"https:\/\/ogv-oeffingen.de\/wp-content\/uploads\/2022\/10\/Kinder_mit_Kiste.jpg\" \/>\n\t<meta property=\"og:image:width\" content=\"397\" \/>\n\t<meta property=\"og:image:height\" content=\"530\" \/>\n\t<meta property=\"og:image:type\" content=\"image\/jpeg\" \/>\n<meta name=\"twitter:card\" content=\"summary_large_image\" \/>\n<meta name=\"twitter:label1\" content=\"Gesch\u00e4tzte Lesezeit\" \/>\n\t<meta name=\"twitter:data1\" content=\"1\u00a0Minute\" \/>\n<script type=\"application\/ld+json\" class=\"yoast-schema-graph\">{\"@context\":\"https:\\\/\\\/schema.org\",\"@graph\":[{\"@type\":\"WebPage\",\"@id\":\"https:\\\/\\\/ogv-oeffingen.de\\\/?page_id=14\",\"url\":\"https:\\\/\\\/ogv-oeffingen.de\\\/?page_id=14\",\"name\":\"Mitglied werden - Obst- und Gartenbauverein Oeffingen e.V.\",\"isPartOf\":{\"@id\":\"https:\\\/\\\/ogv-oeffingen.de\\\/#website\"},\"primaryImageOfPage\":{\"@id\":\"https:\\\/\\\/ogv-oeffingen.de\\\/?page_id=14#primaryimage\"},\"image\":{\"@id\":\"https:\\\/\\\/ogv-oeffingen.de\\\/?page_id=14#primaryimage\"},\"thumbnailUrl\":\"https:\\\/\\\/ogv-oeffingen.de\\\/wp-content\\\/uploads\\\/2022\\\/10\\\/Kinder_mit_Kiste.jpg\",\"datePublished\":\"2021-07-11T09:42:07+00:00\",\"dateModified\":\"2025-04-03T14:41:50+00:00\",\"breadcrumb\":{\"@id\":\"https:\\\/\\\/ogv-oeffingen.de\\\/?page_id=14#breadcrumb\"},\"inLanguage\":\"de\",\"potentialAction\":[{\"@type\":\"ReadAction\",\"target\":[\"https:\\\/\\\/ogv-oeffingen.de\\\/?page_id=14\"]}]},{\"@type\":\"ImageObject\",\"inLanguage\":\"de\",\"@id\":\"https:\\\/\\\/ogv-oeffingen.de\\\/?page_id=14#primaryimage\",\"url\":\"https:\\\/\\\/ogv-oeffingen.de\\\/wp-content\\\/uploads\\\/2022\\\/10\\\/Kinder_mit_Kiste.jpg\",\"contentUrl\":\"https:\\\/\\\/ogv-oeffingen.de\\\/wp-content\\\/uploads\\\/2022\\\/10\\\/Kinder_mit_Kiste.jpg\",\"width\":397,\"height\":530},{\"@type\":\"BreadcrumbList\",\"@id\":\"https:\\\/\\\/ogv-oeffingen.de\\\/?page_id=14#breadcrumb\",\"itemListElement\":[{\"@type\":\"ListItem\",\"position\":1,\"name\":\"Startseite\",\"item\":\"https:\\\/\\\/ogv-oeffingen.de\\\/\"},{\"@type\":\"ListItem\",\"position\":2,\"name\":\"Mitglied werden\"}]},{\"@type\":\"WebSite\",\"@id\":\"https:\\\/\\\/ogv-oeffingen.de\\\/#website\",\"url\":\"https:\\\/\\\/ogv-oeffingen.de\\\/\",\"name\":\"Obst- und Gartenbauverein Oeffingen e.V.\",\"description\":\"\",\"publisher\":{\"@id\":\"https:\\\/\\\/ogv-oeffingen.de\\\/#organization\"},\"potentialAction\":[{\"@type\":\"SearchAction\",\"target\":{\"@type\":\"EntryPoint\",\"urlTemplate\":\"https:\\\/\\\/ogv-oeffingen.de\\\/?s={search_term_string}\"},\"query-input\":{\"@type\":\"PropertyValueSpecification\",\"valueRequired\":true,\"valueName\":\"search_term_string\"}}],\"inLanguage\":\"de\"},{\"@type\":\"Organization\",\"@id\":\"https:\\\/\\\/ogv-oeffingen.de\\\/#organization\",\"name\":\"Obst- und Gartenbauverein Oeffingen e.V.\",\"url\":\"https:\\\/\\\/ogv-oeffingen.de\\\/\",\"logo\":{\"@type\":\"ImageObject\",\"inLanguage\":\"de\",\"@id\":\"https:\\\/\\\/ogv-oeffingen.de\\\/#\\\/schema\\\/logo\\\/image\\\/\",\"url\":\"https:\\\/\\\/ogv-oeffingen.de\\\/wp-content\\\/uploads\\\/2021\\\/07\\\/OGV_Logo_03.jpg\",\"contentUrl\":\"https:\\\/\\\/ogv-oeffingen.de\\\/wp-content\\\/uploads\\\/2021\\\/07\\\/OGV_Logo_03.jpg\",\"width\":1013,\"height\":1127,\"caption\":\"Obst- und Gartenbauverein Oeffingen e.V.\"},\"image\":{\"@id\":\"https:\\\/\\\/ogv-oeffingen.de\\\/#\\\/schema\\\/logo\\\/image\\\/\"},\"sameAs\":[\"https:\\\/\\\/www.instagram.com\\\/ogv_oeffingen\"]}]}<\/script>\n<!-- \/ Yoast SEO plugin. -->","yoast_head_json":{"title":"Mitglied werden - Obst- und Gartenbauverein Oeffingen e.V.","robots":{"index":"index","follow":"follow","max-snippet":"max-snippet:-1","max-image-preview":"max-image-preview:large","max-video-preview":"max-video-preview:-1"},"canonical":"https:\/\/ogv-oeffingen.de\/?page_id=14","og_locale":"de_DE","og_type":"article","og_title":"Mitglied werden - Obst- und Gartenbauverein Oeffingen e.V.","og_description":"Mitmachen &#8211; Spa\u00df haben &#8211; Dabei sein Ein Garten ist ein Ort der Sinne, in dem man die Natur sp\u00fcren, f\u00fchlen, h\u00f6ren, sehen und schmecken kann. Er ist ein Ort&hellip;&nbsp;Weiterlesen &raquo;Mitglied werden","og_url":"https:\/\/ogv-oeffingen.de\/?page_id=14","og_site_name":"Obst- und Gartenbauverein Oeffingen e.V.","article_modified_time":"2025-04-03T14:41:50+00:00","og_image":[{"width":397,"height":530,"url":"https:\/\/ogv-oeffingen.de\/wp-content\/uploads\/2022\/10\/Kinder_mit_Kiste.jpg","type":"image\/jpeg"}],"twitter_card":"summary_large_image","twitter_misc":{"Gesch\u00e4tzte Lesezeit":"1\u00a0Minute"},"schema":{"@context":"https:\/\/schema.org","@graph":[{"@type":"WebPage","@id":"https:\/\/ogv-oeffingen.de\/?page_id=14","url":"https:\/\/ogv-oeffingen.de\/?page_id=14","name":"Mitglied werden - Obst- und Gartenbauverein Oeffingen e.V.","isPartOf":{"@id":"https:\/\/ogv-oeffingen.de\/#website"},"primaryImageOfPage":{"@id":"https:\/\/ogv-oeffingen.de\/?page_id=14#primaryimage"},"image":{"@id":"https:\/\/ogv-oeffingen.de\/?page_id=14#primaryimage"},"thumbnailUrl":"https:\/\/ogv-oeffingen.de\/wp-content\/uploads\/2022\/10\/Kinder_mit_Kiste.jpg","datePublished":"2021-07-11T09:42:07+00:00","dateModified":"2025-04-03T14:41:50+00:00","breadcrumb":{"@id":"https:\/\/ogv-oeffingen.de\/?page_id=14#breadcrumb"},"inLanguage":"de","potentialAction":[{"@type":"ReadAction","target":["https:\/\/ogv-oeffingen.de\/?page_id=14"]}]},{"@type":"ImageObject","inLanguage":"de","@id":"https:\/\/ogv-oeffingen.de\/?page_id=14#primaryimage","url":"https:\/\/ogv-oeffingen.de\/wp-content\/uploads\/2022\/10\/Kinder_mit_Kiste.jpg","contentUrl":"https:\/\/ogv-oeffingen.de\/wp-content\/uploads\/2022\/10\/Kinder_mit_Kiste.jpg","width":397,"height":530},{"@type":"BreadcrumbList","@id":"https:\/\/ogv-oeffingen.de\/?page_id=14#breadcrumb","itemListElement":[{"@type":"ListItem","position":1,"name":"Startseite","item":"https:\/\/ogv-oeffingen.de\/"},{"@type":"ListItem","position":2,"name":"Mitglied werden"}]},{"@type":"WebSite","@id":"https:\/\/ogv-oeffingen.de\/#website","url":"https:\/\/ogv-oeffingen.de\/","name":"Obst- und Gartenbauverein Oeffingen e.V.","description":"","publisher":{"@id":"https:\/\/ogv-oeffingen.de\/#organization"},"potentialAction":[{"@type":"SearchAction","target":{"@type":"EntryPoint","urlTemplate":"https:\/\/ogv-oeffingen.de\/?s={search_term_string}"},"query-input":{"@type":"PropertyValueSpecification","valueRequired":true,"valueName":"search_term_string"}}],"inLanguage":"de"},{"@type":"Organization","@id":"https:\/\/ogv-oeffingen.de\/#organization","name":"Obst- und Gartenbauverein Oeffingen e.V.","url":"https:\/\/ogv-oeffingen.de\/","logo":{"@type":"ImageObject","inLanguage":"de","@id":"https:\/\/ogv-oeffingen.de\/#\/schema\/logo\/image\/","url":"https:\/\/ogv-oeffingen.de\/wp-content\/uploads\/2021\/07\/OGV_Logo_03.jpg","contentUrl":"https:\/\/ogv-oeffingen.de\/wp-content\/uploads\/2021\/07\/OGV_Logo_03.jpg","width":1013,"height":1127,"caption":"Obst- und Gartenbauverein Oeffingen e.V."},"image":{"@id":"https:\/\/ogv-oeffingen.de\/#\/schema\/logo\/image\/"},"sameAs":["https:\/\/www.instagram.com\/ogv_oeffingen"]}]}},"uagb_featured_image_src":{"full":false,"thumbnail":false,"medium":false,"medium_large":false,"large":false,"1536x1536":false,"2048x2048":false,"neve-blog":false},"uagb_author_info":{"display_name":"jschreiner","author_link":"https:\/\/ogv-oeffingen.de\/?author=1"},"uagb_comment_info":0,"uagb_excerpt":"Mitmachen &#8211; Spa\u00df haben &#8211; Dabei sein Ein Garten ist ein Ort der Sinne, in dem man die Natur sp\u00fcren, f\u00fchlen, h\u00f6ren, sehen und schmecken kann. Er ist ein Ort&hellip;&nbsp;Weiterlesen &raquo;Mitglied werden","_links":{"self":[{"href":"https:\/\/ogv-oeffingen.de\/index.php?rest_route=\/wp\/v2\/pages\/14","targetHints":{"allow":["GET"]}}],"collection":[{"href":"https:\/\/ogv-oeffingen.de\/index.php?rest_route=\/wp\/v2\/pages"}],"about":[{"href":"https:\/\/ogv-oeffingen.de\/index.php?rest_route=\/wp\/v2\/types\/page"}],"author":[{"embeddable":true,"href":"https:\/\/ogv-oeffingen.de\/index.php?rest_route=\/wp\/v2\/users\/1"}],"replies":[{"embeddable":true,"href":"https:\/\/ogv-oeffingen.de\/index.php?rest_route=%2Fwp%2Fv2%2Fcomments&post=14"}],"version-history":[{"count":48,"href":"https:\/\/ogv-oeffingen.de\/index.php?rest_route=\/wp\/v2\/pages\/14\/revisions"}],"predecessor-version":[{"id":5797,"href":"https:\/\/ogv-oeffingen.de\/index.php?rest_route=\/wp\/v2\/pages\/14\/revisions\/5797"}],"wp:attachment":[{"href":"https:\/\/ogv-oeffingen.de\/index.php?rest_route=%2Fwp%2Fv2%2Fmedia&parent=14"}],"curies":[{"name":"wp","href":"https:\/\/api.w.org\/{rel}","templated":true}]}}