{"id":2511,"date":"2022-11-28T11:57:50","date_gmt":"2022-11-28T10:57:50","guid":{"rendered":"https:\/\/ogv-oeffingen.de\/?page_id=2511"},"modified":"2023-12-20T17:05:46","modified_gmt":"2023-12-20T16:05:46","slug":"test-wir-ueber-uns","status":"publish","type":"page","link":"https:\/\/ogv-oeffingen.de\/?page_id=2511","title":{"rendered":"Eberhards Gartentipps"},"content":{"rendered":"\n<p class=\"has-medium-font-size wp-block-paragraph\"><strong>Damit&#8217;s auch mit dem Garten klappt.<\/strong><\/p>\n\n\n\n<div class=\"wp-block-columns has-nv-c-1-background-color has-background is-layout-flex wp-container-core-columns-is-layout-8f761849 wp-block-columns-is-layout-flex\">\n<div class=\"wp-block-column is-layout-flow wp-block-column-is-layout-flow\"><div class=\"wp-block-image\">\n<figure class=\"alignright size-large\"><img loading=\"lazy\" decoding=\"async\" width=\"1024\" height=\"448\" src=\"https:\/\/ogv-oeffingen.de\/wp-content\/uploads\/2023\/03\/Logo_Eberhartds_Gartentipps-1024x448.jpg\" alt=\"\" class=\"wp-image-3661\" srcset=\"https:\/\/ogv-oeffingen.de\/wp-content\/uploads\/2023\/03\/Logo_Eberhartds_Gartentipps-1024x448.jpg 1024w, https:\/\/ogv-oeffingen.de\/wp-content\/uploads\/2023\/03\/Logo_Eberhartds_Gartentipps-300x131.jpg 300w, https:\/\/ogv-oeffingen.de\/wp-content\/uploads\/2023\/03\/Logo_Eberhartds_Gartentipps-768x336.jpg 768w, https:\/\/ogv-oeffingen.de\/wp-content\/uploads\/2023\/03\/Logo_Eberhartds_Gartentipps-1536x672.jpg 1536w, https:\/\/ogv-oeffingen.de\/wp-content\/uploads\/2023\/03\/Logo_Eberhartds_Gartentipps.jpg 1806w\" sizes=\"auto, (max-width: 1024px) 100vw, 1024px\" \/><\/figure>\n<\/div><\/div>\n\n\n\n<div class=\"wp-block-column is-layout-flow wp-block-column-is-layout-flow\">\n<div style=\"height:23px\" aria-hidden=\"true\" class=\"wp-block-spacer\"><\/div>\n\n\n\n<p class=\"has-text-align-center has-nv-text-dark-bg-color has-text-color has-medium-font-size wp-block-paragraph\" style=\"font-style:italic;font-weight:900;letter-spacing:2px;text-decoration:none\"><strong>Frag Eberhard!<\/strong><\/p>\n\n\n\n<p class=\"has-text-align-center has-nv-text-dark-bg-color has-text-color wp-block-paragraph\">Du hast eine Frage rund ums Beet? <br>Dann schick sie uns per Mail an<br><a rel=\"noreferrer noopener\" href=\"mailto:info@ogv-oeffingen.de\" target=\"_blank\">FragEberhard@ogv-oeffingen.de<\/a>.<\/p>\n\n\n\n<p class=\"has-text-align-center has-nv-site-bg-color has-text-color wp-block-paragraph\">Eberhard wird sie dir auf dieser Seite beantworten.<\/p>\n<\/div>\n<\/div>\n\n\n\n<div style=\"height:15px\" aria-hidden=\"true\" class=\"wp-block-spacer\"><\/div>\n\n\n\n<figure class=\"wp-block-gallery has-nested-images columns-7 is-cropped wp-block-gallery-1 is-layout-flex wp-block-gallery-is-layout-flex\">\n<figure class=\"wp-block-image size-large\"><img loading=\"lazy\" decoding=\"async\" width=\"600\" height=\"419\" data-id=\"3721\" src=\"https:\/\/ogv-oeffingen.de\/wp-content\/uploads\/2023\/03\/Krokus_600x400.jpg\" alt=\"\" class=\"wp-image-3721\" srcset=\"https:\/\/ogv-oeffingen.de\/wp-content\/uploads\/2023\/03\/Krokus_600x400.jpg 600w, https:\/\/ogv-oeffingen.de\/wp-content\/uploads\/2023\/03\/Krokus_600x400-300x210.jpg 300w\" sizes=\"auto, (max-width: 600px) 100vw, 600px\" \/><\/figure>\n\n\n\n<figure class=\"wp-block-image size-full\"><img loading=\"lazy\" decoding=\"async\" width=\"236\" height=\"302\" data-id=\"3728\" src=\"https:\/\/ogv-oeffingen.de\/wp-content\/uploads\/2023\/03\/Kuerbis_1.jpg\" alt=\"\" class=\"wp-image-3728\" srcset=\"https:\/\/ogv-oeffingen.de\/wp-content\/uploads\/2023\/03\/Kuerbis_1.jpg 236w, https:\/\/ogv-oeffingen.de\/wp-content\/uploads\/2023\/03\/Kuerbis_1-234x300.jpg 234w\" sizes=\"auto, (max-width: 236px) 100vw, 236px\" \/><\/figure>\n\n\n\n<figure class=\"wp-block-image size-large\"><img loading=\"lazy\" decoding=\"async\" width=\"237\" height=\"316\" data-id=\"3723\" src=\"https:\/\/ogv-oeffingen.de\/wp-content\/uploads\/2023\/03\/Schlangenkuerbis.jpg\" alt=\"\" class=\"wp-image-3723\" srcset=\"https:\/\/ogv-oeffingen.de\/wp-content\/uploads\/2023\/03\/Schlangenkuerbis.jpg 237w, https:\/\/ogv-oeffingen.de\/wp-content\/uploads\/2023\/03\/Schlangenkuerbis-225x300.jpg 225w\" sizes=\"auto, (max-width: 237px) 100vw, 237px\" \/><\/figure>\n\n\n\n<figure class=\"wp-block-image size-large\"><img loading=\"lazy\" decoding=\"async\" width=\"356\" height=\"266\" data-id=\"3667\" src=\"https:\/\/ogv-oeffingen.de\/wp-content\/uploads\/2023\/03\/Gemuese.png\" alt=\"\" class=\"wp-image-3667\" srcset=\"https:\/\/ogv-oeffingen.de\/wp-content\/uploads\/2023\/03\/Gemuese.png 356w, https:\/\/ogv-oeffingen.de\/wp-content\/uploads\/2023\/03\/Gemuese-300x224.png 300w\" sizes=\"auto, (max-width: 356px) 100vw, 356px\" \/><\/figure>\n\n\n\n<figure class=\"wp-block-image size-large\"><img loading=\"lazy\" decoding=\"async\" width=\"338\" height=\"450\" data-id=\"3069\" src=\"https:\/\/ogv-oeffingen.de\/wp-content\/uploads\/2022\/12\/Blume_Hummel_600_450-edited.jpg\" alt=\"\" class=\"wp-image-3069\" srcset=\"https:\/\/ogv-oeffingen.de\/wp-content\/uploads\/2022\/12\/Blume_Hummel_600_450-edited.jpg 338w, https:\/\/ogv-oeffingen.de\/wp-content\/uploads\/2022\/12\/Blume_Hummel_600_450-edited-225x300.jpg 225w\" sizes=\"auto, (max-width: 338px) 100vw, 338px\" \/><\/figure>\n\n\n\n<figure class=\"wp-block-image size-large\"><img loading=\"lazy\" decoding=\"async\" width=\"1024\" height=\"681\" data-id=\"2535\" src=\"https:\/\/ogv-oeffingen.de\/wp-content\/uploads\/2022\/11\/02_STOW_2_Pflanztag_Obere_Hart-9-1024x681.jpg\" alt=\"\" class=\"wp-image-2535\" srcset=\"https:\/\/ogv-oeffingen.de\/wp-content\/uploads\/2022\/11\/02_STOW_2_Pflanztag_Obere_Hart-9-1024x681.jpg 1024w, https:\/\/ogv-oeffingen.de\/wp-content\/uploads\/2022\/11\/02_STOW_2_Pflanztag_Obere_Hart-9-300x200.jpg 300w, https:\/\/ogv-oeffingen.de\/wp-content\/uploads\/2022\/11\/02_STOW_2_Pflanztag_Obere_Hart-9-768x511.jpg 768w, https:\/\/ogv-oeffingen.de\/wp-content\/uploads\/2022\/11\/02_STOW_2_Pflanztag_Obere_Hart-9-1536x1021.jpg 1536w, https:\/\/ogv-oeffingen.de\/wp-content\/uploads\/2022\/11\/02_STOW_2_Pflanztag_Obere_Hart-9.jpg 2000w\" sizes=\"auto, (max-width: 1024px) 100vw, 1024px\" \/><\/figure>\n\n\n\n<figure class=\"wp-block-image size-large\"><img loading=\"lazy\" decoding=\"async\" width=\"498\" height=\"1024\" data-id=\"2358\" src=\"https:\/\/ogv-oeffingen.de\/wp-content\/uploads\/2022\/11\/20200404_104750-498x1024.jpg\" alt=\"\" class=\"wp-image-2358\" srcset=\"https:\/\/ogv-oeffingen.de\/wp-content\/uploads\/2022\/11\/20200404_104750-498x1024.jpg 498w, https:\/\/ogv-oeffingen.de\/wp-content\/uploads\/2022\/11\/20200404_104750-146x300.jpg 146w, https:\/\/ogv-oeffingen.de\/wp-content\/uploads\/2022\/11\/20200404_104750-768x1580.jpg 768w, https:\/\/ogv-oeffingen.de\/wp-content\/uploads\/2022\/11\/20200404_104750-747x1536.jpg 747w, https:\/\/ogv-oeffingen.de\/wp-content\/uploads\/2022\/11\/20200404_104750-996x2048.jpg 996w, https:\/\/ogv-oeffingen.de\/wp-content\/uploads\/2022\/11\/20200404_104750-scaled.jpg 1244w\" sizes=\"auto, (max-width: 498px) 100vw, 498px\" \/><\/figure>\n<\/figure>\n\n\n\n<div style=\"height:25px\" aria-hidden=\"true\" class=\"wp-block-spacer\"><\/div>\n\n\n\n<p class=\"has-text-align-center has-nv-site-bg-color has-nv-c-1-background-color has-text-color has-background has-medium-font-size wp-block-paragraph\"><strong>Du fragst. Eberhard antwortet.<\/strong><\/p>\n\n\n\n<div style=\"height:51px\" aria-hidden=\"true\" class=\"wp-block-spacer\"><\/div>\n\n\n\n<div class=\"wp-block-columns is-layout-flex wp-container-core-columns-is-layout-8f761849 wp-block-columns-is-layout-flex\">\n<div class=\"wp-block-column is-layout-flow wp-block-column-is-layout-flow\" style=\"flex-basis:33.33%\"><div class=\"wp-block-image\">\n<figure class=\"aligncenter size-medium\"><img loading=\"lazy\" decoding=\"async\" width=\"273\" height=\"300\" src=\"https:\/\/ogv-oeffingen.de\/wp-content\/uploads\/2023\/03\/Salat-273x300.jpg\" alt=\"\" class=\"wp-image-3712\" srcset=\"https:\/\/ogv-oeffingen.de\/wp-content\/uploads\/2023\/03\/Salat-273x300.jpg 273w, https:\/\/ogv-oeffingen.de\/wp-content\/uploads\/2023\/03\/Salat.jpg 317w\" sizes=\"auto, (max-width: 273px) 100vw, 273px\" \/><\/figure>\n<\/div><\/div>\n\n\n\n<div class=\"wp-block-column is-layout-flow wp-block-column-is-layout-flow\" style=\"flex-basis:66.66%\"><div class=\"wp-block-uagb-faq uagb-faq__outer-wrap uagb-block-880a0241 uagb-faq-icon-row uagb-faq-layout-accordion uagb-faq-expand-first-true uagb-faq-inactive-other-true uagb-faq__wrap uagb-buttons-layout-wrap uagb-faq-equal-height     \" data-faqtoggle=\"true\" role=\"tablist\"><div class=\"wp-block-uagb-faq-child uagb-faq-child__outer-wrap uagb-faq-item uagb-block-ff5813be \" role=\"tab\" tabindex=\"0\"><div class=\"uagb-faq-questions-button uagb-faq-questions\">\t\t\t<span class=\"uagb-icon uagb-faq-icon-wrap\">\n\t\t\t\t\t\t\t\t<svg xmlns=\"https:\/\/www.w3.org\/2000\/svg\" viewBox= \"0 0 448 512\"><path d=\"M432 256c0 17.69-14.33 32.01-32 32.01H256v144c0 17.69-14.33 31.99-32 31.99s-32-14.3-32-31.99v-144H48c-17.67 0-32-14.32-32-32.01s14.33-31.99 32-31.99H192v-144c0-17.69 14.33-32.01 32-32.01s32 14.32 32 32.01v144h144C417.7 224 432 238.3 432 256z\"><\/path><\/svg>\n\t\t\t\t\t\t\t<\/span>\n\t\t\t\t\t\t<span class=\"uagb-icon-active uagb-faq-icon-wrap\">\n\t\t\t\t\t\t\t\t<svg xmlns=\"https:\/\/www.w3.org\/2000\/svg\" viewBox= \"0 0 448 512\"><path d=\"M400 288h-352c-17.69 0-32-14.32-32-32.01s14.31-31.99 32-31.99h352c17.69 0 32 14.3 32 31.99S417.7 288 400 288z\"><\/path><\/svg>\n\t\t\t\t\t\t\t<\/span>\n\t\t\t<span class=\"uagb-question\">Ab wann kann ich meine Setzlinge nach drau\u00dfen pflanzen?<\/span><\/div><div class=\"uagb-faq-content\"><p><strong>Eberhards Antwort: <\/strong><br>Das ist ab April m\u00f6glich. Allerdings sollte man diese noch mit einem Vlies oder eine Folie abdecken, um die Pflanzen vor der Witterung zu sch\u00fctzen und den Boden gleichm\u00e4\u00dfig feucht zu halten.<\/p><\/div><\/div><div class=\"wp-block-uagb-faq-child uagb-faq-child__outer-wrap uagb-faq-item uagb-block-5793feee \" role=\"tab\" tabindex=\"0\"><div class=\"uagb-faq-questions-button uagb-faq-questions\">\t\t\t<span class=\"uagb-icon uagb-faq-icon-wrap\">\n\t\t\t\t\t\t\t\t<svg xmlns=\"https:\/\/www.w3.org\/2000\/svg\" viewBox= \"0 0 448 512\"><path d=\"M432 256c0 17.69-14.33 32.01-32 32.01H256v144c0 17.69-14.33 31.99-32 31.99s-32-14.3-32-31.99v-144H48c-17.67 0-32-14.32-32-32.01s14.33-31.99 32-31.99H192v-144c0-17.69 14.33-32.01 32-32.01s32 14.32 32 32.01v144h144C417.7 224 432 238.3 432 256z\"><\/path><\/svg>\n\t\t\t\t\t\t\t<\/span>\n\t\t\t\t\t\t<span class=\"uagb-icon-active uagb-faq-icon-wrap\">\n\t\t\t\t\t\t\t\t<svg xmlns=\"https:\/\/www.w3.org\/2000\/svg\" viewBox= \"0 0 448 512\"><path d=\"M400 288h-352c-17.69 0-32-14.32-32-32.01s14.31-31.99 32-31.99h352c17.69 0 32 14.3 32 31.99S417.7 288 400 288z\"><\/path><\/svg>\n\t\t\t\t\t\t\t<\/span>\n\t\t\t<span class=\"uagb-question\">Wann sollte man den Kalkanstrich bei jungen B\u00e4umen machen?<\/span><\/div><div class=\"uagb-faq-content\"><p><strong>Eberhards Antwort: <\/strong><br>Der Kalkanstrich wird in der Regel im Fr\u00fchjahr aufgetragen, bevor die ersten warmen Sonnenstrahlen des Jahres einsetzen, d.h. zwischen Mitte M\u00e4rz und Anfang April. Alternativ kann der Anstrich auch im Herbst bei der Pflanzung erfolgen, um die jungen B\u00e4ume vor Frostsch\u00e4den zu sch\u00fctzen.<\/p><\/div><\/div><\/div><\/div>\n<\/div>\n\n\n\n<div style=\"height:25px\" aria-hidden=\"true\" class=\"wp-block-spacer\"><\/div>\n\n\n\n<p class=\"has-text-align-center has-nv-site-bg-color has-nv-c-1-background-color has-text-color has-background has-medium-font-size wp-block-paragraph\"><strong>Die besten Tipps und Tricks von G\u00e4rtnereimeister Eberhard K.:<\/strong><\/p>\n\n\n\n<div style=\"height:25px\" aria-hidden=\"true\" class=\"wp-block-spacer\"><\/div>\n\n\n\n\t\t\t<div class=\"wp-block-uagb-post-masonry uagb-post-grid  uagb-post__image-position-top uagb-post__image-enabled uagb-block-5d695dfe     uagb-post__items uagb-post__columns-3 is-masonry uagb-post__columns-tablet-2 uagb-post__columns-mobile-1\" data-total=\"2\" style=\"\">\n\n\t\t\t\t\t\t\t\t\t\t\t\t<article class=\"uagb-post__inner-wrap\">\t\t\t\t\t\t\t\t<div class='uagb-post__image'>\n\t\t\t\t\t\t\t\t\t<a href=\"https:\/\/ogv-oeffingen.de\/?p=5883\" target=\"_self\" rel=\"bookmark noopener noreferrer\"><img loading=\"lazy\" decoding=\"async\" width=\"563\" height=\"374\" src=\"https:\/\/ogv-oeffingen.de\/wp-content\/uploads\/2025\/04\/Gartentipp_Maehen.png\" class=\"attachment-large size-large\" alt=\"\" srcset=\"https:\/\/ogv-oeffingen.de\/wp-content\/uploads\/2025\/04\/Gartentipp_Maehen.png 563w, https:\/\/ogv-oeffingen.de\/wp-content\/uploads\/2025\/04\/Gartentipp_Maehen-300x199.png 300w\" sizes=\"auto, (max-width: 563px) 100vw, 563px\" \/>\t\t\t\t\t<\/a>\n\t\t\t\t\t\t\t\t\t<\/div>\n\t\t\t\t\t\t<h4 class=\"uagb-post__title uagb-post__text\">\n\t\t\t\t<a href=\"https:\/\/ogv-oeffingen.de\/?p=5883\" target=\"_self\" rel=\"bookmark noopener noreferrer\">Eberhards Gartentipp: Vom Rasen und bl\u00fchenden Wiese<\/a>\n\t\t\t<\/h4>\n\t\t\t\t\t\t<div class='uagb-post__text uagb-post-grid-byline'>\n\t\t\t\t\t\t\t<\/div>\n\t\t\t\t\t\t\t<div class='uagb-post__text uagb-post__excerpt'>\n\t\t\t\t\t<p>Das Summen des Rasenm\u00e4hers geh\u00f6rt f\u00fcr viele zum Sommer einfach dazu. Doch M\u00e4hen ist nicht&#8230;\t\t\t\t<\/div>\n\t\t\t\t\t\t<div class=\"uagb-post__text uagb-post__cta wp-block-button\">\n\t\t\t\t<a class=\"wp-block-button__link uagb-text-link\" style=\"\" href=\"https:\/\/ogv-oeffingen.de\/?p=5883\" target=\"_self\" rel=\"bookmark noopener noreferrer\">Weiterlesen<\/a>\n\t\t\t<\/div>\n\t\t\t\n\t\t\t\t\t\t\t\t\t<\/article>\n\t\t\t\t\t\t\t\t\t\t\t\t\t\t\t\t<article class=\"uagb-post__inner-wrap\">\t\t\t\t\t\t\t\t<div class='uagb-post__image'>\n\t\t\t\t\t\t\t\t\t<a href=\"https:\/\/ogv-oeffingen.de\/?p=5036\" target=\"_self\" rel=\"bookmark noopener noreferrer\"><img loading=\"lazy\" decoding=\"async\" width=\"404\" height=\"256\" src=\"https:\/\/ogv-oeffingen.de\/wp-content\/uploads\/2023\/10\/Herbst.jpg\" class=\"attachment-large size-large\" alt=\"\" srcset=\"https:\/\/ogv-oeffingen.de\/wp-content\/uploads\/2023\/10\/Herbst.jpg 404w, https:\/\/ogv-oeffingen.de\/wp-content\/uploads\/2023\/10\/Herbst-300x190.jpg 300w\" sizes=\"auto, (max-width: 404px) 100vw, 404px\" \/>\t\t\t\t\t<\/a>\n\t\t\t\t\t\t\t\t\t<\/div>\n\t\t\t\t\t\t<h4 class=\"uagb-post__title uagb-post__text\">\n\t\t\t\t<a href=\"https:\/\/ogv-oeffingen.de\/?p=5036\" target=\"_self\" rel=\"bookmark noopener noreferrer\">Eberhards Gartentipp: Hei\u00dfe Tage im Garten<\/a>\n\t\t\t<\/h4>\n\t\t\t\t\t\t<div class='uagb-post__text uagb-post-grid-byline'>\n\t\t\t\t\t\t\t<\/div>\n\t\t\t\t\t\t\t<div class='uagb-post__text uagb-post__excerpt'>\n\t\t\t\t\t<p>Die Sonne ist der beste Freund des G\u00e4rtners: Sie l\u00e4sst Blumen sprie\u00dfen und Gem\u00fcse gedeihen&#8230;.\t\t\t\t<\/div>\n\t\t\t\t\t\t<div class=\"uagb-post__text uagb-post__cta wp-block-button\">\n\t\t\t\t<a class=\"wp-block-button__link uagb-text-link\" style=\"\" href=\"https:\/\/ogv-oeffingen.de\/?p=5036\" target=\"_self\" rel=\"bookmark noopener noreferrer\">Weiterlesen<\/a>\n\t\t\t<\/div>\n\t\t\t\n\t\t\t\t\t\t\t\t\t<\/article>\n\t\t\t\t\t\t\t\t\t\t\t\t\t\t\t\t<article class=\"uagb-post__inner-wrap\">\t\t\t\t\t\t\t\t<div class='uagb-post__image'>\n\t\t\t\t\t\t\t\t\t<a href=\"https:\/\/ogv-oeffingen.de\/?p=4975\" target=\"_self\" rel=\"bookmark noopener noreferrer\"><img loading=\"lazy\" decoding=\"async\" width=\"563\" height=\"375\" src=\"https:\/\/ogv-oeffingen.de\/wp-content\/uploads\/2024\/06\/Eberhards_Tipps_Kohl_2.jpg\" class=\"attachment-large size-large\" alt=\"\" srcset=\"https:\/\/ogv-oeffingen.de\/wp-content\/uploads\/2024\/06\/Eberhards_Tipps_Kohl_2.jpg 563w, https:\/\/ogv-oeffingen.de\/wp-content\/uploads\/2024\/06\/Eberhards_Tipps_Kohl_2-300x200.jpg 300w\" sizes=\"auto, (max-width: 563px) 100vw, 563px\" \/>\t\t\t\t\t<\/a>\n\t\t\t\t\t\t\t\t\t<\/div>\n\t\t\t\t\t\t<h4 class=\"uagb-post__title uagb-post__text\">\n\t\t\t\t<a href=\"https:\/\/ogv-oeffingen.de\/?p=4975\" target=\"_self\" rel=\"bookmark noopener noreferrer\">Eberhards Gartentipp: Kohl im Garten<\/a>\n\t\t\t<\/h4>\n\t\t\t\t\t\t<div class='uagb-post__text uagb-post-grid-byline'>\n\t\t\t\t\t\t\t<\/div>\n\t\t\t\t\t\t\t<div class='uagb-post__text uagb-post__excerpt'>\n\t\t\t\t\t<p>Der Fr\u00fchling ist vorbei, der Sommer hat Einzug gehalten und somit ist es endlich wieder&#8230;\t\t\t\t<\/div>\n\t\t\t\t\t\t<div class=\"uagb-post__text uagb-post__cta wp-block-button\">\n\t\t\t\t<a class=\"wp-block-button__link uagb-text-link\" style=\"\" href=\"https:\/\/ogv-oeffingen.de\/?p=4975\" target=\"_self\" rel=\"bookmark noopener noreferrer\">Weiterlesen<\/a>\n\t\t\t<\/div>\n\t\t\t\n\t\t\t\t\t\t\t\t\t<\/article>\n\t\t\t\t\t\t\t\t\t\t\t\t\t\t\t\t<article class=\"uagb-post__inner-wrap\">\t\t\t\t\t\t\t\t<div class='uagb-post__image'>\n\t\t\t\t\t\t\t\t\t<a href=\"https:\/\/ogv-oeffingen.de\/?p=4941\" target=\"_self\" rel=\"bookmark noopener noreferrer\"><img loading=\"lazy\" decoding=\"async\" width=\"343\" height=\"229\" src=\"https:\/\/ogv-oeffingen.de\/wp-content\/uploads\/2024\/05\/Tipps_Schnecke.jpg\" class=\"attachment-large size-large\" alt=\"\" srcset=\"https:\/\/ogv-oeffingen.de\/wp-content\/uploads\/2024\/05\/Tipps_Schnecke.jpg 343w, https:\/\/ogv-oeffingen.de\/wp-content\/uploads\/2024\/05\/Tipps_Schnecke-300x200.jpg 300w\" sizes=\"auto, (max-width: 343px) 100vw, 343px\" \/>\t\t\t\t\t<\/a>\n\t\t\t\t\t\t\t\t\t<\/div>\n\t\t\t\t\t\t<h4 class=\"uagb-post__title uagb-post__text\">\n\t\t\t\t<a href=\"https:\/\/ogv-oeffingen.de\/?p=4941\" target=\"_self\" rel=\"bookmark noopener noreferrer\">Eberhards Gartentipp: Tierische Sch\u00e4dlinge loswerden<\/a>\n\t\t\t<\/h4>\n\t\t\t\t\t\t<div class='uagb-post__text uagb-post-grid-byline'>\n\t\t\t\t\t\t\t<\/div>\n\t\t\t\t\t\t\t<div class='uagb-post__text uagb-post__excerpt'>\n\t\t\t\t\t<p>Jeder Hobbyg\u00e4rtner kennt das Problem: Kaum beginnen die Pflanzen zu sprie\u00dfen, machen sich auch schon&#8230;\t\t\t\t<\/div>\n\t\t\t\t\t\t<div class=\"uagb-post__text uagb-post__cta wp-block-button\">\n\t\t\t\t<a class=\"wp-block-button__link uagb-text-link\" style=\"\" href=\"https:\/\/ogv-oeffingen.de\/?p=4941\" target=\"_self\" rel=\"bookmark noopener noreferrer\">Weiterlesen<\/a>\n\t\t\t<\/div>\n\t\t\t\n\t\t\t\t\t\t\t\t\t<\/article>\n\t\t\t\t\t\t\t\t\t\t\t\t\t\t\t\t<article class=\"uagb-post__inner-wrap\">\t\t\t\t\t\t\t\t<div class='uagb-post__image'>\n\t\t\t\t\t\t\t\t\t<a href=\"https:\/\/ogv-oeffingen.de\/?p=4844\" target=\"_self\" rel=\"bookmark noopener noreferrer\"><img loading=\"lazy\" decoding=\"async\" width=\"343\" height=\"229\" src=\"https:\/\/ogv-oeffingen.de\/wp-content\/uploads\/2024\/05\/Tipps_Schnecke.jpg\" class=\"attachment-large size-large\" alt=\"\" srcset=\"https:\/\/ogv-oeffingen.de\/wp-content\/uploads\/2024\/05\/Tipps_Schnecke.jpg 343w, https:\/\/ogv-oeffingen.de\/wp-content\/uploads\/2024\/05\/Tipps_Schnecke-300x200.jpg 300w\" sizes=\"auto, (max-width: 343px) 100vw, 343px\" \/>\t\t\t\t\t<\/a>\n\t\t\t\t\t\t\t\t\t<\/div>\n\t\t\t\t\t\t<h4 class=\"uagb-post__title uagb-post__text\">\n\t\t\t\t<a href=\"https:\/\/ogv-oeffingen.de\/?p=4844\" target=\"_self\" rel=\"bookmark noopener noreferrer\">Eberhards Gartentipp: Beikr\u00e4uter\/Unkraut bek\u00e4mpfen oder behalten<\/a>\n\t\t\t<\/h4>\n\t\t\t\t\t\t<div class='uagb-post__text uagb-post-grid-byline'>\n\t\t\t\t\t\t\t<\/div>\n\t\t\t\t\t\t\t<div class='uagb-post__text uagb-post__excerpt'>\n\t\t\t\t\t<p>In G\u00e4rten und auf Wegen sind Unkr\u00e4uter oft unerw\u00fcnscht, doch wie wird man ihnen Herr?&#8230;\t\t\t\t<\/div>\n\t\t\t\t\t\t<div class=\"uagb-post__text uagb-post__cta wp-block-button\">\n\t\t\t\t<a class=\"wp-block-button__link uagb-text-link\" style=\"\" href=\"https:\/\/ogv-oeffingen.de\/?p=4844\" target=\"_self\" rel=\"bookmark noopener noreferrer\">Weiterlesen<\/a>\n\t\t\t<\/div>\n\t\t\t\n\t\t\t\t\t\t\t\t\t<\/article>\n\t\t\t\t\t\t\t\t\t\t\t\t\t\t\t\t<article class=\"uagb-post__inner-wrap\">\t\t\t\t\t\t\t\t<div class='uagb-post__image'>\n\t\t\t\t\t\t\t\t\t<a href=\"https:\/\/ogv-oeffingen.de\/?p=4821\" target=\"_self\" rel=\"bookmark noopener noreferrer\"><img loading=\"lazy\" decoding=\"async\" width=\"585\" height=\"391\" src=\"https:\/\/ogv-oeffingen.de\/wp-content\/uploads\/2024\/04\/Eberhards_Tipps_Blakonkaesten.jpg\" class=\"attachment-large size-large\" alt=\"\" srcset=\"https:\/\/ogv-oeffingen.de\/wp-content\/uploads\/2024\/04\/Eberhards_Tipps_Blakonkaesten.jpg 585w, https:\/\/ogv-oeffingen.de\/wp-content\/uploads\/2024\/04\/Eberhards_Tipps_Blakonkaesten-300x201.jpg 300w\" sizes=\"auto, (max-width: 585px) 100vw, 585px\" \/>\t\t\t\t\t<\/a>\n\t\t\t\t\t\t\t\t\t<\/div>\n\t\t\t\t\t\t<h4 class=\"uagb-post__title uagb-post__text\">\n\t\t\t\t<a href=\"https:\/\/ogv-oeffingen.de\/?p=4821\" target=\"_self\" rel=\"bookmark noopener noreferrer\">Eberhards Gartentipp: Bl\u00fchende Vielfalt f\u00fcr Garten und Balkon<\/a>\n\t\t\t<\/h4>\n\t\t\t\t\t\t<div class='uagb-post__text uagb-post-grid-byline'>\n\t\t\t\t\t\t\t<\/div>\n\t\t\t\t\t\t\t<div class='uagb-post__text uagb-post__excerpt'>\n\t\t\t\t\t<p>Sind die Eisheiligen (15.5.) vorbei ist die perfekte Zeit, um Beet- und Balkonblumen sowie frostempfindliches&#8230;\t\t\t\t<\/div>\n\t\t\t\t\t\t<div class=\"uagb-post__text uagb-post__cta wp-block-button\">\n\t\t\t\t<a class=\"wp-block-button__link uagb-text-link\" style=\"\" href=\"https:\/\/ogv-oeffingen.de\/?p=4821\" target=\"_self\" rel=\"bookmark noopener noreferrer\">Weiterlesen<\/a>\n\t\t\t<\/div>\n\t\t\t\n\t\t\t\t\t\t\t\t\t<\/article>\n\t\t\t\t\t\t\t\t\t\t\t\t\t\t\t\t<article class=\"uagb-post__inner-wrap\">\t\t\t\t\t\t\t\t<div class='uagb-post__image'>\n\t\t\t\t\t\t\t\t\t<a href=\"https:\/\/ogv-oeffingen.de\/?p=4764\" target=\"_self\" rel=\"bookmark noopener noreferrer\"><img loading=\"lazy\" decoding=\"async\" width=\"564\" height=\"382\" src=\"https:\/\/ogv-oeffingen.de\/wp-content\/uploads\/2024\/03\/FragEberhard_Titel_Anzucht.jpg\" class=\"attachment-large size-large\" alt=\"\" srcset=\"https:\/\/ogv-oeffingen.de\/wp-content\/uploads\/2024\/03\/FragEberhard_Titel_Anzucht.jpg 564w, https:\/\/ogv-oeffingen.de\/wp-content\/uploads\/2024\/03\/FragEberhard_Titel_Anzucht-300x203.jpg 300w\" sizes=\"auto, (max-width: 564px) 100vw, 564px\" \/>\t\t\t\t\t<\/a>\n\t\t\t\t\t\t\t\t\t<\/div>\n\t\t\t\t\t\t<h4 class=\"uagb-post__title uagb-post__text\">\n\t\t\t\t<a href=\"https:\/\/ogv-oeffingen.de\/?p=4764\" target=\"_self\" rel=\"bookmark noopener noreferrer\">Eberhards Gartentipp \u2013 Anzucht von Jungpflanzen<\/a>\n\t\t\t<\/h4>\n\t\t\t\t\t\t<div class='uagb-post__text uagb-post-grid-byline'>\n\t\t\t\t\t\t\t<\/div>\n\t\t\t\t\t\t\t<div class='uagb-post__text uagb-post__excerpt'>\n\t\t\t\t\t<p>Was gibt es f\u00fcr den G\u00e4rtner sch\u00f6neres, als seine eigenen Pflanzen von Grund auf zu&#8230;\t\t\t\t<\/div>\n\t\t\t\t\t\t<div class=\"uagb-post__text uagb-post__cta wp-block-button\">\n\t\t\t\t<a class=\"wp-block-button__link uagb-text-link\" style=\"\" href=\"https:\/\/ogv-oeffingen.de\/?p=4764\" target=\"_self\" rel=\"bookmark noopener noreferrer\">Weiterlesen<\/a>\n\t\t\t<\/div>\n\t\t\t\n\t\t\t\t\t\t\t\t\t<\/article>\n\t\t\t\t\t\t\t\t\t\t\t\t\t\t\t\t<article class=\"uagb-post__inner-wrap\">\t\t\t\t\t\t\t\t<div class='uagb-post__image'>\n\t\t\t\t\t\t\t\t\t<a href=\"https:\/\/ogv-oeffingen.de\/?p=4743\" target=\"_self\" rel=\"bookmark noopener noreferrer\"><img loading=\"lazy\" decoding=\"async\" width=\"676\" height=\"432\" src=\"https:\/\/ogv-oeffingen.de\/wp-content\/uploads\/2024\/03\/FragEberhard_Titel_Fruehling.jpg\" class=\"attachment-large size-large\" alt=\"\" srcset=\"https:\/\/ogv-oeffingen.de\/wp-content\/uploads\/2024\/03\/FragEberhard_Titel_Fruehling.jpg 676w, https:\/\/ogv-oeffingen.de\/wp-content\/uploads\/2024\/03\/FragEberhard_Titel_Fruehling-300x192.jpg 300w\" sizes=\"auto, (max-width: 676px) 100vw, 676px\" \/>\t\t\t\t\t<\/a>\n\t\t\t\t\t\t\t\t\t<\/div>\n\t\t\t\t\t\t<h4 class=\"uagb-post__title uagb-post__text\">\n\t\t\t\t<a href=\"https:\/\/ogv-oeffingen.de\/?p=4743\" target=\"_self\" rel=\"bookmark noopener noreferrer\">Eberhards Gartentipp: Aufbruchsstimmung im Garten<\/a>\n\t\t\t<\/h4>\n\t\t\t\t\t\t<div class='uagb-post__text uagb-post-grid-byline'>\n\t\t\t\t\t\t\t<\/div>\n\t\t\t\t\t\t\t<div class='uagb-post__text uagb-post__excerpt'>\n\t\t\t\t\t<p>Langsam aber sicher erwacht die Natur aus ihrem Winterschlaf, und mit ihr beginnt auch das&#8230;\t\t\t\t<\/div>\n\t\t\t\t\t\t<div class=\"uagb-post__text uagb-post__cta wp-block-button\">\n\t\t\t\t<a class=\"wp-block-button__link uagb-text-link\" style=\"\" href=\"https:\/\/ogv-oeffingen.de\/?p=4743\" target=\"_self\" rel=\"bookmark noopener noreferrer\">Weiterlesen<\/a>\n\t\t\t<\/div>\n\t\t\t\n\t\t\t\t\t\t\t\t\t<\/article>\n\t\t\t\t\t\t\t\t\t\t\t\t\t\t\t\t<article class=\"uagb-post__inner-wrap\">\t\t\t\t\t\t\t\t<div class='uagb-post__image'>\n\t\t\t\t\t\t\t\t\t<a href=\"https:\/\/ogv-oeffingen.de\/?p=4639\" target=\"_self\" rel=\"bookmark noopener noreferrer\"><img loading=\"lazy\" decoding=\"async\" width=\"585\" height=\"377\" src=\"https:\/\/ogv-oeffingen.de\/wp-content\/uploads\/2023\/07\/FragEberhard_Titel_Wintergemuese.jpg\" class=\"attachment-large size-large\" alt=\"\" srcset=\"https:\/\/ogv-oeffingen.de\/wp-content\/uploads\/2023\/07\/FragEberhard_Titel_Wintergemuese.jpg 585w, https:\/\/ogv-oeffingen.de\/wp-content\/uploads\/2023\/07\/FragEberhard_Titel_Wintergemuese-300x193.jpg 300w\" sizes=\"auto, (max-width: 585px) 100vw, 585px\" \/>\t\t\t\t\t<\/a>\n\t\t\t\t\t\t\t\t\t<\/div>\n\t\t\t\t\t\t<h4 class=\"uagb-post__title uagb-post__text\">\n\t\t\t\t<a href=\"https:\/\/ogv-oeffingen.de\/?p=4639\" target=\"_self\" rel=\"bookmark noopener noreferrer\">Eberhards Gartentipp: Kompost \u2013 Kompromisslos gut!<\/a>\n\t\t\t<\/h4>\n\t\t\t\t\t\t<div class='uagb-post__text uagb-post-grid-byline'>\n\t\t\t\t\t\t\t<\/div>\n\t\t\t\t\t\t\t<div class='uagb-post__text uagb-post__excerpt'>\n\t\t\t\t\t<p>Kompost, oft als blo\u00dfer Abfallhaufen angesehen, ist in Wirklichkeit eine unsch\u00e4tzbare Quelle f\u00fcr n\u00e4hrstoffreichen D\u00fcnger&#8230;\t\t\t\t<\/div>\n\t\t\t\t\t\t<div class=\"uagb-post__text uagb-post__cta wp-block-button\">\n\t\t\t\t<a class=\"wp-block-button__link uagb-text-link\" style=\"\" href=\"https:\/\/ogv-oeffingen.de\/?p=4639\" target=\"_self\" rel=\"bookmark noopener noreferrer\">Weiterlesen<\/a>\n\t\t\t<\/div>\n\t\t\t\n\t\t\t\t\t\t\t\t\t<\/article>\n\t\t\t\t\t\t\t\t\t\t\t\t\t\t\t\t<article class=\"uagb-post__inner-wrap\">\t\t\t\t\t\t\t\t<div class='uagb-post__image'>\n\t\t\t\t\t\t\t\t\t<a href=\"https:\/\/ogv-oeffingen.de\/?p=4611\" target=\"_self\" rel=\"bookmark noopener noreferrer\"><img loading=\"lazy\" decoding=\"async\" width=\"586\" height=\"373\" src=\"https:\/\/ogv-oeffingen.de\/wp-content\/uploads\/2023\/10\/FragEberhard_Titel_Hecke.jpg\" class=\"attachment-large size-large\" alt=\"\" srcset=\"https:\/\/ogv-oeffingen.de\/wp-content\/uploads\/2023\/10\/FragEberhard_Titel_Hecke.jpg 586w, https:\/\/ogv-oeffingen.de\/wp-content\/uploads\/2023\/10\/FragEberhard_Titel_Hecke-300x191.jpg 300w\" sizes=\"auto, (max-width: 586px) 100vw, 586px\" \/>\t\t\t\t\t<\/a>\n\t\t\t\t\t\t\t\t\t<\/div>\n\t\t\t\t\t\t<h4 class=\"uagb-post__title uagb-post__text\">\n\t\t\t\t<a href=\"https:\/\/ogv-oeffingen.de\/?p=4611\" target=\"_self\" rel=\"bookmark noopener noreferrer\">Eberhards Gartentipp: Ran an die Heckenschere<\/a>\n\t\t\t<\/h4>\n\t\t\t\t\t\t<div class='uagb-post__text uagb-post-grid-byline'>\n\t\t\t\t\t\t\t<\/div>\n\t\t\t\t\t\t\t<div class='uagb-post__text uagb-post__excerpt'>\n\t\t\t\t\t<p>Die Pflege von Str\u00e4uchern ist entscheidend f\u00fcr ihre Gesundheit und ihr Erscheinungsbild. Immergr\u00fcne Str\u00e4ucher wie&#8230;\t\t\t\t<\/div>\n\t\t\t\t\t\t<div class=\"uagb-post__text uagb-post__cta wp-block-button\">\n\t\t\t\t<a class=\"wp-block-button__link uagb-text-link\" style=\"\" href=\"https:\/\/ogv-oeffingen.de\/?p=4611\" target=\"_self\" rel=\"bookmark noopener noreferrer\">Weiterlesen<\/a>\n\t\t\t<\/div>\n\t\t\t\n\t\t\t\t\t\t\t\t\t<\/article>\n\t\t\t\t\t\t\t\t\t\t\t\t\t\t\t\t<article class=\"uagb-post__inner-wrap\">\t\t\t\t\t\t\t\t<div class='uagb-post__image'>\n\t\t\t\t\t\t\t\t\t<a href=\"https:\/\/ogv-oeffingen.de\/?p=4566\" target=\"_self\" rel=\"bookmark noopener noreferrer\"><img loading=\"lazy\" decoding=\"async\" width=\"563\" height=\"372\" src=\"https:\/\/ogv-oeffingen.de\/wp-content\/uploads\/2023\/12\/Eberhards_Tipps_Krischschluete.jpg\" class=\"attachment-large size-large\" alt=\"\" srcset=\"https:\/\/ogv-oeffingen.de\/wp-content\/uploads\/2023\/12\/Eberhards_Tipps_Krischschluete.jpg 563w, https:\/\/ogv-oeffingen.de\/wp-content\/uploads\/2023\/12\/Eberhards_Tipps_Krischschluete-300x198.jpg 300w\" sizes=\"auto, (max-width: 563px) 100vw, 563px\" \/>\t\t\t\t\t<\/a>\n\t\t\t\t\t\t\t\t\t<\/div>\n\t\t\t\t\t\t<h4 class=\"uagb-post__title uagb-post__text\">\n\t\t\t\t<a href=\"https:\/\/ogv-oeffingen.de\/?p=4566\" target=\"_self\" rel=\"bookmark noopener noreferrer\">Eberhards Gartentipp: Indoor-Fr\u00fchling und wie man Beeren richtig schneidet<\/a>\n\t\t\t<\/h4>\n\t\t\t\t\t\t<div class='uagb-post__text uagb-post-grid-byline'>\n\t\t\t\t\t\t\t<\/div>\n\t\t\t\t\t\t\t<div class='uagb-post__text uagb-post__excerpt'>\n\t\t\t\t\t<p>Nach den Minusgraden der letzten N\u00e4chte k\u00f6nnte jeder von uns ein bisschen Fr\u00fchling zu Hause&#8230;\t\t\t\t<\/div>\n\t\t\t\t\t\t<div class=\"uagb-post__text uagb-post__cta wp-block-button\">\n\t\t\t\t<a class=\"wp-block-button__link uagb-text-link\" style=\"\" href=\"https:\/\/ogv-oeffingen.de\/?p=4566\" target=\"_self\" rel=\"bookmark noopener noreferrer\">Weiterlesen<\/a>\n\t\t\t<\/div>\n\t\t\t\n\t\t\t\t\t\t\t\t\t<\/article>\n\t\t\t\t\t\t\t\t\t\t\t\t\t\t\t\t<article class=\"uagb-post__inner-wrap\">\t\t\t\t\t\t\t\t<div class='uagb-post__image'>\n\t\t\t\t\t\t\t\t\t<a href=\"https:\/\/ogv-oeffingen.de\/?p=4423\" target=\"_self\" rel=\"bookmark noopener noreferrer\"><img loading=\"lazy\" decoding=\"async\" width=\"542\" height=\"343\" src=\"https:\/\/ogv-oeffingen.de\/wp-content\/uploads\/2023\/11\/Eberhards-Gartentipps__Blumenzwiebeln.jpg\" class=\"attachment-large size-large\" alt=\"\" srcset=\"https:\/\/ogv-oeffingen.de\/wp-content\/uploads\/2023\/11\/Eberhards-Gartentipps__Blumenzwiebeln.jpg 542w, https:\/\/ogv-oeffingen.de\/wp-content\/uploads\/2023\/11\/Eberhards-Gartentipps__Blumenzwiebeln-300x190.jpg 300w\" sizes=\"auto, (max-width: 542px) 100vw, 542px\" \/>\t\t\t\t\t<\/a>\n\t\t\t\t\t\t\t\t\t<\/div>\n\t\t\t\t\t\t<h4 class=\"uagb-post__title uagb-post__text\">\n\t\t\t\t<a href=\"https:\/\/ogv-oeffingen.de\/?p=4423\" target=\"_self\" rel=\"bookmark noopener noreferrer\">Eberhards Gartentipp: Jetzt schon an den Fr\u00fchling denken<\/a>\n\t\t\t<\/h4>\n\t\t\t\t\t\t<div class='uagb-post__text uagb-post-grid-byline'>\n\t\t\t\t\t\t\t<\/div>\n\t\t\t\t\t\t\t<div class='uagb-post__text uagb-post__excerpt'>\n\t\t\t\t\t<p>Der Winter steht in den Startl\u00f6chern &#8211; die Beste Zeit den Garten auf den Fr\u00fchling&#8230;\t\t\t\t<\/div>\n\t\t\t\t\t\t<div class=\"uagb-post__text uagb-post__cta wp-block-button\">\n\t\t\t\t<a class=\"wp-block-button__link uagb-text-link\" style=\"\" href=\"https:\/\/ogv-oeffingen.de\/?p=4423\" target=\"_self\" rel=\"bookmark noopener noreferrer\">Weiterlesen<\/a>\n\t\t\t<\/div>\n\t\t\t\n\t\t\t\t\t\t\t\t\t<\/article>\n\t\t\t\t\t\t\t\t\t\t\t<\/div>\n\t\t\t\n\n\n<div style=\"height:50px\" aria-hidden=\"true\" class=\"wp-block-spacer\"><\/div>\n\n\n\n<div style=\"height:50px\" aria-hidden=\"true\" class=\"wp-block-spacer\"><\/div>\n\n\n\n<div class=\"wp-block-columns has-nv-c-1-background-color has-background is-layout-flex wp-container-core-columns-is-layout-8f761849 wp-block-columns-is-layout-flex\">\n<div class=\"wp-block-column has-nv-c-1-background-color has-background is-layout-flow wp-block-column-is-layout-flow\">\n<blockquote class=\"wp-block-quote has-text-align-center has-nv-site-bg-color has-text-color is-layout-flow wp-block-quote-is-layout-flow\">\n<p class=\"has-text-align-center has-nv-site-bg-color has-text-color has-medium-font-size wp-block-paragraph\">Ausser f\u00fcrs Malen und G\u00e4rtnern <br>bin ich f\u00fcr nichts gut.<\/p>\n<cite>&#8211; Claude Monet &#8211;<\/cite><\/blockquote>\n<\/div>\n\n\n\n<div class=\"wp-block-column is-layout-flow wp-block-column-is-layout-flow\"><div class=\"wp-block-image\">\n<figure class=\"aligncenter size-large is-resized\"><img loading=\"lazy\" decoding=\"async\" width=\"1024\" height=\"448\" src=\"https:\/\/ogv-oeffingen.de\/wp-content\/uploads\/2023\/03\/Logo_Eberhartds_Gartentipps-1024x448.jpg\" alt=\"\" class=\"wp-image-3661\" style=\"width:372px;height:162px\" srcset=\"https:\/\/ogv-oeffingen.de\/wp-content\/uploads\/2023\/03\/Logo_Eberhartds_Gartentipps-1024x448.jpg 1024w, https:\/\/ogv-oeffingen.de\/wp-content\/uploads\/2023\/03\/Logo_Eberhartds_Gartentipps-300x131.jpg 300w, https:\/\/ogv-oeffingen.de\/wp-content\/uploads\/2023\/03\/Logo_Eberhartds_Gartentipps-768x336.jpg 768w, https:\/\/ogv-oeffingen.de\/wp-content\/uploads\/2023\/03\/Logo_Eberhartds_Gartentipps-1536x672.jpg 1536w, https:\/\/ogv-oeffingen.de\/wp-content\/uploads\/2023\/03\/Logo_Eberhartds_Gartentipps.jpg 1806w\" sizes=\"auto, (max-width: 1024px) 100vw, 1024px\" \/><\/figure>\n<\/div><\/div>\n\n\n\n<div class=\"wp-block-column has-nv-c-1-background-color has-background is-layout-flow wp-block-column-is-layout-flow\">\n<blockquote class=\"wp-block-quote has-text-align-center has-nv-site-bg-color has-text-color is-layout-flow wp-block-quote-is-layout-flow\">\n<p class=\"has-nv-site-bg-color has-text-color has-medium-font-size wp-block-paragraph\">To plant a garden <br>is to believe in tomorrow.  <\/p>\n<cite>&#8211; Audrey Hepburn &#8211;<\/cite><\/blockquote>\n<\/div>\n<\/div>\n","protected":false},"excerpt":{"rendered":"<p>Damit&#8217;s auch mit dem Garten klappt. Frag Eberhard! Du hast eine Frage rund ums Beet? Dann schick sie uns per Mail anFragEberhard@ogv-oeffingen.de. Eberhard wird sie dir auf dieser Seite beantworten.&hellip;&nbsp;<a href=\"https:\/\/ogv-oeffingen.de\/?page_id=2511\" rel=\"bookmark\">Weiterlesen &raquo;<span class=\"screen-reader-text\">Eberhards Gartentipps<\/span><\/a><\/p>\n","protected":false},"author":5,"featured_media":0,"parent":0,"menu_order":0,"comment_status":"closed","ping_status":"closed","template":"","meta":{"_uag_custom_page_level_css":"","neve_meta_sidebar":"full-width","neve_meta_container":"","neve_meta_enable_content_width":"on","neve_meta_content_width":100,"neve_meta_title_alignment":"","neve_meta_author_avatar":"","neve_post_elements_order":"","neve_meta_disable_header":"","neve_meta_disable_footer":"","neve_meta_disable_title":"","_EventAllDay":false,"_EventTimezone":"","_EventStartDate":"","_EventEndDate":"","_EventStartDateUTC":"","_EventEndDateUTC":"","_EventShowMap":false,"_EventShowMapLink":false,"_EventURL":"","_EventCost":"","_EventCostDescription":"","_EventCurrencySymbol":"","_EventCurrencyCode":"","_EventCurrencyPosition":"","_EventDateTimeSeparator":"","_EventTimeRangeSeparator":"","_EventOrganizerID":[],"_EventVenueID":[],"_OrganizerEmail":"","_OrganizerPhone":"","_OrganizerWebsite":"","_VenueAddress":"","_VenueCity":"","_VenueCountry":"","_VenueProvince":"","_VenueState":"","_VenueZip":"","_VenuePhone":"","_VenueURL":"","_VenueStateProvince":"","_VenueLat":"","_VenueLng":"","_VenueShowMap":false,"_VenueShowMapLink":false,"footnotes":""},"class_list":["post-2511","page","type-page","status-publish","hentry"],"featured_image_src":null,"yoast_head":"<!-- This site is optimized with the Yoast SEO plugin v28.2 - https:\/\/yoast.com\/product\/yoast-seo-wordpress\/ -->\n<title>Eberhards Gartentipps - Obst- und Gartenbauverein Oeffingen e.V.<\/title>\n<meta name=\"robots\" content=\"index, follow, max-snippet:-1, max-image-preview:large, max-video-preview:-1\" \/>\n<link rel=\"canonical\" href=\"https:\/\/ogv-oeffingen.de\/?page_id=2511\" \/>\n<meta property=\"og:locale\" content=\"de_DE\" \/>\n<meta property=\"og:type\" content=\"article\" \/>\n<meta property=\"og:title\" content=\"Eberhards Gartentipps - Obst- und Gartenbauverein Oeffingen e.V.\" \/>\n<meta property=\"og:description\" content=\"Damit&#8217;s auch mit dem Garten klappt. Frag Eberhard! Du hast eine Frage rund ums Beet? Dann schick sie uns per Mail anFragEberhard@ogv-oeffingen.de. Eberhard wird sie dir auf dieser Seite beantworten.&hellip;&nbsp;Weiterlesen &raquo;Eberhards Gartentipps\" \/>\n<meta property=\"og:url\" content=\"https:\/\/ogv-oeffingen.de\/?page_id=2511\" \/>\n<meta property=\"og:site_name\" content=\"Obst- und Gartenbauverein Oeffingen e.V.\" \/>\n<meta property=\"article:modified_time\" content=\"2023-12-20T16:05:46+00:00\" \/>\n<meta property=\"og:image\" content=\"https:\/\/ogv-oeffingen.de\/wp-content\/uploads\/2023\/03\/Logo_Eberhartds_Gartentipps.jpg\" \/>\n\t<meta property=\"og:image:width\" content=\"1806\" \/>\n\t<meta property=\"og:image:height\" content=\"790\" \/>\n\t<meta property=\"og:image:type\" content=\"image\/jpeg\" \/>\n<meta name=\"twitter:card\" content=\"summary_large_image\" \/>\n<meta name=\"twitter:label1\" content=\"Gesch\u00e4tzte Lesezeit\" \/>\n\t<meta name=\"twitter:data1\" content=\"1\u00a0Minute\" \/>\n<script type=\"application\/ld+json\" class=\"yoast-schema-graph\">{\"@context\":\"https:\\\/\\\/schema.org\",\"@graph\":[{\"@type\":\"WebPage\",\"@id\":\"https:\\\/\\\/ogv-oeffingen.de\\\/?page_id=2511\",\"url\":\"https:\\\/\\\/ogv-oeffingen.de\\\/?page_id=2511\",\"name\":\"Eberhards Gartentipps - Obst- und Gartenbauverein Oeffingen e.V.\",\"isPartOf\":{\"@id\":\"https:\\\/\\\/ogv-oeffingen.de\\\/#website\"},\"primaryImageOfPage\":{\"@id\":\"https:\\\/\\\/ogv-oeffingen.de\\\/?page_id=2511#primaryimage\"},\"image\":{\"@id\":\"https:\\\/\\\/ogv-oeffingen.de\\\/?page_id=2511#primaryimage\"},\"thumbnailUrl\":\"https:\\\/\\\/ogv-oeffingen.de\\\/wp-content\\\/uploads\\\/2023\\\/03\\\/Logo_Eberhartds_Gartentipps-1024x448.jpg\",\"datePublished\":\"2022-11-28T10:57:50+00:00\",\"dateModified\":\"2023-12-20T16:05:46+00:00\",\"breadcrumb\":{\"@id\":\"https:\\\/\\\/ogv-oeffingen.de\\\/?page_id=2511#breadcrumb\"},\"inLanguage\":\"de\",\"potentialAction\":[{\"@type\":\"ReadAction\",\"target\":[\"https:\\\/\\\/ogv-oeffingen.de\\\/?page_id=2511\"]}]},{\"@type\":\"ImageObject\",\"inLanguage\":\"de\",\"@id\":\"https:\\\/\\\/ogv-oeffingen.de\\\/?page_id=2511#primaryimage\",\"url\":\"https:\\\/\\\/ogv-oeffingen.de\\\/wp-content\\\/uploads\\\/2023\\\/03\\\/Logo_Eberhartds_Gartentipps.jpg\",\"contentUrl\":\"https:\\\/\\\/ogv-oeffingen.de\\\/wp-content\\\/uploads\\\/2023\\\/03\\\/Logo_Eberhartds_Gartentipps.jpg\",\"width\":1806,\"height\":790},{\"@type\":\"BreadcrumbList\",\"@id\":\"https:\\\/\\\/ogv-oeffingen.de\\\/?page_id=2511#breadcrumb\",\"itemListElement\":[{\"@type\":\"ListItem\",\"position\":1,\"name\":\"Startseite\",\"item\":\"https:\\\/\\\/ogv-oeffingen.de\\\/\"},{\"@type\":\"ListItem\",\"position\":2,\"name\":\"Eberhards Gartentipps\"}]},{\"@type\":\"WebSite\",\"@id\":\"https:\\\/\\\/ogv-oeffingen.de\\\/#website\",\"url\":\"https:\\\/\\\/ogv-oeffingen.de\\\/\",\"name\":\"Obst- und Gartenbauverein Oeffingen e.V.\",\"description\":\"\",\"publisher\":{\"@id\":\"https:\\\/\\\/ogv-oeffingen.de\\\/#organization\"},\"potentialAction\":[{\"@type\":\"SearchAction\",\"target\":{\"@type\":\"EntryPoint\",\"urlTemplate\":\"https:\\\/\\\/ogv-oeffingen.de\\\/?s={search_term_string}\"},\"query-input\":{\"@type\":\"PropertyValueSpecification\",\"valueRequired\":true,\"valueName\":\"search_term_string\"}}],\"inLanguage\":\"de\"},{\"@type\":\"Organization\",\"@id\":\"https:\\\/\\\/ogv-oeffingen.de\\\/#organization\",\"name\":\"Obst- und Gartenbauverein Oeffingen e.V.\",\"url\":\"https:\\\/\\\/ogv-oeffingen.de\\\/\",\"logo\":{\"@type\":\"ImageObject\",\"inLanguage\":\"de\",\"@id\":\"https:\\\/\\\/ogv-oeffingen.de\\\/#\\\/schema\\\/logo\\\/image\\\/\",\"url\":\"https:\\\/\\\/ogv-oeffingen.de\\\/wp-content\\\/uploads\\\/2021\\\/07\\\/OGV_Logo_03.jpg\",\"contentUrl\":\"https:\\\/\\\/ogv-oeffingen.de\\\/wp-content\\\/uploads\\\/2021\\\/07\\\/OGV_Logo_03.jpg\",\"width\":1013,\"height\":1127,\"caption\":\"Obst- und Gartenbauverein Oeffingen e.V.\"},\"image\":{\"@id\":\"https:\\\/\\\/ogv-oeffingen.de\\\/#\\\/schema\\\/logo\\\/image\\\/\"},\"sameAs\":[\"https:\\\/\\\/www.instagram.com\\\/ogv_oeffingen\"]}]}<\/script>\n<!-- \/ Yoast SEO plugin. -->","yoast_head_json":{"title":"Eberhards Gartentipps - Obst- und Gartenbauverein Oeffingen e.V.","robots":{"index":"index","follow":"follow","max-snippet":"max-snippet:-1","max-image-preview":"max-image-preview:large","max-video-preview":"max-video-preview:-1"},"canonical":"https:\/\/ogv-oeffingen.de\/?page_id=2511","og_locale":"de_DE","og_type":"article","og_title":"Eberhards Gartentipps - Obst- und Gartenbauverein Oeffingen e.V.","og_description":"Damit&#8217;s auch mit dem Garten klappt. Frag Eberhard! Du hast eine Frage rund ums Beet? Dann schick sie uns per Mail anFragEberhard@ogv-oeffingen.de. Eberhard wird sie dir auf dieser Seite beantworten.&hellip;&nbsp;Weiterlesen &raquo;Eberhards Gartentipps","og_url":"https:\/\/ogv-oeffingen.de\/?page_id=2511","og_site_name":"Obst- und Gartenbauverein Oeffingen e.V.","article_modified_time":"2023-12-20T16:05:46+00:00","og_image":[{"width":1806,"height":790,"url":"https:\/\/ogv-oeffingen.de\/wp-content\/uploads\/2023\/03\/Logo_Eberhartds_Gartentipps.jpg","type":"image\/jpeg"}],"twitter_card":"summary_large_image","twitter_misc":{"Gesch\u00e4tzte Lesezeit":"1\u00a0Minute"},"schema":{"@context":"https:\/\/schema.org","@graph":[{"@type":"WebPage","@id":"https:\/\/ogv-oeffingen.de\/?page_id=2511","url":"https:\/\/ogv-oeffingen.de\/?page_id=2511","name":"Eberhards Gartentipps - Obst- und Gartenbauverein Oeffingen e.V.","isPartOf":{"@id":"https:\/\/ogv-oeffingen.de\/#website"},"primaryImageOfPage":{"@id":"https:\/\/ogv-oeffingen.de\/?page_id=2511#primaryimage"},"image":{"@id":"https:\/\/ogv-oeffingen.de\/?page_id=2511#primaryimage"},"thumbnailUrl":"https:\/\/ogv-oeffingen.de\/wp-content\/uploads\/2023\/03\/Logo_Eberhartds_Gartentipps-1024x448.jpg","datePublished":"2022-11-28T10:57:50+00:00","dateModified":"2023-12-20T16:05:46+00:00","breadcrumb":{"@id":"https:\/\/ogv-oeffingen.de\/?page_id=2511#breadcrumb"},"inLanguage":"de","potentialAction":[{"@type":"ReadAction","target":["https:\/\/ogv-oeffingen.de\/?page_id=2511"]}]},{"@type":"ImageObject","inLanguage":"de","@id":"https:\/\/ogv-oeffingen.de\/?page_id=2511#primaryimage","url":"https:\/\/ogv-oeffingen.de\/wp-content\/uploads\/2023\/03\/Logo_Eberhartds_Gartentipps.jpg","contentUrl":"https:\/\/ogv-oeffingen.de\/wp-content\/uploads\/2023\/03\/Logo_Eberhartds_Gartentipps.jpg","width":1806,"height":790},{"@type":"BreadcrumbList","@id":"https:\/\/ogv-oeffingen.de\/?page_id=2511#breadcrumb","itemListElement":[{"@type":"ListItem","position":1,"name":"Startseite","item":"https:\/\/ogv-oeffingen.de\/"},{"@type":"ListItem","position":2,"name":"Eberhards Gartentipps"}]},{"@type":"WebSite","@id":"https:\/\/ogv-oeffingen.de\/#website","url":"https:\/\/ogv-oeffingen.de\/","name":"Obst- und Gartenbauverein Oeffingen e.V.","description":"","publisher":{"@id":"https:\/\/ogv-oeffingen.de\/#organization"},"potentialAction":[{"@type":"SearchAction","target":{"@type":"EntryPoint","urlTemplate":"https:\/\/ogv-oeffingen.de\/?s={search_term_string}"},"query-input":{"@type":"PropertyValueSpecification","valueRequired":true,"valueName":"search_term_string"}}],"inLanguage":"de"},{"@type":"Organization","@id":"https:\/\/ogv-oeffingen.de\/#organization","name":"Obst- und Gartenbauverein Oeffingen e.V.","url":"https:\/\/ogv-oeffingen.de\/","logo":{"@type":"ImageObject","inLanguage":"de","@id":"https:\/\/ogv-oeffingen.de\/#\/schema\/logo\/image\/","url":"https:\/\/ogv-oeffingen.de\/wp-content\/uploads\/2021\/07\/OGV_Logo_03.jpg","contentUrl":"https:\/\/ogv-oeffingen.de\/wp-content\/uploads\/2021\/07\/OGV_Logo_03.jpg","width":1013,"height":1127,"caption":"Obst- und Gartenbauverein Oeffingen e.V."},"image":{"@id":"https:\/\/ogv-oeffingen.de\/#\/schema\/logo\/image\/"},"sameAs":["https:\/\/www.instagram.com\/ogv_oeffingen"]}]}},"uagb_featured_image_src":{"full":false,"thumbnail":false,"medium":false,"medium_large":false,"large":false,"1536x1536":false,"2048x2048":false,"neve-blog":false},"uagb_author_info":{"display_name":"Uli Neumann","author_link":"https:\/\/ogv-oeffingen.de\/?author=5"},"uagb_comment_info":0,"uagb_excerpt":"Damit&#8217;s auch mit dem Garten klappt. Frag Eberhard! Du hast eine Frage rund ums Beet? Dann schick sie uns per Mail anFragEberhard@ogv-oeffingen.de. Eberhard wird sie dir auf dieser Seite beantworten.&hellip;&nbsp;Weiterlesen &raquo;Eberhards Gartentipps","_links":{"self":[{"href":"https:\/\/ogv-oeffingen.de\/index.php?rest_route=\/wp\/v2\/pages\/2511","targetHints":{"allow":["GET"]}}],"collection":[{"href":"https:\/\/ogv-oeffingen.de\/index.php?rest_route=\/wp\/v2\/pages"}],"about":[{"href":"https:\/\/ogv-oeffingen.de\/index.php?rest_route=\/wp\/v2\/types\/page"}],"author":[{"embeddable":true,"href":"https:\/\/ogv-oeffingen.de\/index.php?rest_route=\/wp\/v2\/users\/5"}],"replies":[{"embeddable":true,"href":"https:\/\/ogv-oeffingen.de\/index.php?rest_route=%2Fwp%2Fv2%2Fcomments&post=2511"}],"version-history":[{"count":90,"href":"https:\/\/ogv-oeffingen.de\/index.php?rest_route=\/wp\/v2\/pages\/2511\/revisions"}],"predecessor-version":[{"id":4824,"href":"https:\/\/ogv-oeffingen.de\/index.php?rest_route=\/wp\/v2\/pages\/2511\/revisions\/4824"}],"wp:attachment":[{"href":"https:\/\/ogv-oeffingen.de\/index.php?rest_route=%2Fwp%2Fv2%2Fmedia&parent=2511"}],"curies":[{"name":"wp","href":"https:\/\/api.w.org\/{rel}","templated":true}]}}