{"id":5227,"date":"2024-10-04T09:05:09","date_gmt":"2024-10-04T07:05:09","guid":{"rendered":"https:\/\/ogv-oeffingen.de\/?page_id=5227"},"modified":"2026-02-04T17:20:34","modified_gmt":"2026-02-04T16:20:34","slug":"kindergruppe","status":"publish","type":"page","link":"https:\/\/ogv-oeffingen.de\/?page_id=5227","title":{"rendered":"Kindergruppe"},"content":{"rendered":"\n<p class=\"has-medium-font-size\"><strong>Fruchtzwerge &#8211; #7013 KidsClub &#8211; Spa\u00df haben!<\/strong><\/p>\n\n\n\n<div class=\"wp-block-uagb-container uagb-block-89c37ecb default uagb-is-root-container\">\n<div class=\"wp-block-uagb-container uagb-block-d885877e\">\n<p class=\"has-drop-cap\">Wer denkt, Obst- und Gartenbauvereine w\u00e4ren nur etwas f\u00fcr die \u00e4ltere Generation, der irrt gewaltig! Der OGV Oeffingen beweist das Gegenteil und l\u00e4dt alle Kinder zwischen 3 und 12 Jahren ein, die Natur gemeinsam zu entdecken. Jeden ersten Montag im Monat treffen sich die jungen Naturfreunde an der Obstbauscheuer in Oeffingen. Auf dem Programm stehen spannende Aktionen wie Entdeckungstouren und der Erwerb des ersten Werkzeugf\u00fchrerscheins.<\/p>\n<\/div>\n\n\n\n<div class=\"wp-block-uagb-container uagb-block-a3252900\">\n<figure class=\"wp-block-gallery has-nested-images columns-default is-cropped wp-block-gallery-1 is-layout-flex wp-block-gallery-is-layout-flex\">\n<figure class=\"wp-block-image size-large\"><img loading=\"lazy\" decoding=\"async\" width=\"397\" height=\"530\" data-id=\"2094\" src=\"https:\/\/ogv-oeffingen.de\/wp-content\/uploads\/2022\/10\/Kinder_mit_Kiste.jpg\" alt=\"\" class=\"wp-image-2094\" srcset=\"https:\/\/ogv-oeffingen.de\/wp-content\/uploads\/2022\/10\/Kinder_mit_Kiste.jpg 397w, https:\/\/ogv-oeffingen.de\/wp-content\/uploads\/2022\/10\/Kinder_mit_Kiste-225x300.jpg 225w\" sizes=\"auto, (max-width: 397px) 100vw, 397px\" \/><\/figure>\n\n\n\n<figure class=\"wp-block-image size-large\"><img loading=\"lazy\" decoding=\"async\" width=\"768\" height=\"1024\" data-id=\"3908\" src=\"https:\/\/ogv-oeffingen.de\/wp-content\/uploads\/2023\/05\/Bluetenrundgang_Titelbild-768x1024.jpg\" alt=\"\" class=\"wp-image-3908\" srcset=\"https:\/\/ogv-oeffingen.de\/wp-content\/uploads\/2023\/05\/Bluetenrundgang_Titelbild-768x1024.jpg 768w, https:\/\/ogv-oeffingen.de\/wp-content\/uploads\/2023\/05\/Bluetenrundgang_Titelbild-225x300.jpg 225w, https:\/\/ogv-oeffingen.de\/wp-content\/uploads\/2023\/05\/Bluetenrundgang_Titelbild-1152x1536.jpg 1152w, https:\/\/ogv-oeffingen.de\/wp-content\/uploads\/2023\/05\/Bluetenrundgang_Titelbild.jpg 1500w\" sizes=\"auto, (max-width: 768px) 100vw, 768px\" \/><\/figure>\n\n\n\n<figure class=\"wp-block-image size-full\"><img loading=\"lazy\" decoding=\"async\" width=\"2000\" height=\"1500\" data-id=\"3915\" src=\"https:\/\/ogv-oeffingen.de\/wp-content\/uploads\/2023\/05\/Bluetenrundgang_2023-7.jpg\" alt=\"\" class=\"wp-image-3915\" srcset=\"https:\/\/ogv-oeffingen.de\/wp-content\/uploads\/2023\/05\/Bluetenrundgang_2023-7.jpg 2000w, https:\/\/ogv-oeffingen.de\/wp-content\/uploads\/2023\/05\/Bluetenrundgang_2023-7-300x225.jpg 300w, https:\/\/ogv-oeffingen.de\/wp-content\/uploads\/2023\/05\/Bluetenrundgang_2023-7-1024x768.jpg 1024w, https:\/\/ogv-oeffingen.de\/wp-content\/uploads\/2023\/05\/Bluetenrundgang_2023-7-768x576.jpg 768w, https:\/\/ogv-oeffingen.de\/wp-content\/uploads\/2023\/05\/Bluetenrundgang_2023-7-1536x1152.jpg 1536w\" sizes=\"auto, (max-width: 2000px) 100vw, 2000px\" \/><\/figure>\n<\/figure>\n<\/div>\n<\/div>\n\n\n\n<div style=\"height:10px\" aria-hidden=\"true\" class=\"wp-block-spacer\"><\/div>\n\n\n\n<p>Die Teilnahme ist kostenlos. Falls ein Unkostenbeitrag auf euch zukommt, schreiben wir das in die Infos.<br><strong>Eine OGV-Mitgliedschaft ist nicht erforderlich<\/strong>, aber nat\u00fcrlich freuen wir uns \u00fcber jedes neue Mitglied. Zum Mitgliedsantrag geht es<em><a href=\"https:\/\/ogv-oeffingen.de\/?page_id=14\" data-type=\"page\" data-id=\"14\" target=\"_blank\" rel=\"noreferrer noopener\"> hier.<\/a><\/em><\/p>\n\n\n\n<p>F\u00fcr Fragen k\u00f6nnt ihr uns gerne unter<em><mark style=\"background-color:rgba(0, 0, 0, 0)\" class=\"has-inline-color has-neve-link-hover-color-color\"> kidsclub@ogv-oeffingen.de<\/mark><\/em> kontaktieren.<\/p>\n\n\n\n<div style=\"height:36px\" aria-hidden=\"true\" class=\"wp-block-spacer\"><\/div>\n\n\n\n<p class=\"has-text-align-center\" style=\"font-size:30px\">\u2193<strong>Bitte meldet euch f\u00fcr die Kindergruppe an, damit wir besser planen k\u00f6nnen.<\/strong>\u2193<br><strong>Alle Details inkl. der Anmeldung findet ihr unter &#8222;Termine&#8220;. <\/strong><\/p>\n\n\n\n<p style=\"font-size:30px\"><em>Es freuen sich auf euch<\/em><\/p>\n\n\n\n<p class=\"has-text-align-center has-medium-font-size\"><strong>Jacquy, Isanne, Karin, Gabi, Nicole und Uli<\/strong><\/p>\n\n\n\n<hr class=\"wp-block-separator has-alpha-channel-opacity\"\/>\n\n\n\n<div style=\"height:25px\" aria-hidden=\"true\" class=\"wp-block-spacer\"><\/div>\n\n\n<noscript class=\"ninja-forms-noscript-message\">\n\tHinweis: F\u00fcr diesen Inhalt ist JavaScript erforderlich.<\/noscript>\n<div id=\"nf-form-18-cont\" class=\"nf-form-cont\" aria-live=\"polite\" aria-labelledby=\"nf-form-title-18\" aria-describedby=\"nf-form-errors-18\" role=\"form\">\n\n    <div class=\"nf-loading-spinner\"><\/div>\n\n<\/div>\n        <!-- That data is being printed as a workaround to page builders reordering the order of the scripts loaded-->\n        <script>var formDisplay=1;var nfForms=nfForms||[];var form=[];form.id='18';form.settings={\"objectType\":\"Form Setting\",\"editActive\":true,\"title\":\"Anmeldung Kindernachmittag\",\"created_at\":\"2016-08-28 16:16:05\",\"form_title\":\"Event Registration\",\"default_label_pos\":\"above\",\"show_title\":\"1\",\"clear_complete\":\"1\",\"hide_complete\":\"1\",\"logged_in\":\"0\",\"key\":\"\",\"wrapper_class\":\"\",\"element_class\":\"\",\"add_submit\":\"0\",\"not_logged_in_msg\":\"\",\"sub_limit_number\":\"\",\"sub_limit_msg\":\"\",\"calculations\":[],\"formContentData\":[\"hr\",\"zu_welchem_termin_moechtest_du_dein_kind_anmelden_1751895084764\",\"name_der_kontaktperson_1751894839929\",\"email\",\"mobiltelefon_waehrend_der_veranstaltung_1751894878804\",\"name_des_kindes_1751894888574\",\"alter_des_kindes_1751894986160\",\"wichtige_hinweise_fuer_uns_1751894958603\",\"einverstaendnis_bildnutzung_1759777173758\",\"hr_1\",\"anmelden_1751895230046\"],\"currency\":\"\",\"unique_field_error\":\"A form with this value has already been submitted.\",\"allow_public_link\":0,\"embed_form\":\"\",\"form_title_heading_level\":\"3\",\"changeEmailErrorMsg\":\"Bitte gib eine g\\u00fcltige E-Mail-Adresse ein.\",\"changeDateErrorMsg\":\"Bitte gib ein g\\u00fcltiges Datum ein!\",\"confirmFieldErrorMsg\":\"Diese Felder m\\u00fcssen \\u00fcbereinstimmen!\",\"fieldNumberNumMinError\":\"Die eingegebene Zahl ist zu klein.\",\"fieldNumberNumMaxError\":\"Die eingegebene Zahl ist zu gross.\",\"fieldNumberIncrementBy\":\"Bitte erh\\u00f6hen in Schritten von\",\"formErrorsCorrectErrors\":\"Bitte korrigiere die Fehler, bevor du das Formular sendest.\",\"validateRequiredField\":\"Dies ist ein Pflichtfeld.\",\"honeypotHoneypotError\":\"Honeypot-Fehler\",\"fieldsMarkedRequired\":\"Felder mit einem <span class=\\\"ninja-forms-req-symbol\\\">*<\\\/span> sind Pflichtfelder\",\"objectDomain\":\"display\",\"drawerDisabled\":false,\"ninjaForms\":\"Ninja Forms\",\"fieldTextareaRTEInsertLink\":\"Link einf\\u00fcgen\",\"fieldTextareaRTEInsertMedia\":\"Medien einf\\u00fcgen\",\"fieldTextareaRTESelectAFile\":\"Eine Datei ausw\\u00e4hlen\",\"formHoneypot\":\"Falls du ein Mensch bist und dieses Feld siehst, dann lasse es bitte leer.\",\"fileUploadOldCodeFileUploadInProgress\":\"Datei-Upload l\\u00e4uft.\",\"fileUploadOldCodeFileUpload\":\"DATEI-UPLOAD\",\"currencySymbol\":\"&euro;\",\"thousands_sep\":\".\",\"decimal_point\":\",\",\"siteLocale\":\"de_DE\",\"dateFormat\":\"d\\\/m\\\/Y\",\"startOfWeek\":\"1\",\"of\":\"von\",\"previousMonth\":\"Vorheriger Monat\",\"nextMonth\":\"N\\u00e4chster Monat\",\"months\":[\"Januar\",\"Februar\",\"M\\u00e4rz\",\"April\",\"Mai\",\"Juni\",\"Juli\",\"August\",\"September\",\"Oktober\",\"November\",\"Dezember\"],\"monthsShort\":[\"Jan.\",\"Feb.\",\"M\\u00e4rz\",\"Apr.\",\"Mai\",\"Juni\",\"Juli\",\"Aug\",\"Sep.\",\"Okt.\",\"Nov.\",\"Dez.\"],\"weekdays\":[\"Sonntag\",\"Montag\",\"Dienstag\",\"Mittwoch\",\"Donnerstag\",\"Freitag\",\"Samstag\"],\"weekdaysShort\":[\"So.\",\"Mo.\",\"Di.\",\"Mi.\",\"Do.\",\"Fr.\",\"Sa.\"],\"weekdaysMin\":[\"So.\",\"Mo.\",\"Di.\",\"Mi.\",\"Do.\",\"Fr.\",\"Sa.\"],\"recaptchaConsentMissing\":\"reCaptcha validation couldn&#039;t load.\",\"recaptchaMissingCookie\":\"reCaptcha v3 validation couldn&#039;t load the cookie needed to submit the form.\",\"recaptchaConsentEvent\":\"Accept reCaptcha cookies before sending the form.\",\"currency_symbol\":\"\",\"beforeForm\":\"\",\"beforeFields\":\"\",\"afterFields\":\"\",\"afterForm\":\"\"};form.fields=[{\"objectType\":\"Field\",\"objectDomain\":\"fields\",\"editActive\":false,\"order\":1,\"idAttribute\":\"id\",\"key\":\"hr\",\"label\":\"Divider\",\"field_label\":\"Divider\",\"field_key\":\"hr\",\"type\":\"hr\",\"created_at\":\"2016-08-28 16:16:05\",\"container_class\":\"\",\"element_class\":\"\",\"admin_label\":\"\",\"id\":191,\"beforeField\":\"\",\"afterField\":\"\",\"value\":\"\",\"label_pos\":\"above\",\"parentType\":\"hr\",\"element_templates\":[\"hr\",\"input\"],\"old_classname\":\"\",\"wrap_template\":\"wrap\"},{\"objectType\":\"Field\",\"objectDomain\":\"fields\",\"editActive\":false,\"order\":2,\"idAttribute\":\"id\",\"label\":\"Zu welchem Termin m\\u00f6chtest du dein Kind anmelden?\",\"type\":\"listselect\",\"key\":\"zu_welchem_termin_moechtest_du_dein_kind_anmelden_1751895084764\",\"label_pos\":\"above\",\"required\":1,\"options\":[{\"errors\":[],\"max_options\":0,\"order\":0,\"new\":false,\"options\":[],\"label\":\"bitte w\\u00e4hlen\",\"value\":\"bitte-waehlen\",\"calc\":\"\",\"selected\":0,\"settingModel\":{\"settings\":false,\"hide_merge_tags\":false,\"error\":false,\"name\":\"options\",\"type\":\"option-repeater\",\"label\":\"Optionen <a href=\\\"#\\\" class=\\\"nf-add-new\\\">Hinzuf\\u00fcgen<\\\/a> <a href=\\\"#\\\" class=\\\"extra nf-open-import-tooltip\\\"><i class=\\\"fa fa-sign-in\\\" aria-hidden=\\\"true\\\"><\\\/i> Importieren<\\\/a>\",\"width\":\"full\",\"group\":\"\",\"value\":[{\"label\":\"Eins\",\"value\":\"eins\",\"calc\":\"\",\"selected\":0,\"order\":0},{\"label\":\"Zwei\",\"value\":\"zwei\",\"calc\":\"\",\"selected\":0,\"order\":1},{\"label\":\"Drei\",\"value\":\"drei\",\"calc\":\"\",\"selected\":0,\"order\":2}],\"columns\":{\"label\":{\"header\":\"Beschriftung\",\"default\":\"\"},\"value\":{\"header\":\"Wert\",\"default\":\"\"},\"calc\":{\"header\":\"Berechneter Wert\",\"default\":\"\"},\"selected\":{\"header\":\"<span class=\\\"dashicons dashicons-yes\\\"><\\\/span>\",\"default\":0}}}},{\"errors\":[],\"max_options\":0,\"order\":3,\"new\":false,\"options\":[],\"label\":\"18. Mai (15 Uhr)\",\"value\":\"18-mai-15-uhr\",\"calc\":\"\",\"selected\":0,\"settingModel\":{\"settings\":false,\"hide_merge_tags\":false,\"error\":false,\"name\":\"options\",\"type\":\"option-repeater\",\"label\":\"Optionen <a href=\\\"#\\\" class=\\\"nf-add-new\\\">Hinzuf\\u00fcgen<\\\/a> <a href=\\\"#\\\" class=\\\"extra nf-open-import-tooltip\\\"><i class=\\\"fa fa-sign-in\\\" aria-hidden=\\\"true\\\"><\\\/i> Importieren<\\\/a>\",\"width\":\"full\",\"group\":\"\",\"value\":[{\"label\":\"Eins\",\"value\":\"eins\",\"calc\":\"\",\"selected\":0,\"order\":0},{\"label\":\"Zwei\",\"value\":\"zwei\",\"calc\":\"\",\"selected\":0,\"order\":1},{\"label\":\"Drei\",\"value\":\"drei\",\"calc\":\"\",\"selected\":0,\"order\":2}],\"columns\":{\"label\":{\"header\":\"Beschriftung\",\"default\":\"\"},\"value\":{\"header\":\"Wert\",\"default\":\"\"},\"calc\":{\"header\":\"Berechneter Wert\",\"default\":\"\"},\"selected\":{\"header\":\"<span class=\\\"dashicons dashicons-yes\\\"><\\\/span>\",\"default\":0}}}},{\"errors\":[],\"max_options\":0,\"order\":4,\"new\":false,\"options\":[],\"label\":\"8. Juni (15 Uhr)\",\"value\":\"8-juni-15-uhr\",\"calc\":\"\",\"selected\":0,\"settingModel\":{\"settings\":false,\"hide_merge_tags\":false,\"error\":false,\"name\":\"options\",\"type\":\"option-repeater\",\"label\":\"Optionen <a href=\\\"#\\\" class=\\\"nf-add-new\\\">Hinzuf\\u00fcgen<\\\/a> <a href=\\\"#\\\" class=\\\"extra nf-open-import-tooltip\\\"><i class=\\\"fa fa-sign-in\\\" aria-hidden=\\\"true\\\"><\\\/i> Importieren<\\\/a>\",\"width\":\"full\",\"group\":\"\",\"value\":[{\"label\":\"Eins\",\"value\":\"eins\",\"calc\":\"\",\"selected\":0,\"order\":0},{\"label\":\"Zwei\",\"value\":\"zwei\",\"calc\":\"\",\"selected\":0,\"order\":1},{\"label\":\"Drei\",\"value\":\"drei\",\"calc\":\"\",\"selected\":0,\"order\":2}],\"columns\":{\"label\":{\"header\":\"Beschriftung\",\"default\":\"\"},\"value\":{\"header\":\"Wert\",\"default\":\"\"},\"calc\":{\"header\":\"Berechneter Wert\",\"default\":\"\"},\"selected\":{\"header\":\"<span class=\\\"dashicons dashicons-yes\\\"><\\\/span>\",\"default\":0}}}}],\"container_class\":\"\",\"element_class\":\"\",\"admin_label\":\"\",\"help_text\":\"\",\"drawerDisabled\":false,\"id\":203,\"beforeField\":\"\",\"afterField\":\"\",\"value\":\"\",\"parentType\":\"list\",\"element_templates\":[\"listselect\",\"input\"],\"old_classname\":\"list-select\",\"wrap_template\":\"wrap\"},{\"objectType\":\"Field\",\"objectDomain\":\"fields\",\"editActive\":false,\"order\":3,\"idAttribute\":\"id\",\"default\":\"\",\"placeholder\":\"\",\"container_class\":\"one-half first\",\"element_class\":\"\",\"admin_label\":\"\",\"help_text\":\"\",\"desc_text\":\"\",\"field_label\":\"First Name\",\"field_key\":\"firstname\",\"custom_name_attribute\":\"fname\",\"personally_identifiable\":1,\"value\":\"\",\"label\":\"Name der Kontaktperson\",\"key\":\"name_der_kontaktperson_1751894839929\",\"type\":\"firstname\",\"created_at\":\"2016-08-28 16:16:05\",\"label_pos\":\"above\",\"required\":1,\"drawerDisabled\":false,\"id\":192,\"beforeField\":\"\",\"afterField\":\"\",\"parentType\":\"firstname\",\"element_templates\":[\"firstname\",\"input\"],\"old_classname\":\"\",\"wrap_template\":\"wrap\"},{\"objectType\":\"Field\",\"objectDomain\":\"fields\",\"editActive\":false,\"order\":4,\"idAttribute\":\"id\",\"label\":\"Email\",\"key\":\"email\",\"type\":\"email\",\"created_at\":\"2016-08-28 16:16:05\",\"label_pos\":\"above\",\"required\":1,\"default\":\"\",\"placeholder\":\"\",\"container_class\":\"one-half first\",\"element_class\":\"\",\"admin_label\":\"\",\"help_text\":\"\",\"desc_text\":\"\",\"field_label\":\"Email\",\"field_key\":\"email\",\"custom_name_attribute\":\"email\",\"personally_identifiable\":1,\"value\":\"\",\"id\":194,\"beforeField\":\"\",\"afterField\":\"\",\"parentType\":\"email\",\"element_templates\":[\"email\",\"input\"],\"old_classname\":\"\",\"wrap_template\":\"wrap\"},{\"objectType\":\"Field\",\"objectDomain\":\"fields\",\"editActive\":false,\"order\":5,\"idAttribute\":\"id\",\"label\":\"Mobiltelefon w\\u00e4hrend der Veranstaltung\",\"key\":\"mobiltelefon_waehrend_der_veranstaltung_1751894878804\",\"type\":\"lastname\",\"created_at\":\"2016-08-28 16:16:05\",\"label_pos\":\"above\",\"required\":1,\"default\":\"\",\"placeholder\":\"\",\"container_class\":\"one-half\",\"element_class\":\"\",\"admin_label\":\"\",\"help_text\":\"\",\"desc_text\":\"\",\"field_label\":\"Last Name\",\"custom_name_attribute\":\"lname\",\"personally_identifiable\":1,\"value\":\"\",\"field_key\":\"lastname\",\"drawerDisabled\":false,\"id\":193,\"beforeField\":\"\",\"afterField\":\"\",\"parentType\":\"lastname\",\"element_templates\":[\"lastname\",\"input\"],\"old_classname\":\"\",\"wrap_template\":\"wrap\"},{\"objectType\":\"Field\",\"objectDomain\":\"fields\",\"editActive\":false,\"order\":6,\"idAttribute\":\"id\",\"label\":\"Name des Kindes\",\"key\":\"name_des_kindes_1751894888574\",\"type\":\"textbox\",\"created_at\":\"2016-08-28 16:16:05\",\"label_pos\":\"above\",\"required\":1,\"placeholder\":\"\",\"default\":\"\",\"container_class\":\"one-half\",\"element_class\":\"\",\"input_limit\":\"\",\"input_limit_type\":\"characters\",\"input_limit_msg\":\"Character(s) left\",\"manual_key\":\"\",\"disable_input\":\"\",\"admin_label\":\"\",\"help_text\":\"\",\"desc_text\":\"\",\"disable_browser_autocomplete\":\"\",\"mask\":\"\",\"custom_mask\":\"\",\"field_label\":\"Phone\",\"field_key\":\"textbox\",\"custom_name_attribute\":\"\",\"personally_identifiable\":\"\",\"value\":\"\",\"drawerDisabled\":false,\"id\":195,\"beforeField\":\"\",\"afterField\":\"\",\"parentType\":\"textbox\",\"element_templates\":[\"textbox\",\"input\"],\"old_classname\":\"\",\"wrap_template\":\"wrap\"},{\"objectType\":\"Field\",\"objectDomain\":\"fields\",\"editActive\":false,\"order\":7,\"idAttribute\":\"id\",\"label\":\"Alter des Kindes\",\"type\":\"textbox\",\"key\":\"alter_des_kindes_1751894986160\",\"label_pos\":\"above\",\"required\":1,\"default\":\"\",\"placeholder\":\"\",\"container_class\":\"\",\"element_class\":\"\",\"input_limit\":\"\",\"input_limit_type\":\"characters\",\"input_limit_msg\":\"verbleibende(s) Zeichen\",\"manual_key\":false,\"admin_label\":\"\",\"help_text\":\"\",\"mask\":\"\",\"custom_mask\":\"\",\"custom_name_attribute\":\"\",\"personally_identifiable\":\"\",\"value\":\"\",\"drawerDisabled\":false,\"id\":204,\"beforeField\":\"\",\"afterField\":\"\",\"parentType\":\"textbox\",\"element_templates\":[\"textbox\",\"input\"],\"old_classname\":\"\",\"wrap_template\":\"wrap\"},{\"objectType\":\"Field\",\"objectDomain\":\"fields\",\"editActive\":false,\"order\":8,\"idAttribute\":\"id\",\"label\":\"Wichtige Hinweise f\\u00fcr uns\",\"type\":\"textarea\",\"key\":\"wichtige_hinweise_fuer_uns_1751894958603\",\"label_pos\":\"above\",\"required\":false,\"default\":\"\",\"placeholder\":\"\",\"container_class\":\"\",\"element_class\":\"\",\"input_limit\":\"\",\"input_limit_type\":\"characters\",\"input_limit_msg\":\"verbleibende(s) Zeichen\",\"manual_key\":false,\"admin_label\":\"\",\"help_text\":\"\",\"textarea_rte\":\"\",\"disable_rte_mobile\":\"\",\"textarea_media\":\"\",\"value\":\"\",\"drawerDisabled\":false,\"id\":205,\"beforeField\":\"\",\"afterField\":\"\",\"parentType\":\"textarea\",\"element_templates\":[\"textarea\",\"input\"],\"old_classname\":\"\",\"wrap_template\":\"wrap\"},{\"objectType\":\"Field\",\"objectDomain\":\"fields\",\"editActive\":false,\"order\":9,\"idAttribute\":\"id\",\"label\":\"Einverst\\u00e4ndnis Bildnutzung \",\"type\":\"checkbox\",\"key\":\"einverstaendnis_bildnutzung_1759777173758\",\"label_pos\":\"right\",\"required\":false,\"container_class\":\"\",\"element_class\":\"\",\"manual_key\":false,\"admin_label\":\"\",\"help_text\":\"\",\"desc_text\":\"<div class=\\\"nf-field-element\\\">\\n<\\\/div>\\n\\t\\t\\n\\t\\t<div class=\\\"nf-field-description\\\" aria-hidden=\\\"true\\\" id=\\\"nf-description-81\\\"><p><span style=\\\"font-size: 9pt; font-family: ArialMT;\\\">Der\\n Nutzung von Bildern von mir und meinem Kind zur Vero\\u0308ffentlichung im Internet, \\nFachzeitschriften oder sonstigen Publikationen durch den Verein\\\/Verband \\nstimme ich zu.<\\\/span><span style=\\\"font-size: 9pt; font-family: ArialMT;\\\"><br><\\\/span><\\\/p><div class=\\\"nf-field-description\\\" aria-hidden=\\\"true\\\" id=\\\"nf-description-81\\\"><p><span style=\\\"font-size: 9pt; font-family: Arial; font-weight: 700;\\\">Widerrufsrecht:&nbsp;<\\\/span><span style=\\\"font-size: 9pt; font-family: ArialMT;\\\">Diese\\n Zustimmung kann jederzeit mit Wirkung fu\\u0308r die Zukunft schriftlich \\nwiderrufen werden. Daf\\u00fcr bitte eine Email an kidsclub@ogv-oeffingen.de senden.<\\\/span><\\\/p><\\\/div><\\\/div>\",\"default_value\":\"unchecked\",\"checked_value\":\"Ausgew\\u00e4hlt\",\"unchecked_value\":\"Nicht ausgew\\u00e4hlt\",\"checked_calc_value\":\"\",\"unchecked_calc_value\":\"\",\"drawerDisabled\":false,\"id\":206,\"beforeField\":\"\",\"afterField\":\"\",\"value\":\"\",\"parentType\":\"checkbox\",\"element_templates\":[\"checkbox\",\"input\"],\"old_classname\":\"\",\"wrap_template\":\"wrap\"},{\"objectType\":\"Field\",\"objectDomain\":\"fields\",\"editActive\":false,\"order\":10,\"idAttribute\":\"id\",\"label\":\"Divider\",\"key\":\"hr_1\",\"type\":\"hr\",\"created_at\":\"2016-08-28 16:16:05\",\"container_class\":\"\",\"element_class\":\"\",\"field_label\":\"Divider\",\"field_key\":\"hr_1\",\"admin_label\":\"\",\"id\":196,\"beforeField\":\"\",\"afterField\":\"\",\"value\":\"\",\"label_pos\":\"above\",\"parentType\":\"hr\",\"element_templates\":[\"hr\",\"input\"],\"old_classname\":\"\",\"wrap_template\":\"wrap\"},{\"objectType\":\"Field\",\"objectDomain\":\"fields\",\"editActive\":false,\"order\":11,\"idAttribute\":\"id\",\"label\":\"Anmelden\",\"key\":\"anmelden_1751895230046\",\"type\":\"submit\",\"created_at\":\"2016-08-28 16:16:05\",\"processing_label\":\"Processing\",\"container_class\":\"\",\"element_class\":\"\",\"field_label\":\"Register\",\"field_key\":\"register\",\"admin_label\":\"\",\"drawerDisabled\":false,\"id\":202,\"beforeField\":\"\",\"afterField\":\"\",\"value\":\"\",\"label_pos\":\"above\",\"parentType\":\"textbox\",\"element_templates\":[\"submit\",\"button\",\"input\"],\"old_classname\":\"\",\"wrap_template\":\"wrap-no-label\"}];nfForms.push(form);<\/script>\n        \n\n\n\n<div style=\"height:36px\" aria-hidden=\"true\" class=\"wp-block-spacer\"><\/div>\n\n\n\n<hr class=\"wp-block-separator has-alpha-channel-opacity\"\/>\n\n\n\n<div style=\"height:35px\" aria-hidden=\"true\" class=\"wp-block-spacer\"><\/div>\n\n\n\n<p><strong>Bitte denke daran dein Kind bei uns abzumelden, falls es doch nicht kommen kann. Kurze Info an kidsclub@ogv-oeffingen.de reicht. Vielen Dank!<\/strong><\/p>\n\n\n\n<div style=\"height:36px\" aria-hidden=\"true\" class=\"wp-block-spacer\"><\/div>\n\n\n\n<hr class=\"wp-block-separator has-alpha-channel-opacity\"\/>\n\n\n\n<p class=\"has-large-font-size\">Unser Schutzkonzept:<\/p>\n\n\n<a href=\"https:\/\/ogv-oeffingen.de\/wp-content\/uploads\/2024\/10\/Kinderschutzkonzept-des-OGV-Oeffingen-eV.pdf\" class=\"pdfemb-viewer\" style=\"\" data-width=\"max\" data-height=\"max\" data-toolbar=\"bottom\" data-toolbar-fixed=\"off\">Kinderschutzkonzept-des-OGV-Oeffingen-eV<\/a>","protected":false},"excerpt":{"rendered":"<p>Fruchtzwerge &#8211; #7013 KidsClub &#8211; Spa\u00df haben! Wer denkt, Obst- und Gartenbauvereine w\u00e4ren nur etwas f\u00fcr die \u00e4ltere Generation, der irrt gewaltig! Der OGV Oeffingen beweist das Gegenteil und l\u00e4dt&hellip;&nbsp;<a href=\"https:\/\/ogv-oeffingen.de\/?page_id=5227\" rel=\"bookmark\">Weiterlesen &raquo;<span class=\"screen-reader-text\">Kindergruppe<\/span><\/a><\/p>\n","protected":false},"author":5,"featured_media":0,"parent":0,"menu_order":0,"comment_status":"closed","ping_status":"closed","template":"","meta":{"_uag_custom_page_level_css":"","neve_meta_sidebar":"","neve_meta_container":"","neve_meta_enable_content_width":"","neve_meta_content_width":0,"neve_meta_title_alignment":"","neve_meta_author_avatar":"","neve_post_elements_order":"","neve_meta_disable_header":"","neve_meta_disable_footer":"","neve_meta_disable_title":"","_EventAllDay":false,"_EventTimezone":"","_EventStartDate":"","_EventEndDate":"","_EventStartDateUTC":"","_EventEndDateUTC":"","_EventShowMap":false,"_EventShowMapLink":false,"_EventURL":"","_EventCost":"","_EventCostDescription":"","_EventCurrencySymbol":"","_EventCurrencyCode":"","_EventCurrencyPosition":"","_EventDateTimeSeparator":"","_EventTimeRangeSeparator":"","_EventOrganizerID":[],"_EventVenueID":[],"_OrganizerEmail":"","_OrganizerPhone":"","_OrganizerWebsite":"","_VenueAddress":"","_VenueCity":"","_VenueCountry":"","_VenueProvince":"","_VenueState":"","_VenueZip":"","_VenuePhone":"","_VenueURL":"","_VenueStateProvince":"","_VenueLat":"","_VenueLng":"","_VenueShowMap":false,"_VenueShowMapLink":false,"footnotes":""},"class_list":["post-5227","page","type-page","status-publish","hentry"],"featured_image_src":null,"yoast_head":"<!-- This site is optimized with the Yoast SEO plugin v27.4 - https:\/\/yoast.com\/product\/yoast-seo-wordpress\/ -->\n<title>Kindergruppe - Obst- und Gartenbauverein Oeffingen e.V.<\/title>\n<meta name=\"robots\" content=\"index, follow, max-snippet:-1, max-image-preview:large, max-video-preview:-1\" \/>\n<link rel=\"canonical\" href=\"https:\/\/ogv-oeffingen.de\/?page_id=5227\" \/>\n<meta property=\"og:locale\" content=\"de_DE\" \/>\n<meta property=\"og:type\" content=\"article\" \/>\n<meta property=\"og:title\" content=\"Kindergruppe - Obst- und Gartenbauverein Oeffingen e.V.\" \/>\n<meta property=\"og:description\" content=\"Fruchtzwerge &#8211; #7013 KidsClub &#8211; Spa\u00df haben! Wer denkt, Obst- und Gartenbauvereine w\u00e4ren nur etwas f\u00fcr die \u00e4ltere Generation, der irrt gewaltig! Der OGV Oeffingen beweist das Gegenteil und l\u00e4dt&hellip;&nbsp;Weiterlesen &raquo;Kindergruppe\" \/>\n<meta property=\"og:url\" content=\"https:\/\/ogv-oeffingen.de\/?page_id=5227\" \/>\n<meta property=\"og:site_name\" content=\"Obst- und Gartenbauverein Oeffingen e.V.\" \/>\n<meta property=\"article:modified_time\" content=\"2026-02-04T16:20:34+00:00\" \/>\n<meta property=\"og:image\" content=\"https:\/\/ogv-oeffingen.de\/wp-content\/uploads\/2022\/10\/Kinder_mit_Kiste.jpg\" \/>\n\t<meta property=\"og:image:width\" content=\"397\" \/>\n\t<meta property=\"og:image:height\" content=\"530\" \/>\n\t<meta property=\"og:image:type\" content=\"image\/jpeg\" \/>\n<meta name=\"twitter:card\" content=\"summary_large_image\" \/>\n<meta name=\"twitter:label1\" content=\"Gesch\u00e4tzte Lesezeit\" \/>\n\t<meta name=\"twitter:data1\" content=\"2\u00a0Minuten\" \/>\n<script type=\"application\/ld+json\" class=\"yoast-schema-graph\">{\"@context\":\"https:\\\/\\\/schema.org\",\"@graph\":[{\"@type\":\"WebPage\",\"@id\":\"https:\\\/\\\/ogv-oeffingen.de\\\/?page_id=5227\",\"url\":\"https:\\\/\\\/ogv-oeffingen.de\\\/?page_id=5227\",\"name\":\"Kindergruppe - Obst- und Gartenbauverein Oeffingen e.V.\",\"isPartOf\":{\"@id\":\"https:\\\/\\\/ogv-oeffingen.de\\\/#website\"},\"primaryImageOfPage\":{\"@id\":\"https:\\\/\\\/ogv-oeffingen.de\\\/?page_id=5227#primaryimage\"},\"image\":{\"@id\":\"https:\\\/\\\/ogv-oeffingen.de\\\/?page_id=5227#primaryimage\"},\"thumbnailUrl\":\"https:\\\/\\\/ogv-oeffingen.de\\\/wp-content\\\/uploads\\\/2022\\\/10\\\/Kinder_mit_Kiste.jpg\",\"datePublished\":\"2024-10-04T07:05:09+00:00\",\"dateModified\":\"2026-02-04T16:20:34+00:00\",\"breadcrumb\":{\"@id\":\"https:\\\/\\\/ogv-oeffingen.de\\\/?page_id=5227#breadcrumb\"},\"inLanguage\":\"de\",\"potentialAction\":[{\"@type\":\"ReadAction\",\"target\":[\"https:\\\/\\\/ogv-oeffingen.de\\\/?page_id=5227\"]}]},{\"@type\":\"ImageObject\",\"inLanguage\":\"de\",\"@id\":\"https:\\\/\\\/ogv-oeffingen.de\\\/?page_id=5227#primaryimage\",\"url\":\"https:\\\/\\\/ogv-oeffingen.de\\\/wp-content\\\/uploads\\\/2022\\\/10\\\/Kinder_mit_Kiste.jpg\",\"contentUrl\":\"https:\\\/\\\/ogv-oeffingen.de\\\/wp-content\\\/uploads\\\/2022\\\/10\\\/Kinder_mit_Kiste.jpg\",\"width\":397,\"height\":530},{\"@type\":\"BreadcrumbList\",\"@id\":\"https:\\\/\\\/ogv-oeffingen.de\\\/?page_id=5227#breadcrumb\",\"itemListElement\":[{\"@type\":\"ListItem\",\"position\":1,\"name\":\"Startseite\",\"item\":\"https:\\\/\\\/ogv-oeffingen.de\\\/\"},{\"@type\":\"ListItem\",\"position\":2,\"name\":\"Kindergruppe\"}]},{\"@type\":\"WebSite\",\"@id\":\"https:\\\/\\\/ogv-oeffingen.de\\\/#website\",\"url\":\"https:\\\/\\\/ogv-oeffingen.de\\\/\",\"name\":\"Obst- und Gartenbauverein Oeffingen e.V.\",\"description\":\"\",\"publisher\":{\"@id\":\"https:\\\/\\\/ogv-oeffingen.de\\\/#organization\"},\"potentialAction\":[{\"@type\":\"SearchAction\",\"target\":{\"@type\":\"EntryPoint\",\"urlTemplate\":\"https:\\\/\\\/ogv-oeffingen.de\\\/?s={search_term_string}\"},\"query-input\":{\"@type\":\"PropertyValueSpecification\",\"valueRequired\":true,\"valueName\":\"search_term_string\"}}],\"inLanguage\":\"de\"},{\"@type\":\"Organization\",\"@id\":\"https:\\\/\\\/ogv-oeffingen.de\\\/#organization\",\"name\":\"Obst- und Gartenbauverein Oeffingen e.V.\",\"url\":\"https:\\\/\\\/ogv-oeffingen.de\\\/\",\"logo\":{\"@type\":\"ImageObject\",\"inLanguage\":\"de\",\"@id\":\"https:\\\/\\\/ogv-oeffingen.de\\\/#\\\/schema\\\/logo\\\/image\\\/\",\"url\":\"https:\\\/\\\/ogv-oeffingen.de\\\/wp-content\\\/uploads\\\/2021\\\/07\\\/OGV_Logo_03.jpg\",\"contentUrl\":\"https:\\\/\\\/ogv-oeffingen.de\\\/wp-content\\\/uploads\\\/2021\\\/07\\\/OGV_Logo_03.jpg\",\"width\":1013,\"height\":1127,\"caption\":\"Obst- und Gartenbauverein Oeffingen e.V.\"},\"image\":{\"@id\":\"https:\\\/\\\/ogv-oeffingen.de\\\/#\\\/schema\\\/logo\\\/image\\\/\"},\"sameAs\":[\"https:\\\/\\\/www.instagram.com\\\/ogv_oeffingen\"]}]}<\/script>\n<!-- \/ Yoast SEO plugin. -->","yoast_head_json":{"title":"Kindergruppe - Obst- und Gartenbauverein Oeffingen e.V.","robots":{"index":"index","follow":"follow","max-snippet":"max-snippet:-1","max-image-preview":"max-image-preview:large","max-video-preview":"max-video-preview:-1"},"canonical":"https:\/\/ogv-oeffingen.de\/?page_id=5227","og_locale":"de_DE","og_type":"article","og_title":"Kindergruppe - Obst- und Gartenbauverein Oeffingen e.V.","og_description":"Fruchtzwerge &#8211; #7013 KidsClub &#8211; Spa\u00df haben! Wer denkt, Obst- und Gartenbauvereine w\u00e4ren nur etwas f\u00fcr die \u00e4ltere Generation, der irrt gewaltig! Der OGV Oeffingen beweist das Gegenteil und l\u00e4dt&hellip;&nbsp;Weiterlesen &raquo;Kindergruppe","og_url":"https:\/\/ogv-oeffingen.de\/?page_id=5227","og_site_name":"Obst- und Gartenbauverein Oeffingen e.V.","article_modified_time":"2026-02-04T16:20:34+00:00","og_image":[{"width":397,"height":530,"url":"https:\/\/ogv-oeffingen.de\/wp-content\/uploads\/2022\/10\/Kinder_mit_Kiste.jpg","type":"image\/jpeg"}],"twitter_card":"summary_large_image","twitter_misc":{"Gesch\u00e4tzte Lesezeit":"2\u00a0Minuten"},"schema":{"@context":"https:\/\/schema.org","@graph":[{"@type":"WebPage","@id":"https:\/\/ogv-oeffingen.de\/?page_id=5227","url":"https:\/\/ogv-oeffingen.de\/?page_id=5227","name":"Kindergruppe - Obst- und Gartenbauverein Oeffingen e.V.","isPartOf":{"@id":"https:\/\/ogv-oeffingen.de\/#website"},"primaryImageOfPage":{"@id":"https:\/\/ogv-oeffingen.de\/?page_id=5227#primaryimage"},"image":{"@id":"https:\/\/ogv-oeffingen.de\/?page_id=5227#primaryimage"},"thumbnailUrl":"https:\/\/ogv-oeffingen.de\/wp-content\/uploads\/2022\/10\/Kinder_mit_Kiste.jpg","datePublished":"2024-10-04T07:05:09+00:00","dateModified":"2026-02-04T16:20:34+00:00","breadcrumb":{"@id":"https:\/\/ogv-oeffingen.de\/?page_id=5227#breadcrumb"},"inLanguage":"de","potentialAction":[{"@type":"ReadAction","target":["https:\/\/ogv-oeffingen.de\/?page_id=5227"]}]},{"@type":"ImageObject","inLanguage":"de","@id":"https:\/\/ogv-oeffingen.de\/?page_id=5227#primaryimage","url":"https:\/\/ogv-oeffingen.de\/wp-content\/uploads\/2022\/10\/Kinder_mit_Kiste.jpg","contentUrl":"https:\/\/ogv-oeffingen.de\/wp-content\/uploads\/2022\/10\/Kinder_mit_Kiste.jpg","width":397,"height":530},{"@type":"BreadcrumbList","@id":"https:\/\/ogv-oeffingen.de\/?page_id=5227#breadcrumb","itemListElement":[{"@type":"ListItem","position":1,"name":"Startseite","item":"https:\/\/ogv-oeffingen.de\/"},{"@type":"ListItem","position":2,"name":"Kindergruppe"}]},{"@type":"WebSite","@id":"https:\/\/ogv-oeffingen.de\/#website","url":"https:\/\/ogv-oeffingen.de\/","name":"Obst- und Gartenbauverein Oeffingen e.V.","description":"","publisher":{"@id":"https:\/\/ogv-oeffingen.de\/#organization"},"potentialAction":[{"@type":"SearchAction","target":{"@type":"EntryPoint","urlTemplate":"https:\/\/ogv-oeffingen.de\/?s={search_term_string}"},"query-input":{"@type":"PropertyValueSpecification","valueRequired":true,"valueName":"search_term_string"}}],"inLanguage":"de"},{"@type":"Organization","@id":"https:\/\/ogv-oeffingen.de\/#organization","name":"Obst- und Gartenbauverein Oeffingen e.V.","url":"https:\/\/ogv-oeffingen.de\/","logo":{"@type":"ImageObject","inLanguage":"de","@id":"https:\/\/ogv-oeffingen.de\/#\/schema\/logo\/image\/","url":"https:\/\/ogv-oeffingen.de\/wp-content\/uploads\/2021\/07\/OGV_Logo_03.jpg","contentUrl":"https:\/\/ogv-oeffingen.de\/wp-content\/uploads\/2021\/07\/OGV_Logo_03.jpg","width":1013,"height":1127,"caption":"Obst- und Gartenbauverein Oeffingen e.V."},"image":{"@id":"https:\/\/ogv-oeffingen.de\/#\/schema\/logo\/image\/"},"sameAs":["https:\/\/www.instagram.com\/ogv_oeffingen"]}]}},"uagb_featured_image_src":{"full":false,"thumbnail":false,"medium":false,"medium_large":false,"large":false,"1536x1536":false,"2048x2048":false,"neve-blog":false},"uagb_author_info":{"display_name":"Uli Neumann","author_link":"https:\/\/ogv-oeffingen.de\/?author=5"},"uagb_comment_info":0,"uagb_excerpt":"Fruchtzwerge &#8211; #7013 KidsClub &#8211; Spa\u00df haben! Wer denkt, Obst- und Gartenbauvereine w\u00e4ren nur etwas f\u00fcr die \u00e4ltere Generation, der irrt gewaltig! Der OGV Oeffingen beweist das Gegenteil und l\u00e4dt&hellip;&nbsp;Weiterlesen &raquo;Kindergruppe","_links":{"self":[{"href":"https:\/\/ogv-oeffingen.de\/index.php?rest_route=\/wp\/v2\/pages\/5227","targetHints":{"allow":["GET"]}}],"collection":[{"href":"https:\/\/ogv-oeffingen.de\/index.php?rest_route=\/wp\/v2\/pages"}],"about":[{"href":"https:\/\/ogv-oeffingen.de\/index.php?rest_route=\/wp\/v2\/types\/page"}],"author":[{"embeddable":true,"href":"https:\/\/ogv-oeffingen.de\/index.php?rest_route=\/wp\/v2\/users\/5"}],"replies":[{"embeddable":true,"href":"https:\/\/ogv-oeffingen.de\/index.php?rest_route=%2Fwp%2Fv2%2Fcomments&post=5227"}],"version-history":[{"count":64,"href":"https:\/\/ogv-oeffingen.de\/index.php?rest_route=\/wp\/v2\/pages\/5227\/revisions"}],"predecessor-version":[{"id":6693,"href":"https:\/\/ogv-oeffingen.de\/index.php?rest_route=\/wp\/v2\/pages\/5227\/revisions\/6693"}],"wp:attachment":[{"href":"https:\/\/ogv-oeffingen.de\/index.php?rest_route=%2Fwp%2Fv2%2Fmedia&parent=5227"}],"curies":[{"name":"wp","href":"https:\/\/api.w.org\/{rel}","templated":true}]}}