{"id":899,"date":"2021-12-13T20:35:55","date_gmt":"2021-12-13T19:35:55","guid":{"rendered":"https:\/\/ogv-oeffingen.de\/?page_id=899"},"modified":"2022-12-28T13:25:33","modified_gmt":"2022-12-28T12:25:33","slug":"streuobstwiesen-projekt","status":"publish","type":"page","link":"https:\/\/ogv-oeffingen.de\/?page_id=899","title":{"rendered":"STOW-Projektbeschreibung"},"content":{"rendered":"\n<p class=\"has-medium-font-size\"><strong>Streuobstwiese f\u00fcr Anf\u00e4nger<\/strong><\/p>\n\n\n\n<hr class=\"wp-block-separator has-alpha-channel-opacity\"\/>\n\n\n\n<p class=\"has-text-align-center has-medium-font-size\" style=\"text-transform:none\"><strong>&lt;&lt;&lt; Es sind alle Pl\u00e4tze vergeben \u2013 eine Anmeldung zum Projekt ist nicht mehr m\u00f6glich. &gt;&gt;&gt;<\/strong><\/p>\n\n\n\n<hr class=\"wp-block-separator has-alpha-channel-opacity\"\/>\n\n\n\n<p class=\"has-text-align-center\">Trotzdem freuen wir uns weiter \u00fcber deine <strong>finanzielle Unterst\u00fctzung<\/strong> &#8211; Nicht nur f\u00fcr das STOW-Projekt, sondern <br><strong>f\u00fcr die Streuobstwiesen in unserer Region<\/strong>.<br>Du willst mehr erfahren? Details findest du in unserem Spendenaufruf.<\/p>\n\n\n\n<div class=\"wp-block-buttons is-layout-flex wp-block-buttons-is-layout-flex\">\n<div class=\"wp-block-button aligncenter has-custom-font-size is-style-primary has-medium-font-size\" style=\"font-style:normal;font-weight:500;letter-spacing:3px\"><a class=\"wp-block-button__link has-nv-text-dark-bg-color has-nv-c-1-background-color has-text-color has-background wp-element-button\" href=\"https:\/\/www.betterplace.org\/de\/projects\/116468?utm_campaign=user_share&amp;utm_medium=ppp_sticky&amp;utm_source=Link\" style=\"border-radius:28px\" target=\"_blank\" rel=\"noreferrer noopener\">Zum Spendenaufruf<\/a><\/div>\n<\/div>\n\n\n\n<hr class=\"wp-block-separator has-alpha-channel-opacity\"\/>\n\n\n\n<figure class=\"wp-block-gallery has-nested-images columns-4 is-cropped wp-block-gallery-1 is-layout-flex wp-block-gallery-is-layout-flex\">\n<figure class=\"wp-block-image size-medium\"><a href=\"https:\/\/ogv-oeffingen.de\/wp-content\/uploads\/2022\/03\/L1001068-Gross.jpeg\" data-lbwps-width=\"1280\" data-lbwps-height=\"851\" data-lbwps-srcsmall=\"https:\/\/ogv-oeffingen.de\/wp-content\/uploads\/2022\/03\/L1001068-Gross-300x199.jpeg\"><img loading=\"lazy\" decoding=\"async\" width=\"300\" height=\"199\" data-id=\"1469\" src=\"https:\/\/ogv-oeffingen.de\/wp-content\/uploads\/2022\/03\/L1001068-Gross-300x199.jpeg\" alt=\"\" class=\"wp-image-1469\" srcset=\"https:\/\/ogv-oeffingen.de\/wp-content\/uploads\/2022\/03\/L1001068-Gross-300x199.jpeg 300w, https:\/\/ogv-oeffingen.de\/wp-content\/uploads\/2022\/03\/L1001068-Gross-1024x681.jpeg 1024w, https:\/\/ogv-oeffingen.de\/wp-content\/uploads\/2022\/03\/L1001068-Gross-768x511.jpeg 768w, https:\/\/ogv-oeffingen.de\/wp-content\/uploads\/2022\/03\/L1001068-Gross-930x620.jpeg 930w, https:\/\/ogv-oeffingen.de\/wp-content\/uploads\/2022\/03\/L1001068-Gross.jpeg 1280w\" sizes=\"auto, (max-width: 300px) 100vw, 300px\" \/><\/a><\/figure>\n\n\n\n<figure class=\"wp-block-image size-medium\"><a href=\"https:\/\/ogv-oeffingen.de\/wp-content\/uploads\/2022\/03\/L1001094-Gross.jpeg\" data-lbwps-width=\"1280\" data-lbwps-height=\"851\" data-lbwps-srcsmall=\"https:\/\/ogv-oeffingen.de\/wp-content\/uploads\/2022\/03\/L1001094-Gross-300x199.jpeg\"><img loading=\"lazy\" decoding=\"async\" width=\"300\" height=\"199\" data-id=\"1490\" src=\"https:\/\/ogv-oeffingen.de\/wp-content\/uploads\/2022\/03\/L1001094-Gross-300x199.jpeg\" alt=\"\" class=\"wp-image-1490\" srcset=\"https:\/\/ogv-oeffingen.de\/wp-content\/uploads\/2022\/03\/L1001094-Gross-300x199.jpeg 300w, https:\/\/ogv-oeffingen.de\/wp-content\/uploads\/2022\/03\/L1001094-Gross-1024x681.jpeg 1024w, https:\/\/ogv-oeffingen.de\/wp-content\/uploads\/2022\/03\/L1001094-Gross-768x511.jpeg 768w, https:\/\/ogv-oeffingen.de\/wp-content\/uploads\/2022\/03\/L1001094-Gross-930x620.jpeg 930w, https:\/\/ogv-oeffingen.de\/wp-content\/uploads\/2022\/03\/L1001094-Gross.jpeg 1280w\" sizes=\"auto, (max-width: 300px) 100vw, 300px\" \/><\/a><\/figure>\n\n\n\n<figure class=\"wp-block-image size-medium\"><a href=\"https:\/\/ogv-oeffingen.de\/wp-content\/uploads\/2022\/03\/L1000690.jpg\" data-lbwps-width=\"7559\" data-lbwps-height=\"5027\" data-lbwps-srcsmall=\"https:\/\/ogv-oeffingen.de\/wp-content\/uploads\/2022\/03\/L1000690-300x200.jpg\" data-lbwps-caption=\"Insektenhotel, handmade\"><img loading=\"lazy\" decoding=\"async\" width=\"300\" height=\"200\" data-id=\"1385\" src=\"https:\/\/ogv-oeffingen.de\/wp-content\/uploads\/2022\/03\/L1000690-300x200.jpg\" alt=\"\" class=\"wp-image-1385\" srcset=\"https:\/\/ogv-oeffingen.de\/wp-content\/uploads\/2022\/03\/L1000690-300x200.jpg 300w, https:\/\/ogv-oeffingen.de\/wp-content\/uploads\/2022\/03\/L1000690-1024x681.jpg 1024w, https:\/\/ogv-oeffingen.de\/wp-content\/uploads\/2022\/03\/L1000690-768x511.jpg 768w, https:\/\/ogv-oeffingen.de\/wp-content\/uploads\/2022\/03\/L1000690-391x260.jpg 391w, https:\/\/ogv-oeffingen.de\/wp-content\/uploads\/2022\/03\/L1000690-1536x1021.jpg 1536w, https:\/\/ogv-oeffingen.de\/wp-content\/uploads\/2022\/03\/L1000690-2048x1362.jpg 2048w, https:\/\/ogv-oeffingen.de\/wp-content\/uploads\/2022\/03\/L1000690-930x620.jpg 930w\" sizes=\"auto, (max-width: 300px) 100vw, 300px\" \/><\/a><\/figure>\n\n\n\n<figure class=\"wp-block-image size-medium\"><a href=\"https:\/\/ogv-oeffingen.de\/wp-content\/uploads\/2022\/01\/L1000425.jpg\" data-lbwps-width=\"1626\" data-lbwps-height=\"1080\" data-lbwps-srcsmall=\"https:\/\/ogv-oeffingen.de\/wp-content\/uploads\/2022\/01\/L1000425-300x199.jpg\" data-lbwps-caption=\"Bild von Guido Scheffler\"><img loading=\"lazy\" decoding=\"async\" width=\"300\" height=\"199\" data-id=\"1194\" src=\"https:\/\/ogv-oeffingen.de\/wp-content\/uploads\/2022\/01\/L1000425-300x199.jpg\" alt=\"\" class=\"wp-image-1194\" srcset=\"https:\/\/ogv-oeffingen.de\/wp-content\/uploads\/2022\/01\/L1000425-300x199.jpg 300w, https:\/\/ogv-oeffingen.de\/wp-content\/uploads\/2022\/01\/L1000425-1024x680.jpg 1024w, https:\/\/ogv-oeffingen.de\/wp-content\/uploads\/2022\/01\/L1000425-768x510.jpg 768w, https:\/\/ogv-oeffingen.de\/wp-content\/uploads\/2022\/01\/L1000425-391x260.jpg 391w, https:\/\/ogv-oeffingen.de\/wp-content\/uploads\/2022\/01\/L1000425-1536x1020.jpg 1536w, https:\/\/ogv-oeffingen.de\/wp-content\/uploads\/2022\/01\/L1000425-930x620.jpg 930w, https:\/\/ogv-oeffingen.de\/wp-content\/uploads\/2022\/01\/L1000425.jpg 1626w\" sizes=\"auto, (max-width: 300px) 100vw, 300px\" \/><\/a><\/figure>\n<figcaption class=\"blocks-gallery-caption wp-element-caption\">Bilder <a href=\"https:\/\/gscheffler.de\/\" target=\"_blank\" rel=\"noreferrer noopener\">Guido Scheffler<\/a><\/figcaption><\/figure>\n\n\n\n<div style=\"height:37px\" aria-hidden=\"true\" class=\"wp-block-spacer\"><\/div>\n\n\n\n<p><strong>Streuobstwiesen <\/strong>sind eine wertvolle Kulturlandschaft mit <strong>einzigartiger Artenvielfalt <\/strong>und <strong>hohem Erholungswert <\/strong>f\u00fcr die Bev\u00f6lkerung. Die Pflege einer Streuobstwiese ist nicht wirtschaftlich. Dem hohen Arbeitseinsatz und den Kosten f\u00fcr Werkzeuge und Maschinen stehen nur minimale Ertr\u00e4ge durch die Ernteverwertung entgegen.<br>Zur Bewirtschaftung einer Streuobstwiese bedarf es neben Fachwissen zum Obstbau und der Wiesenpflege auch entsprechender Werkzeuge und Maschinen. In unserem dicht besiedelten Ballungsraum ist die Unterbringung von M\u00e4hern und PKW-Anh\u00e4ngern oft unm\u00f6glich.<\/p>\n\n\n<div class=\"wp-block-image\">\n<figure class=\"alignleft size-medium is-resized\"><img loading=\"lazy\" decoding=\"async\" src=\"https:\/\/ogv-oeffingen.de\/wp-content\/uploads\/2021\/12\/image-1-222x300.png\" alt=\"\" class=\"wp-image-973\" width=\"260\" height=\"352\" srcset=\"https:\/\/ogv-oeffingen.de\/wp-content\/uploads\/2021\/12\/image-1-222x300.png 222w, https:\/\/ogv-oeffingen.de\/wp-content\/uploads\/2021\/12\/image-1.png 420w\" sizes=\"auto, (max-width: 260px) 100vw, 260px\" \/><\/figure>\n<\/div>\n\n\n<p><strong>Ziel ist, dir die ben\u00f6tigten Kenntnisse und Fertigkeiten zu vermitteln.<\/strong> Wir erwarten, dass du durch das Projekt Spa\u00df an der Bewirtschaftung einer Streuobstwiese findest und dir zutraust, eine Wiese zu pachten oder zu kaufen. Dazu werden wir auch langfristig das Equipment zur Verf\u00fcgung stellen. Damit leistest du einen <strong>wichtigen Beitrag<\/strong>, um das&nbsp;<strong>Weltkulturerbe Streuobstwiese langfristig zu erhalten<\/strong>.<br>Die Instruktoren sind gepr\u00fcfte Fachwarte f\u00fcr Obst und Garten und bewirtschaften selbst eigene Streuobstwiesen.&nbsp;<br>Die Fl\u00e4chen f\u00fcr das Projekt sind gefunden und werden durch ein Vereinsmitglied dauerhaft unentgeltlich zur Verf\u00fcgung gestellt.<\/p>\n\n\n<div class=\"wp-block-image\">\n<figure class=\"alignright size-medium is-resized\"><img loading=\"lazy\" decoding=\"async\" src=\"https:\/\/ogv-oeffingen.de\/wp-content\/uploads\/2021\/09\/B9219596-min-1-300x225.jpg\" alt=\"\" class=\"wp-image-683\" width=\"359\" height=\"269\" srcset=\"https:\/\/ogv-oeffingen.de\/wp-content\/uploads\/2021\/09\/B9219596-min-1-300x225.jpg 300w, https:\/\/ogv-oeffingen.de\/wp-content\/uploads\/2021\/09\/B9219596-min-1-1024x768.jpg 1024w, https:\/\/ogv-oeffingen.de\/wp-content\/uploads\/2021\/09\/B9219596-min-1-768x576.jpg 768w, https:\/\/ogv-oeffingen.de\/wp-content\/uploads\/2021\/09\/B9219596-min-1-1536x1152.jpg 1536w, https:\/\/ogv-oeffingen.de\/wp-content\/uploads\/2021\/09\/B9219596-min-1-2048x1536.jpg 2048w\" sizes=\"auto, (max-width: 359px) 100vw, 359px\" \/><\/figure>\n<\/div>\n\n\n<p>Im M\u00e4rz 2022 machen wir eine Einf\u00fchrungsveranstaltung und eine erste theoretische Unterweisung. Dabei legen die Teilnehmer fest, welche Obstart und Sorte sie pflanzen wollen. Im Fr\u00fchjahr 2022 werden die B\u00e4ume gepflanzt. Es werden nur heimische Obstbaumhochst\u00e4mme mit dedizierter Eignung f\u00fcr die lokalen Verh\u00e4ltnisse ausgew\u00e4hlt. Die B\u00e4ume werden zentral eingekauft, dazu Drahtkorb, Pfosten, Pflanzsubstrat und Bindematerial. Der Pflanzschnitt wird von den Teilnehmern unter fachlicher Anleitung durchgef\u00fchrt. Ab dem Fr\u00fchjahr wird gegossen und die Baumscheibe freigehalten. Die erste Mahd erfolgt im Juni (je nach Witterung), weitere theoretische Schulung. Die zweite Mahd erfolgt im Oktober. Im Winter 2022\/23 theoretischer Teil \u201eErziehungsschnitt\u201c und praktische Umsetzung. Das wiederholt sich bis 2024\/2025, dann zus\u00e4tzlich theoretischer und praktischer Teil zum Juniriss und August\/September \u201eSommerschnitt\u201c. 2028 ist eine nennenswerte Ernte zu erwarten. Vorbereitung durch theoretische Unterweisung Obstverwertung. Im Winter 2028 Theorie und Praxis zum \u201eErhaltungsschnitt\u201c. So weiter bis 2033. Dann endet das Projekt, das hei\u00dft, die Teilnehmer sind in der Lage eine Streuobstwiese zu bewirtschaften. Der Verein unterst\u00fctzt bei der Suche nach einer eigenen Streuobstwiese. Die Projektb\u00e4ume k\u00f6nnen von den Teilnehmern in Eigenregie weiter genutzt werden.<\/p>\n\n\n\n<p>Die Unterst\u00fctzung durch den Verleih von Werkzeugen, einem Wiesenm\u00e4her und einem Anh\u00e4nger wird dauerhaft aufrechterhalten und steht allen Vereinsmitgliedern zur Verf\u00fcgung. Die Unterhaltskosten und Pflege der Ger\u00e4te werden vom Obst- und Gartenbauverein Oeffingen e.V. \u00fcbernommen.<\/p>\n\n\n<hr>\n\n\n<h2 class=\"wp-block-heading\" id=\"faq\">FAQ<\/h2>\n\n\n<div class=\"wp-block-uagb-faq uagb-faq__outer-wrap uagb-block-210adcce uagb-faq-icon-row uagb-faq-layout-accordion uagb-faq-expand-first-false uagb-faq-inactive-other-true uagb-faq__wrap uagb-buttons-layout-wrap uagb-faq-equal-height     \" data-faqtoggle=\"true\" role=\"tablist\"><div class=\"wp-block-uagb-faq-child uagb-faq-child__outer-wrap uagb-faq-item uagb-block-1874157a \" role=\"tab\" tabindex=\"0\"><div class=\"uagb-faq-questions-button uagb-faq-questions\">\t\t\t<span class=\"uagb-icon uagb-faq-icon-wrap\">\n\t\t\t\t\t\t\t\t<svg xmlns=\"https:\/\/www.w3.org\/2000\/svg\" viewBox= \"0 0 448 512\"><path d=\"M432 256c0 17.69-14.33 32.01-32 32.01H256v144c0 17.69-14.33 31.99-32 31.99s-32-14.3-32-31.99v-144H48c-17.67 0-32-14.32-32-32.01s14.33-31.99 32-31.99H192v-144c0-17.69 14.33-32.01 32-32.01s32 14.32 32 32.01v144h144C417.7 224 432 238.3 432 256z\"><\/path><\/svg>\n\t\t\t\t\t\t\t<\/span>\n\t\t\t\t\t\t<span class=\"uagb-icon-active uagb-faq-icon-wrap\">\n\t\t\t\t\t\t\t\t<svg xmlns=\"https:\/\/www.w3.org\/2000\/svg\" viewBox= \"0 0 448 512\"><path d=\"M400 288h-352c-17.69 0-32-14.32-32-32.01s14.31-31.99 32-31.99h352c17.69 0 32 14.3 32 31.99S417.7 288 400 288z\"><\/path><\/svg>\n\t\t\t\t\t\t\t<\/span>\n\t\t\t<span class=\"uagb-question\"> Was kostet mich das? <\/span><\/div><div class=\"uagb-faq-content\"><p>Nichts!<br>Das ganze Projekt ist \u00fcber gro\u00dfz\u00fcgige Spender, denen unsere Streuobstwiesen am Herzen liegen, finanziert. Du erh\u00e4ltst von uns den Baum und alles was du zum Pflanzen brauchst kostenlos. Werkzeuge, Maschinen und sogar einen Autoanh\u00e4nger leihen wir dir aus. Au\u00dferdem stellen wir dir Fachleute an die Seite, die alles genau erkl\u00e4ren.  <\/p><\/div><\/div><div class=\"wp-block-uagb-faq-child uagb-faq-child__outer-wrap uagb-faq-item uagb-block-5552f019 \" role=\"tab\" tabindex=\"0\"><div class=\"uagb-faq-questions-button uagb-faq-questions\">\t\t\t<span class=\"uagb-icon uagb-faq-icon-wrap\">\n\t\t\t\t\t\t\t\t<svg xmlns=\"https:\/\/www.w3.org\/2000\/svg\" viewBox= \"0 0 448 512\"><path d=\"M432 256c0 17.69-14.33 32.01-32 32.01H256v144c0 17.69-14.33 31.99-32 31.99s-32-14.3-32-31.99v-144H48c-17.67 0-32-14.32-32-32.01s14.33-31.99 32-31.99H192v-144c0-17.69 14.33-32.01 32-32.01s32 14.32 32 32.01v144h144C417.7 224 432 238.3 432 256z\"><\/path><\/svg>\n\t\t\t\t\t\t\t<\/span>\n\t\t\t\t\t\t<span class=\"uagb-icon-active uagb-faq-icon-wrap\">\n\t\t\t\t\t\t\t\t<svg xmlns=\"https:\/\/www.w3.org\/2000\/svg\" viewBox= \"0 0 448 512\"><path d=\"M400 288h-352c-17.69 0-32-14.32-32-32.01s14.31-31.99 32-31.99h352c17.69 0 32 14.3 32 31.99S417.7 288 400 288z\"><\/path><\/svg>\n\t\t\t\t\t\t\t<\/span>\n\t\t\t<span class=\"uagb-question\"> Wieviel Zeit muss ich investieren? <\/span><\/div><div class=\"uagb-faq-content\"><p>Immer wieder mal ein paar Stunden auf der Wiese oder auch im Lehrsaal. Du bekommst auch ein theoretisches Fundament, damit du nicht nur lernst wie man es macht, sondern auch warum. Vorwiegend an Wochenenden oder abends.<br>Wir w\u00fcnschen uns, dass du viele Jahre dabei bleibst. <\/p><\/div><\/div><div class=\"wp-block-uagb-faq-child uagb-faq-child__outer-wrap uagb-faq-item uagb-block-0e4cb050 \" role=\"tab\" tabindex=\"0\"><div class=\"uagb-faq-questions-button uagb-faq-questions\">\t\t\t<span class=\"uagb-icon uagb-faq-icon-wrap\">\n\t\t\t\t\t\t\t\t<svg xmlns=\"https:\/\/www.w3.org\/2000\/svg\" viewBox= \"0 0 448 512\"><path d=\"M432 256c0 17.69-14.33 32.01-32 32.01H256v144c0 17.69-14.33 31.99-32 31.99s-32-14.3-32-31.99v-144H48c-17.67 0-32-14.32-32-32.01s14.33-31.99 32-31.99H192v-144c0-17.69 14.33-32.01 32-32.01s32 14.32 32 32.01v144h144C417.7 224 432 238.3 432 256z\"><\/path><\/svg>\n\t\t\t\t\t\t\t<\/span>\n\t\t\t\t\t\t<span class=\"uagb-icon-active uagb-faq-icon-wrap\">\n\t\t\t\t\t\t\t\t<svg xmlns=\"https:\/\/www.w3.org\/2000\/svg\" viewBox= \"0 0 448 512\"><path d=\"M400 288h-352c-17.69 0-32-14.32-32-32.01s14.31-31.99 32-31.99h352c17.69 0 32 14.3 32 31.99S417.7 288 400 288z\"><\/path><\/svg>\n\t\t\t\t\t\t\t<\/span>\n\t\t\t<span class=\"uagb-question\"> Gibt es ein Mindestalter? <\/span><\/div><div class=\"uagb-faq-content\"><p>Du solltest mind. 12 Jahre alt sein, um selbst einen Baum \u00fcbernehmen zu k\u00f6nnen. Bei Minderj\u00e4hrigen brauchen wir das Einverst\u00e4ndnis der Eltern. Sei dir bewusst, dass wir auch Unterricht wie in der Schule machen. <\/p><\/div><\/div><div class=\"wp-block-uagb-faq-child uagb-faq-child__outer-wrap uagb-faq-item uagb-block-dc007ede \" role=\"tab\" tabindex=\"0\"><div class=\"uagb-faq-questions-button uagb-faq-questions\">\t\t\t<span class=\"uagb-icon uagb-faq-icon-wrap\">\n\t\t\t\t\t\t\t\t<svg xmlns=\"https:\/\/www.w3.org\/2000\/svg\" viewBox= \"0 0 448 512\"><path d=\"M432 256c0 17.69-14.33 32.01-32 32.01H256v144c0 17.69-14.33 31.99-32 31.99s-32-14.3-32-31.99v-144H48c-17.67 0-32-14.32-32-32.01s14.33-31.99 32-31.99H192v-144c0-17.69 14.33-32.01 32-32.01s32 14.32 32 32.01v144h144C417.7 224 432 238.3 432 256z\"><\/path><\/svg>\n\t\t\t\t\t\t\t<\/span>\n\t\t\t\t\t\t<span class=\"uagb-icon-active uagb-faq-icon-wrap\">\n\t\t\t\t\t\t\t\t<svg xmlns=\"https:\/\/www.w3.org\/2000\/svg\" viewBox= \"0 0 448 512\"><path d=\"M400 288h-352c-17.69 0-32-14.32-32-32.01s14.31-31.99 32-31.99h352c17.69 0 32 14.3 32 31.99S417.7 288 400 288z\"><\/path><\/svg>\n\t\t\t\t\t\t\t<\/span>\n\t\t\t<span class=\"uagb-question\"> Gibt es eine Altersgrenze? <\/span><\/div><div class=\"uagb-faq-content\"><p>Nein. Lesen Sie dazu <a href=\"https:\/\/ogv-oeffingen.de\/?p=861\" data-type=\"post\" data-id=\"861\">Oeffinger sind bodenst\u00e4ndig<\/a>. <\/p><\/div><\/div><div class=\"wp-block-uagb-faq-child uagb-faq-child__outer-wrap uagb-faq-item uagb-block-f2153310 \" role=\"tab\" tabindex=\"0\"><div class=\"uagb-faq-questions-button uagb-faq-questions\">\t\t\t<span class=\"uagb-icon uagb-faq-icon-wrap\">\n\t\t\t\t\t\t\t\t<svg xmlns=\"https:\/\/www.w3.org\/2000\/svg\" viewBox= \"0 0 448 512\"><path d=\"M432 256c0 17.69-14.33 32.01-32 32.01H256v144c0 17.69-14.33 31.99-32 31.99s-32-14.3-32-31.99v-144H48c-17.67 0-32-14.32-32-32.01s14.33-31.99 32-31.99H192v-144c0-17.69 14.33-32.01 32-32.01s32 14.32 32 32.01v144h144C417.7 224 432 238.3 432 256z\"><\/path><\/svg>\n\t\t\t\t\t\t\t<\/span>\n\t\t\t\t\t\t<span class=\"uagb-icon-active uagb-faq-icon-wrap\">\n\t\t\t\t\t\t\t\t<svg xmlns=\"https:\/\/www.w3.org\/2000\/svg\" viewBox= \"0 0 448 512\"><path d=\"M400 288h-352c-17.69 0-32-14.32-32-32.01s14.31-31.99 32-31.99h352c17.69 0 32 14.3 32 31.99S417.7 288 400 288z\"><\/path><\/svg>\n\t\t\t\t\t\t\t<\/span>\n\t\t\t<span class=\"uagb-question\"> Wo ist die Wiese? <\/span><\/div><div class=\"uagb-faq-content\"><p> In Fellbach-Oeffingen <\/p><\/div><\/div><div class=\"wp-block-uagb-faq-child uagb-faq-child__outer-wrap uagb-faq-item uagb-block-049003b8 \" role=\"tab\" tabindex=\"0\"><div class=\"uagb-faq-questions-button uagb-faq-questions\">\t\t\t<span class=\"uagb-icon uagb-faq-icon-wrap\">\n\t\t\t\t\t\t\t\t<svg xmlns=\"https:\/\/www.w3.org\/2000\/svg\" viewBox= \"0 0 448 512\"><path d=\"M432 256c0 17.69-14.33 32.01-32 32.01H256v144c0 17.69-14.33 31.99-32 31.99s-32-14.3-32-31.99v-144H48c-17.67 0-32-14.32-32-32.01s14.33-31.99 32-31.99H192v-144c0-17.69 14.33-32.01 32-32.01s32 14.32 32 32.01v144h144C417.7 224 432 238.3 432 256z\"><\/path><\/svg>\n\t\t\t\t\t\t\t<\/span>\n\t\t\t\t\t\t<span class=\"uagb-icon-active uagb-faq-icon-wrap\">\n\t\t\t\t\t\t\t\t<svg xmlns=\"https:\/\/www.w3.org\/2000\/svg\" viewBox= \"0 0 448 512\"><path d=\"M400 288h-352c-17.69 0-32-14.32-32-32.01s14.31-31.99 32-31.99h352c17.69 0 32 14.3 32 31.99S417.7 288 400 288z\"><\/path><\/svg>\n\t\t\t\t\t\t\t<\/span>\n\t\t\t<span class=\"uagb-question\"> Wann geht\u2018s endlich los? <\/span><\/div><div class=\"uagb-faq-content\"><p>Wir warten auf den ersten richtigen Frost, dann entfernen wir vorhandene Baumst\u00fcmpfe. Im Fr\u00fchling 2022 k\u00f6nnen wir dann pflanzen. <\/p><\/div><\/div><div class=\"wp-block-uagb-faq-child uagb-faq-child__outer-wrap uagb-faq-item uagb-block-25351f49 \" role=\"tab\" tabindex=\"0\"><div class=\"uagb-faq-questions-button uagb-faq-questions\">\t\t\t<span class=\"uagb-icon uagb-faq-icon-wrap\">\n\t\t\t\t\t\t\t\t<svg xmlns=\"https:\/\/www.w3.org\/2000\/svg\" viewBox= \"0 0 448 512\"><path d=\"M432 256c0 17.69-14.33 32.01-32 32.01H256v144c0 17.69-14.33 31.99-32 31.99s-32-14.3-32-31.99v-144H48c-17.67 0-32-14.32-32-32.01s14.33-31.99 32-31.99H192v-144c0-17.69 14.33-32.01 32-32.01s32 14.32 32 32.01v144h144C417.7 224 432 238.3 432 256z\"><\/path><\/svg>\n\t\t\t\t\t\t\t<\/span>\n\t\t\t\t\t\t<span class=\"uagb-icon-active uagb-faq-icon-wrap\">\n\t\t\t\t\t\t\t\t<svg xmlns=\"https:\/\/www.w3.org\/2000\/svg\" viewBox= \"0 0 448 512\"><path d=\"M400 288h-352c-17.69 0-32-14.32-32-32.01s14.31-31.99 32-31.99h352c17.69 0 32 14.3 32 31.99S417.7 288 400 288z\"><\/path><\/svg>\n\t\t\t\t\t\t\t<\/span>\n\t\t\t<span class=\"uagb-question\"> Wenn ich keine Lust mehr habe? <\/span><\/div><div class=\"uagb-faq-content\"><p>Das w\u00fcrde uns sehr leid tun. Aber manchmal geht es halt nicht mehr. Wir w\u00fcrden dann versuchen, einen Ersatz zu finden. Zur Not \u00fcbernehmen wir die Pflege des Baumes. <\/p><\/div><\/div><\/div>\n\n<hr>\n\n\n<p>Ich will mitmachen. Was muss ich tun?<br>Wir freuen uns \u00fcber das gro\u00dfe Interesse am Projekt. Wir konnten von geplanten 15 auf 30 und letztlich auf 45 B\u00e4ume aufstocken. Das war durch die tolle Unterst\u00fctzung unserer gro\u00dfz\u00fcgigen Spender m\u00f6glich. Jetzt haben wir die Grenze erreicht, bis zu der wir noch eine fachlich qualifizierte individuelle Betreuung der Teilnehmer gew\u00e4hrleisten k\u00f6nnen.<\/p>\n\n\n\n<p style=\"text-transform:uppercase\"><strong>Eine Anmeldung zum Projekt ist nicht mehr m\u00f6glich.<\/strong><\/p>\n\n\n\n<div class=\"wp-block-buttons is-layout-flex wp-block-buttons-is-layout-flex\"><\/div>\n\n\n<hr>\n\n\n<p><\/p>\n\n\n\n<div class=\"wp-block-buttons is-layout-flex wp-block-buttons-is-layout-flex\"><\/div>\n\n\n\n<p><strong>Das Projekt wird erm\u00f6glicht durch diese Unterst\u00fctzer:<\/strong><\/p>\n\n\n<div class=\"wp-block-image\">\n<figure class=\"aligncenter size-large is-resized\"><img loading=\"lazy\" decoding=\"async\" src=\"https:\/\/ogv-oeffingen.de\/wp-content\/uploads\/2022\/11\/STOW_Sponsoren-1-1024x609.jpg\" alt=\"\" class=\"wp-image-2337\" width=\"748\" height=\"445\" srcset=\"https:\/\/ogv-oeffingen.de\/wp-content\/uploads\/2022\/11\/STOW_Sponsoren-1-1024x609.jpg 1024w, https:\/\/ogv-oeffingen.de\/wp-content\/uploads\/2022\/11\/STOW_Sponsoren-1-300x178.jpg 300w, https:\/\/ogv-oeffingen.de\/wp-content\/uploads\/2022\/11\/STOW_Sponsoren-1-768x457.jpg 768w, https:\/\/ogv-oeffingen.de\/wp-content\/uploads\/2022\/11\/STOW_Sponsoren-1.jpg 1219w\" sizes=\"auto, (max-width: 748px) 100vw, 748px\" \/><\/figure>\n<\/div>\n\n\n<p class=\"has-medium-font-size\"><strong>&#8230;und viele engagierte Privatspender<\/strong><\/p>\n\n\n\n<p class=\"has-medium-font-size\" style=\"text-transform:uppercase\"><strong>!!! Herzlichen Dank !!!<\/strong><\/p>\n\n\n<p><iframe loading=\"lazy\" allowfullscreen=\"\" src=\"\/\/umap.openstreetmap.de\/de\/map\/lage-projektwiese-obere-hart_23199?scaleControl=true&amp;miniMap=true&amp;scrollWheelZoom=true&amp;zoomControl=true&amp;allowEdit=false&amp;moreControl=true&amp;searchControl=null&amp;tilelayersControl=null&amp;embedControl=null&amp;datalayersControl=true&amp;onLoadPanel=undefined&amp;captionBar=false\" width=\"100%\" height=\"300px\" frameborder=\"0\"><\/iframe><\/p>\n<p><a href=\"\/\/umap.openstreetmap.de\/de\/map\/lage-projektwiese-obere-hart_23199\">Vollbildanzeige<\/a><\/p>\n\n\n<hr class=\"wp-block-separator has-css-opacity\"\/>\n\n\n\n<p><\/p>\n\n\n\n<p><a href=\"\/\/umap.openstreetmap.de\/de\/map\/lage-projektwiese-obere-hart_23199\">Vollbildanzeige<\/a><\/p>\n","protected":false},"excerpt":{"rendered":"<p>Streuobstwiese f\u00fcr Anf\u00e4nger &lt;&lt;&lt; Es sind alle Pl\u00e4tze vergeben \u2013 eine Anmeldung zum Projekt ist nicht mehr m\u00f6glich. &gt;&gt;&gt; Trotzdem freuen wir uns weiter \u00fcber deine finanzielle Unterst\u00fctzung &#8211; Nicht&hellip;&nbsp;<a href=\"https:\/\/ogv-oeffingen.de\/?page_id=899\" rel=\"bookmark\">Weiterlesen &raquo;<span class=\"screen-reader-text\">STOW-Projektbeschreibung<\/span><\/a><\/p>\n","protected":false},"author":2,"featured_media":900,"parent":0,"menu_order":0,"comment_status":"closed","ping_status":"closed","template":"","meta":{"_uag_custom_page_level_css":"","neve_meta_sidebar":"full-width","neve_meta_container":"","neve_meta_enable_content_width":"on","neve_meta_content_width":100,"neve_meta_title_alignment":"","neve_meta_author_avatar":"","neve_post_elements_order":"","neve_meta_disable_header":"","neve_meta_disable_footer":"","neve_meta_disable_title":"","_EventAllDay":false,"_EventTimezone":"","_EventStartDate":"","_EventEndDate":"","_EventStartDateUTC":"","_EventEndDateUTC":"","_EventShowMap":false,"_EventShowMapLink":false,"_EventURL":"","_EventCost":"","_EventCostDescription":"","_EventCurrencySymbol":"","_EventCurrencyCode":"","_EventCurrencyPosition":"","_EventDateTimeSeparator":"","_EventTimeRangeSeparator":"","_EventOrganizerID":[],"_EventVenueID":[],"_OrganizerEmail":"","_OrganizerPhone":"","_OrganizerWebsite":"","_VenueAddress":"","_VenueCity":"","_VenueCountry":"","_VenueProvince":"","_VenueState":"","_VenueZip":"","_VenuePhone":"","_VenueURL":"","_VenueStateProvince":"","_VenueLat":"","_VenueLng":"","_VenueShowMap":false,"_VenueShowMapLink":false,"footnotes":""},"class_list":["post-899","page","type-page","status-publish","has-post-thumbnail","hentry"],"featured_image_src":"https:\/\/ogv-oeffingen.de\/wp-content\/uploads\/2021\/12\/18854-scaled.jpg","yoast_head":"<!-- This site is optimized with the Yoast SEO plugin v27.4 - https:\/\/yoast.com\/product\/yoast-seo-wordpress\/ -->\n<title>STOW-Projektbeschreibung - Obst- und Gartenbauverein Oeffingen e.V.<\/title>\n<meta name=\"robots\" content=\"index, follow, max-snippet:-1, max-image-preview:large, max-video-preview:-1\" \/>\n<link rel=\"canonical\" href=\"https:\/\/ogv-oeffingen.de\/?page_id=899\" \/>\n<meta property=\"og:locale\" content=\"de_DE\" \/>\n<meta property=\"og:type\" content=\"article\" \/>\n<meta property=\"og:title\" content=\"STOW-Projektbeschreibung - Obst- und Gartenbauverein Oeffingen e.V.\" \/>\n<meta property=\"og:description\" content=\"Streuobstwiese f\u00fcr Anf\u00e4nger &lt;&lt;&lt; Es sind alle Pl\u00e4tze vergeben \u2013 eine Anmeldung zum Projekt ist nicht mehr m\u00f6glich. &gt;&gt;&gt; Trotzdem freuen wir uns weiter \u00fcber deine finanzielle Unterst\u00fctzung &#8211; Nicht&hellip;&nbsp;Weiterlesen &raquo;STOW-Projektbeschreibung\" \/>\n<meta property=\"og:url\" content=\"https:\/\/ogv-oeffingen.de\/?page_id=899\" \/>\n<meta property=\"og:site_name\" content=\"Obst- und Gartenbauverein Oeffingen e.V.\" \/>\n<meta property=\"article:modified_time\" content=\"2022-12-28T12:25:33+00:00\" \/>\n<meta property=\"og:image\" content=\"https:\/\/ogv-oeffingen.de\/wp-content\/uploads\/2021\/12\/18854-scaled.jpg\" \/>\n\t<meta property=\"og:image:width\" content=\"2560\" \/>\n\t<meta property=\"og:image:height\" content=\"2496\" \/>\n\t<meta property=\"og:image:type\" content=\"image\/jpeg\" \/>\n<meta name=\"twitter:card\" content=\"summary_large_image\" \/>\n<meta name=\"twitter:label1\" content=\"Gesch\u00e4tzte Lesezeit\" \/>\n\t<meta name=\"twitter:data1\" content=\"4\u00a0Minuten\" \/>\n<script type=\"application\/ld+json\" class=\"yoast-schema-graph\">{\"@context\":\"https:\\\/\\\/schema.org\",\"@graph\":[{\"@type\":\"WebPage\",\"@id\":\"https:\\\/\\\/ogv-oeffingen.de\\\/?page_id=899\",\"url\":\"https:\\\/\\\/ogv-oeffingen.de\\\/?page_id=899\",\"name\":\"STOW-Projektbeschreibung - Obst- und Gartenbauverein Oeffingen e.V.\",\"isPartOf\":{\"@id\":\"https:\\\/\\\/ogv-oeffingen.de\\\/#website\"},\"primaryImageOfPage\":{\"@id\":\"https:\\\/\\\/ogv-oeffingen.de\\\/?page_id=899#primaryimage\"},\"image\":{\"@id\":\"https:\\\/\\\/ogv-oeffingen.de\\\/?page_id=899#primaryimage\"},\"thumbnailUrl\":\"https:\\\/\\\/ogv-oeffingen.de\\\/wp-content\\\/uploads\\\/2021\\\/12\\\/18854-scaled.jpg\",\"datePublished\":\"2021-12-13T19:35:55+00:00\",\"dateModified\":\"2022-12-28T12:25:33+00:00\",\"breadcrumb\":{\"@id\":\"https:\\\/\\\/ogv-oeffingen.de\\\/?page_id=899#breadcrumb\"},\"inLanguage\":\"de\",\"potentialAction\":[{\"@type\":\"ReadAction\",\"target\":[\"https:\\\/\\\/ogv-oeffingen.de\\\/?page_id=899\"]}]},{\"@type\":\"ImageObject\",\"inLanguage\":\"de\",\"@id\":\"https:\\\/\\\/ogv-oeffingen.de\\\/?page_id=899#primaryimage\",\"url\":\"https:\\\/\\\/ogv-oeffingen.de\\\/wp-content\\\/uploads\\\/2021\\\/12\\\/18854-scaled.jpg\",\"contentUrl\":\"https:\\\/\\\/ogv-oeffingen.de\\\/wp-content\\\/uploads\\\/2021\\\/12\\\/18854-scaled.jpg\",\"width\":2560,\"height\":2496,\"caption\":\"Person's green thumb on a white background\"},{\"@type\":\"BreadcrumbList\",\"@id\":\"https:\\\/\\\/ogv-oeffingen.de\\\/?page_id=899#breadcrumb\",\"itemListElement\":[{\"@type\":\"ListItem\",\"position\":1,\"name\":\"Startseite\",\"item\":\"https:\\\/\\\/ogv-oeffingen.de\\\/\"},{\"@type\":\"ListItem\",\"position\":2,\"name\":\"STOW-Projektbeschreibung\"}]},{\"@type\":\"WebSite\",\"@id\":\"https:\\\/\\\/ogv-oeffingen.de\\\/#website\",\"url\":\"https:\\\/\\\/ogv-oeffingen.de\\\/\",\"name\":\"Obst- und Gartenbauverein Oeffingen e.V.\",\"description\":\"\",\"publisher\":{\"@id\":\"https:\\\/\\\/ogv-oeffingen.de\\\/#organization\"},\"potentialAction\":[{\"@type\":\"SearchAction\",\"target\":{\"@type\":\"EntryPoint\",\"urlTemplate\":\"https:\\\/\\\/ogv-oeffingen.de\\\/?s={search_term_string}\"},\"query-input\":{\"@type\":\"PropertyValueSpecification\",\"valueRequired\":true,\"valueName\":\"search_term_string\"}}],\"inLanguage\":\"de\"},{\"@type\":\"Organization\",\"@id\":\"https:\\\/\\\/ogv-oeffingen.de\\\/#organization\",\"name\":\"Obst- und Gartenbauverein Oeffingen e.V.\",\"url\":\"https:\\\/\\\/ogv-oeffingen.de\\\/\",\"logo\":{\"@type\":\"ImageObject\",\"inLanguage\":\"de\",\"@id\":\"https:\\\/\\\/ogv-oeffingen.de\\\/#\\\/schema\\\/logo\\\/image\\\/\",\"url\":\"https:\\\/\\\/ogv-oeffingen.de\\\/wp-content\\\/uploads\\\/2021\\\/07\\\/OGV_Logo_03.jpg\",\"contentUrl\":\"https:\\\/\\\/ogv-oeffingen.de\\\/wp-content\\\/uploads\\\/2021\\\/07\\\/OGV_Logo_03.jpg\",\"width\":1013,\"height\":1127,\"caption\":\"Obst- und Gartenbauverein Oeffingen e.V.\"},\"image\":{\"@id\":\"https:\\\/\\\/ogv-oeffingen.de\\\/#\\\/schema\\\/logo\\\/image\\\/\"},\"sameAs\":[\"https:\\\/\\\/www.instagram.com\\\/ogv_oeffingen\"]}]}<\/script>\n<!-- \/ Yoast SEO plugin. -->","yoast_head_json":{"title":"STOW-Projektbeschreibung - Obst- und Gartenbauverein Oeffingen e.V.","robots":{"index":"index","follow":"follow","max-snippet":"max-snippet:-1","max-image-preview":"max-image-preview:large","max-video-preview":"max-video-preview:-1"},"canonical":"https:\/\/ogv-oeffingen.de\/?page_id=899","og_locale":"de_DE","og_type":"article","og_title":"STOW-Projektbeschreibung - Obst- und Gartenbauverein Oeffingen e.V.","og_description":"Streuobstwiese f\u00fcr Anf\u00e4nger &lt;&lt;&lt; Es sind alle Pl\u00e4tze vergeben \u2013 eine Anmeldung zum Projekt ist nicht mehr m\u00f6glich. &gt;&gt;&gt; Trotzdem freuen wir uns weiter \u00fcber deine finanzielle Unterst\u00fctzung &#8211; Nicht&hellip;&nbsp;Weiterlesen &raquo;STOW-Projektbeschreibung","og_url":"https:\/\/ogv-oeffingen.de\/?page_id=899","og_site_name":"Obst- und Gartenbauverein Oeffingen e.V.","article_modified_time":"2022-12-28T12:25:33+00:00","og_image":[{"width":2560,"height":2496,"url":"https:\/\/ogv-oeffingen.de\/wp-content\/uploads\/2021\/12\/18854-scaled.jpg","type":"image\/jpeg"}],"twitter_card":"summary_large_image","twitter_misc":{"Gesch\u00e4tzte Lesezeit":"4\u00a0Minuten"},"schema":{"@context":"https:\/\/schema.org","@graph":[{"@type":"WebPage","@id":"https:\/\/ogv-oeffingen.de\/?page_id=899","url":"https:\/\/ogv-oeffingen.de\/?page_id=899","name":"STOW-Projektbeschreibung - Obst- und Gartenbauverein Oeffingen e.V.","isPartOf":{"@id":"https:\/\/ogv-oeffingen.de\/#website"},"primaryImageOfPage":{"@id":"https:\/\/ogv-oeffingen.de\/?page_id=899#primaryimage"},"image":{"@id":"https:\/\/ogv-oeffingen.de\/?page_id=899#primaryimage"},"thumbnailUrl":"https:\/\/ogv-oeffingen.de\/wp-content\/uploads\/2021\/12\/18854-scaled.jpg","datePublished":"2021-12-13T19:35:55+00:00","dateModified":"2022-12-28T12:25:33+00:00","breadcrumb":{"@id":"https:\/\/ogv-oeffingen.de\/?page_id=899#breadcrumb"},"inLanguage":"de","potentialAction":[{"@type":"ReadAction","target":["https:\/\/ogv-oeffingen.de\/?page_id=899"]}]},{"@type":"ImageObject","inLanguage":"de","@id":"https:\/\/ogv-oeffingen.de\/?page_id=899#primaryimage","url":"https:\/\/ogv-oeffingen.de\/wp-content\/uploads\/2021\/12\/18854-scaled.jpg","contentUrl":"https:\/\/ogv-oeffingen.de\/wp-content\/uploads\/2021\/12\/18854-scaled.jpg","width":2560,"height":2496,"caption":"Person's green thumb on a white background"},{"@type":"BreadcrumbList","@id":"https:\/\/ogv-oeffingen.de\/?page_id=899#breadcrumb","itemListElement":[{"@type":"ListItem","position":1,"name":"Startseite","item":"https:\/\/ogv-oeffingen.de\/"},{"@type":"ListItem","position":2,"name":"STOW-Projektbeschreibung"}]},{"@type":"WebSite","@id":"https:\/\/ogv-oeffingen.de\/#website","url":"https:\/\/ogv-oeffingen.de\/","name":"Obst- und Gartenbauverein Oeffingen e.V.","description":"","publisher":{"@id":"https:\/\/ogv-oeffingen.de\/#organization"},"potentialAction":[{"@type":"SearchAction","target":{"@type":"EntryPoint","urlTemplate":"https:\/\/ogv-oeffingen.de\/?s={search_term_string}"},"query-input":{"@type":"PropertyValueSpecification","valueRequired":true,"valueName":"search_term_string"}}],"inLanguage":"de"},{"@type":"Organization","@id":"https:\/\/ogv-oeffingen.de\/#organization","name":"Obst- und Gartenbauverein Oeffingen e.V.","url":"https:\/\/ogv-oeffingen.de\/","logo":{"@type":"ImageObject","inLanguage":"de","@id":"https:\/\/ogv-oeffingen.de\/#\/schema\/logo\/image\/","url":"https:\/\/ogv-oeffingen.de\/wp-content\/uploads\/2021\/07\/OGV_Logo_03.jpg","contentUrl":"https:\/\/ogv-oeffingen.de\/wp-content\/uploads\/2021\/07\/OGV_Logo_03.jpg","width":1013,"height":1127,"caption":"Obst- und Gartenbauverein Oeffingen e.V."},"image":{"@id":"https:\/\/ogv-oeffingen.de\/#\/schema\/logo\/image\/"},"sameAs":["https:\/\/www.instagram.com\/ogv_oeffingen"]}]}},"uagb_featured_image_src":{"full":["https:\/\/ogv-oeffingen.de\/wp-content\/uploads\/2021\/12\/18854-scaled.jpg",2560,2496,false],"thumbnail":["https:\/\/ogv-oeffingen.de\/wp-content\/uploads\/2021\/12\/18854-150x150.jpg",150,150,true],"medium":["https:\/\/ogv-oeffingen.de\/wp-content\/uploads\/2021\/12\/18854-300x293.jpg",300,293,true],"medium_large":["https:\/\/ogv-oeffingen.de\/wp-content\/uploads\/2021\/12\/18854-768x749.jpg",768,749,true],"large":["https:\/\/ogv-oeffingen.de\/wp-content\/uploads\/2021\/12\/18854-1024x999.jpg",1024,999,true],"1536x1536":["https:\/\/ogv-oeffingen.de\/wp-content\/uploads\/2021\/12\/18854-1536x1498.jpg",1536,1498,true],"2048x2048":["https:\/\/ogv-oeffingen.de\/wp-content\/uploads\/2021\/12\/18854-2048x1997.jpg",2048,1997,true],"neve-blog":["https:\/\/ogv-oeffingen.de\/wp-content\/uploads\/2021\/12\/18854-930x620.jpg",930,620,true]},"uagb_author_info":{"display_name":"J\u00fcrgen Walser","author_link":"https:\/\/ogv-oeffingen.de\/?author=2"},"uagb_comment_info":0,"uagb_excerpt":"Streuobstwiese f\u00fcr Anf\u00e4nger &lt;&lt;&lt; Es sind alle Pl\u00e4tze vergeben \u2013 eine Anmeldung zum Projekt ist nicht mehr m\u00f6glich. &gt;&gt;&gt; Trotzdem freuen wir uns weiter \u00fcber deine finanzielle Unterst\u00fctzung &#8211; Nicht&hellip;&nbsp;Weiterlesen &raquo;STOW-Projektbeschreibung","_links":{"self":[{"href":"https:\/\/ogv-oeffingen.de\/index.php?rest_route=\/wp\/v2\/pages\/899","targetHints":{"allow":["GET"]}}],"collection":[{"href":"https:\/\/ogv-oeffingen.de\/index.php?rest_route=\/wp\/v2\/pages"}],"about":[{"href":"https:\/\/ogv-oeffingen.de\/index.php?rest_route=\/wp\/v2\/types\/page"}],"author":[{"embeddable":true,"href":"https:\/\/ogv-oeffingen.de\/index.php?rest_route=\/wp\/v2\/users\/2"}],"replies":[{"embeddable":true,"href":"https:\/\/ogv-oeffingen.de\/index.php?rest_route=%2Fwp%2Fv2%2Fcomments&post=899"}],"version-history":[{"count":43,"href":"https:\/\/ogv-oeffingen.de\/index.php?rest_route=\/wp\/v2\/pages\/899\/revisions"}],"predecessor-version":[{"id":3895,"href":"https:\/\/ogv-oeffingen.de\/index.php?rest_route=\/wp\/v2\/pages\/899\/revisions\/3895"}],"wp:featuredmedia":[{"embeddable":true,"href":"https:\/\/ogv-oeffingen.de\/index.php?rest_route=\/wp\/v2\/media\/900"}],"wp:attachment":[{"href":"https:\/\/ogv-oeffingen.de\/index.php?rest_route=%2Fwp%2Fv2%2Fmedia&parent=899"}],"curies":[{"name":"wp","href":"https:\/\/api.w.org\/{rel}","templated":true}]}}