{"id":5510,"date":"2024-12-03T20:33:08","date_gmt":"2024-12-03T19:33:08","guid":{"rendered":"https:\/\/ogv-oeffingen.de\/?post_type=tribe_events&#038;p=5510"},"modified":"2025-12-09T21:04:54","modified_gmt":"2025-12-09T20:04:54","slug":"ogv-stammtisch-14","status":"publish","type":"tribe_events","link":"https:\/\/ogv-oeffingen.de\/?tribe_events=ogv-stammtisch-14","title":{"rendered":"OGV Weihnachts-Stammtisch"},"content":{"rendered":"<div  class=\"tribe-events-schedule tribe-clearfix\" >\n\t<p class=\"tribe-events-schedule__datetime\">\n\t\t<span class=\"tribe-events-schedule__date tribe-events-schedule__date--start\">\n\t\t\t11. Dezember 2025\t\t<\/span>\n\n\t\t\t\t\t<span class=\"tribe-events-schedule__separator tribe-events-schedule__separator--date\">\n\t\t\t\t \/ \t\t\t<\/span>\n\t\t\t<span class=\"tribe-events-schedule__time tribe-events-schedule__time--start\">\n\t\t\t\t18:00\t\t\t<\/span>\n\t\t\n\t\t\t\t\t\t\t\t\t<span class=\"tribe-events-schedule__separator tribe-events-schedule__separator--time\">\n\t\t\t\t\t &#8211; \t\t\t\t<\/span>\n\t\t\t\n\t\t\t\t\t\t\t<span class=\"tribe-events-schedule__time tribe-events-schedule__time--end\">\n\t\t\t\t\t21:00\t\t\t\t<\/span>\n\t\t\t\n\t\t\t\t\t\t<\/p>\n<\/div>\n\n\n<div class=\"tribe-events-event-image\"><img loading=\"lazy\" decoding=\"async\" width=\"184\" height=\"121\" src=\"https:\/\/ogv-oeffingen.de\/wp-content\/uploads\/2022\/09\/Logo_Stammtisch_Klein_gruen.png\" class=\"attachment-full size-full wp-post-image\" alt=\"\" \/><\/div>\n\n<p>Wir laden alle Mitglieder herzlich zu unseren Stammtischen am jeweils zweiten Donnerstag im Monat in der OGV-Obstbauscheuer ein. In diesem Rahmen m\u00f6chten wir den Austausch zwischen den Vereinsmitgliedern f\u00f6rdern und die Gelegenheit nutzen, aktuelle Themen rund um den Verein und den Obst-\/Gartenbau zu besprechen.<\/p>\n<p>\u2014\u2014\u2014\u2013<\/p>\n<p><strong>Thema:\u00a0 \u00a0 \u00a0 \u00a0 \u00a0\u00a0 \u00a0 Weihnachtsstammtisch\u00a0<br \/><\/strong>Ob Weihnachtslied, Gedicht, kurze Geschichte oder eine kleine kreative \u00dcberraschung \u2013 wir freuen uns auf eure pers\u00f6nlichen Beitr\u00e4ge! Gemeinsam wollen wir in gem\u00fctlicher Runde die Adventszeit genie\u00dfen, singen, zuh\u00f6ren und beisammensitzen<\/p>\n<p><strong>Treffpunkt:\u00a0\u00a0\u00a0\u00a0\u00a0 18.00 Uhr an der <\/strong><b>Obstbauscheuer<br \/><\/b><\/p>\n<p>\u2014\u2014\u2014\u2013<strong><br \/><\/strong><\/p>\n<p>F\u00fcr <strong>Getr\u00e4nke und eine Kleinigkeit zu essen<\/strong> ist gesorgt; es gibt gegrillte W\u00fcrste sowie Gl\u00fchwein und Punsch.<br \/>Wir freuen uns auf einen stimmungsvollen Abend und viele sch\u00f6ne Beitr\u00e4ge von euch!<\/p>\n\n\t<div  class=\"tribe-block tribe-block__events-link\" >\n\t\t<div class=\"tribe-events tribe-common\">\n\t\t\t<div class=\"tribe-events-c-subscribe-dropdown__container\">\n\t\t\t\t<div class=\"tribe-events-c-subscribe-dropdown\">\n\t\t\t\t\t<div class=\"tribe-common-c-btn-border tribe-events-c-subscribe-dropdown__button\">\n\t\t\t\t\t\t<svg\n\t class=\"tribe-common-c-svgicon tribe-common-c-svgicon--cal-export tribe-events-c-subscribe-dropdown__export-icon\" \taria-hidden=\"true\"\n\tviewBox=\"0 0 23 17\"\n\txmlns=\"http:\/\/www.w3.org\/2000\/svg\"\n>\n\t<path fill-rule=\"evenodd\" clip-rule=\"evenodd\" d=\"M.128.896V16.13c0 .211.145.383.323.383h15.354c.179 0 .323-.172.323-.383V.896c0-.212-.144-.383-.323-.383H.451C.273.513.128.684.128.896Zm16 6.742h-.901V4.679H1.009v10.729h14.218v-3.336h.901V7.638ZM1.01 1.614h14.218v2.058H1.009V1.614Z\" \/>\n\t<path d=\"M20.5 9.846H8.312M18.524 6.953l2.89 2.909-2.855 2.855\" stroke-width=\"1.2\" stroke-linecap=\"round\" stroke-linejoin=\"round\"\/>\n<\/svg>\n\t\t\t\t\t\t<button\n\t\t\t\t\t\t\tclass=\"tribe-events-c-subscribe-dropdown__button-text\"\n\t\t\t\t\t\t\taria-expanded=\"false\"\n\t\t\t\t\t\t\taria-controls=\"tribe-events-subscribe-dropdown-content\"\n\t\t\t\t\t\t\taria-label=\"Zeige Links an um Veranstaltungen zu deinem Kalender hinzuzuf\u00fcgen\"\n\t\t\t\t\t\t>\n\t\t\t\t\t\t\tZum Kalender hinzuf\u00fcgen\t\t\t\t\t\t<\/button>\n\t\t\t\t\t\t<svg\n\t class=\"tribe-common-c-svgicon tribe-common-c-svgicon--caret-down tribe-events-c-subscribe-dropdown__button-icon\" \taria-hidden=\"true\"\n\tviewBox=\"0 0 10 7\"\n\txmlns=\"http:\/\/www.w3.org\/2000\/svg\"\n>\n\t<path fill-rule=\"evenodd\" clip-rule=\"evenodd\" d=\"M1.008.609L5 4.6 8.992.61l.958.958L5 6.517.05 1.566l.958-.958z\" class=\"tribe-common-c-svgicon__svg-fill\"\/>\n<\/svg>\n\t\t\t\t\t<\/div>\n\t\t\t\t\t<div id=\"tribe-events-subscribe-dropdown-content\" class=\"tribe-events-c-subscribe-dropdown__content\">\n\t\t\t\t\t\t<ul class=\"tribe-events-c-subscribe-dropdown__list\">\n\t\t\t\t\t\t\t\t\t\t\t\t\t\t\t<li class=\"tribe-events-c-subscribe-dropdown__list-item tribe-events-c-subscribe-dropdown__list-item--gcal\">\n\t\t\t\t\t\t\t\t\t<a\n\t\t\t\t\t\t\t\t\t\thref=\"https:\/\/www.google.com\/calendar\/event?action=TEMPLATE&#038;dates=20251211T180000\/20251211T210000&#038;text=OGV%20Weihnachts-Stammtisch&#038;details=%3Cp%3EWir+laden+alle+Mitglieder+herzlich+zu+unseren+Stammtischen+am+jeweils+zweiten+Donnerstag+im+Monat+in+der+OGV-Obstbauscheuer+ein.+In+diesem+Rahmen+m%C3%B6chten+wir+den+Austausch+zwischen+den+Vereinsmitgliedern+f%C3%B6rdern+und+die+Gelegenheit+nutzen%2C+aktuelle+Themen+rund+um+den+Verein+und+den+Obst-%2FGartenbau+zu+besprechen.%3C%2Fp%3E+%3Cp%3E%E2%80%94%E2%80%94%E2%80%94%E2%80%93%3C%2Fp%3E+%3Cp%3E%3Cstrong%3EThema%3A%C2%A0+%C2%A0+%C2%A0+%C2%A0+%C2%A0%C2%A0+%C2%A0+Weihnachtsstammtisch%C2%A0%3Cbr+%2F%3E%3C%2Fstrong%3EOb+Weihnachtslied%2C+Gedicht%2C+kurze+Geschichte+oder+eine+kleine+kreative+%C3%9Cberraschung+%E2%80%93+wir+freuen+uns+auf+eure+pers%C3%B6nlichen+Beitr%C3%A4ge%21+Gemeinsam+wollen+wir+in+gem%C3%BCtlicher+Runde+die+Adventszeit+genie%C3%9Fen%2C+singen%2C+zuh%C3%B6ren+und+beisammensitzen%3C%2Fp%3E+%3Cp%3E%3Cstrong%3ETreffpunkt%3A%C2%A0%C2%A0%C2%A0%C2%A0%C2%A0+18.00+Uhr+an+der+%3C%2Fstrong%3E%3Cb%3EObstbauscheuer%3Cbr+%2F%3E%3C%2Fb%3E%3C%2Fp%3E+%3Cp%3E%E2%80%94%E2%80%94%E2%80%94%E2%80%93%3Cstrong%3E%3Cbr+%2F%3E%3C%2Fstrong%3E%3C%2Fp%3E+%3Cp%3EF%C3%BCr+%3Cstrong%3EGetr%C3%A4nke+und+eine+Kleinigkeit+zu+essen%3C%2Fstrong%3E+ist+gesorgt%3B+es+gibt+gegrillte+W%C3%BCrste+sowie+Gl%C3%BChwein+und+Punsch.%3Cbr+%2F%3EWir+freuen+uns+auf+einen+stimmungsvollen+Abend+und%3C%2Fp%3E+%28Zeige+vollst%C3%A4ndige+Veranstaltung-Beschreibung+hier+an%3A+https%3A%2F%2Fogv-oeffingen.de%2F%3Ftribe_events%3Dogv-stammtisch-14%29&#038;location=Obstbauscheuer%20des%20OGV%20Oeffingen,%2048\u00b051\u201906.0\u2033N%209\u00b015\u201940.1\u2033E&#038;trp=false&#038;ctz=Europe\/Berlin&#038;sprop=website:https:\/\/ogv-oeffingen.de\"\n\t\t\t\t\t\t\t\t\t\tclass=\"tribe-events-c-subscribe-dropdown__list-item-link\"\n\t\t\t\t\t\t\t\t\t\ttarget=\"_blank\"\n\t\t\t\t\t\t\t\t\t\trel=\"noopener noreferrer nofollow noindex\"\n\t\t\t\t\t\t\t\t\t>\n\t\t\t\t\t\t\t\t\t\tGoogle Kalender\t\t\t\t\t\t\t\t\t<\/a>\n\t\t\t\t\t\t\t\t<\/li>\n\t\t\t\t\t\t\t\t\t\t\t\t\t\t\t<li class=\"tribe-events-c-subscribe-dropdown__list-item tribe-events-c-subscribe-dropdown__list-item--ical\">\n\t\t\t\t\t\t\t\t\t<a\n\t\t\t\t\t\t\t\t\t\thref=\"\"\n\t\t\t\t\t\t\t\t\t\tclass=\"tribe-events-c-subscribe-dropdown__list-item-link\"\n\t\t\t\t\t\t\t\t\t\ttarget=\"_blank\"\n\t\t\t\t\t\t\t\t\t\trel=\"noopener noreferrer nofollow noindex\"\n\t\t\t\t\t\t\t\t\t>\n\t\t\t\t\t\t\t\t\t\tiCalendar\t\t\t\t\t\t\t\t\t<\/a>\n\t\t\t\t\t\t\t\t<\/li>\n\t\t\t\t\t\t\t\t\t\t\t\t\t\t\t<li class=\"tribe-events-c-subscribe-dropdown__list-item tribe-events-c-subscribe-dropdown__list-item--outlook-365\">\n\t\t\t\t\t\t\t\t\t<a\n\t\t\t\t\t\t\t\t\t\thref=\"\"\n\t\t\t\t\t\t\t\t\t\tclass=\"tribe-events-c-subscribe-dropdown__list-item-link\"\n\t\t\t\t\t\t\t\t\t\ttarget=\"_blank\"\n\t\t\t\t\t\t\t\t\t\trel=\"noopener noreferrer nofollow noindex\"\n\t\t\t\t\t\t\t\t\t>\n\t\t\t\t\t\t\t\t\t\tOutlook 365\t\t\t\t\t\t\t\t\t<\/a>\n\t\t\t\t\t\t\t\t<\/li>\n\t\t\t\t\t\t\t\t\t\t\t\t\t\t\t<li class=\"tribe-events-c-subscribe-dropdown__list-item tribe-events-c-subscribe-dropdown__list-item--outlook-live\">\n\t\t\t\t\t\t\t\t\t<a\n\t\t\t\t\t\t\t\t\t\thref=\"\"\n\t\t\t\t\t\t\t\t\t\tclass=\"tribe-events-c-subscribe-dropdown__list-item-link\"\n\t\t\t\t\t\t\t\t\t\ttarget=\"_blank\"\n\t\t\t\t\t\t\t\t\t\trel=\"noopener noreferrer nofollow noindex\"\n\t\t\t\t\t\t\t\t\t>\n\t\t\t\t\t\t\t\t\t\tOutlook Live\t\t\t\t\t\t\t\t\t<\/a>\n\t\t\t\t\t\t\t\t<\/li>\n\t\t\t\t\t\t\t\t\t\t\t\t\t<\/ul>\n\t\t\t\t\t<\/div>\n\t\t\t\t<\/div>\n\t\t\t<\/div>\n\t\t<\/div>\n\t<\/div>\n\n\n\n<div  class=\"tribe-events-single-section tribe-events-event-meta primary tribe-clearfix\" >\n\t\n\t\n<div class=\"tribe-events-meta-group tribe-events-meta-group-details\">\n\t<h3 class=\"tribe-events-single-section-title\">\n\t\t\t\t\tDetails\t\t\n\t<\/h3>\n\t<ul class=\"tribe-events-meta-list\">\n\n\t\t\n\t\t\t<li class=\"tribe-events-meta-item\">\n\t\t\t\t<span class=\"tribe-events-meta-label\">Datum:<\/span>\n\t\t\t\t<span class=\"tribe-events-meta-value\">\n\t\t\t\t\t<abbr class=\"tribe-events-abbr tribe-events-start-date published dtstart\" title=\"2025-12-11\"> 11. Dezember 2025 <\/abbr>\n\t\t\t\t<\/span>\n\t\t\t<\/li>\n\n\t\t\t<li class=\"tribe-events-meta-item\">\n\t\t\t\t<span class=\"tribe-events-meta-label\">Zeit:<\/span>\n\t\t\t\t<span class=\"tribe-events-meta-value\">\n\t\t\t\t\t<div class=\"tribe-events-abbr tribe-events-start-time published dtstart\" title=\"2025-12-11\">\n\t\t\t\t\t\t18:00 &#8211; 21:00\t\t\t\t\t\t\t\t\t\t\t<\/div>\n\t\t\t\t<\/span>\n\t\t\t<\/li>\n\n\t\t\n\t\t\n\t\t\n\t\t\n\t\t\n\t\t\n\t\t\t<\/ul>\n<\/div>\n\t\n\t<\/div>\n\n\n<div  class=\"tribe-block tribe-block__venue tribe-clearfix tribe-block__venue--has-map\" >\n\t\n\t\n<div class=\"tribe-block__venue__meta\">\n\t<div class=\"tribe-block__venue__name\">\n\t\t<h3>Obstbauscheuer des OGV Oeffingen<\/h3>\n\t<\/div>\n\n\t\n\t\t\t\t\t\t<address class=\"tribe-block__venue__address\">\n\t\t\t\t<span class=\"tribe-address\">\n\n<span class=\"tribe-street-address\">48\u00b051\u201906.0\u2033N 9\u00b015\u201940.1\u2033E<\/span>\n\t\n\n\n\n\n<\/span>\n\n\t\t\t\t\t\t\t\t\t<a class=\"tribe-events-gmap\" href=\"https:\/\/maps.google.com\/maps?f=q&#038;source=s_q&#038;hl=en&#038;geocode=&#038;q=48%C2%B051%E2%80%9906.0%E2%80%B3N+9%C2%B015%E2%80%9940.1%E2%80%B3E\" title=\"Klicken, um Google Karte anzuzeigen\" target=\"_blank\" rel=\"noreferrer noopener\">Google Karte anzeigen<\/a>\t\t\t\t\t\t\t<\/address>\n\t\t\n\t\t\n\t\t\t\n\t<\/div>\n\t\n<div class=\"tribe-block__venue__map\">\n\t\n<iframe loading=\"lazy\"\n  title=\"Iframe von Google Maps, der die Adresse von Obstbauscheuer des OGV Oeffingen anzeigt\"\n  aria-label=\"Karte des Veranstaltungsortes\"\n  width=\"310px\"\n  height=\"256px\"\n  frameborder=\"0\" style=\"border:0\"\n  src=\"https:\/\/www.google.com\/maps\/embed\/v1\/place?key=AIzaSyDNsicAsP6-VuGtAb1O9riI3oc_NOb7IOU&#038;q=48%C2%B051%E2%80%9906.0%E2%80%B3N+9%C2%B015%E2%80%9940.1%E2%80%B3E+&#038;zoom=10\" allowfullscreen>\n<\/iframe>\n<\/div>\n\n\t<\/div>\n","protected":false},"excerpt":{"rendered":"<p>Wir laden alle Mitglieder herzlich zu unseren Stammtischen am jeweils zweiten Donnerstag im Monat in der OGV-Obstbauscheuer ein. In diesem Rahmen m\u00f6chten wir den Austausch zwischen den Vereinsmitgliedern f\u00f6rdern und&hellip;&nbsp;<a href=\"https:\/\/ogv-oeffingen.de\/?tribe_events=ogv-stammtisch-14\" rel=\"bookmark\">Weiterlesen &raquo;<span class=\"screen-reader-text\">OGV Weihnachts-Stammtisch<\/span><\/a><\/p>\n","protected":false},"author":5,"featured_media":2035,"template":"","meta":{"_uag_custom_page_level_css":"","neve_meta_sidebar":"","neve_meta_container":"","neve_meta_enable_content_width":"","neve_meta_content_width":0,"neve_meta_title_alignment":"","neve_meta_author_avatar":"","neve_post_elements_order":"","neve_meta_disable_header":"","neve_meta_disable_footer":"","neve_meta_disable_title":"","_EventAllDay":false,"_EventTimezone":"Europe\/Berlin","_EventStartDate":"2025-12-11 18:00:00","_EventEndDate":"2025-12-11 21:00:00","_EventStartDateUTC":"2025-12-11 17:00:00","_EventEndDateUTC":"2025-12-11 20:00:00","_EventShowMap":true,"_EventShowMapLink":true,"_EventURL":"","_EventCost":"","_EventCostDescription":"","_EventCurrencySymbol":"\u20ac","_EventCurrencyCode":"EUR","_EventCurrencyPosition":"suffix","_EventDateTimeSeparator":"","_EventTimeRangeSeparator":"","_EventOrganizerID":[],"_EventVenueID":[1539],"_OrganizerEmail":"","_OrganizerPhone":"","_OrganizerWebsite":"","_VenueAddress":"","_VenueCity":"","_VenueCountry":"","_VenueProvince":"","_VenueState":"","_VenueZip":"","_VenuePhone":"","_VenueURL":"","_VenueStateProvince":"","_VenueLat":"","_VenueLng":"","_VenueShowMap":false,"_VenueShowMapLink":false,"_tribe_events_status":"","_tribe_events_status_reason":"","footnotes":""},"tags":[],"tribe_events_cat":[],"class_list":["post-5510","tribe_events","type-tribe_events","status-publish","has-post-thumbnail","hentry"],"yoast_head":"<!-- This site is optimized with the Yoast SEO plugin v27.4 - https:\/\/yoast.com\/product\/yoast-seo-wordpress\/ -->\n<title>OGV Weihnachts-Stammtisch - Obst- und Gartenbauverein Oeffingen e.V.<\/title>\n<meta name=\"robots\" content=\"index, follow, max-snippet:-1, max-image-preview:large, max-video-preview:-1\" \/>\n<link rel=\"canonical\" href=\"https:\/\/ogv-oeffingen.de\/?tribe_events=ogv-stammtisch-14\" \/>\n<meta property=\"og:locale\" content=\"de_DE\" \/>\n<meta property=\"og:type\" content=\"article\" \/>\n<meta property=\"og:title\" content=\"OGV Weihnachts-Stammtisch - Obst- und Gartenbauverein Oeffingen e.V.\" \/>\n<meta property=\"og:description\" content=\"Wir laden alle Mitglieder herzlich zu unseren Stammtischen am jeweils zweiten Donnerstag im Monat in der OGV-Obstbauscheuer ein. In diesem Rahmen m\u00f6chten wir den Austausch zwischen den Vereinsmitgliedern f\u00f6rdern und&hellip;&nbsp;Weiterlesen &raquo;OGV Weihnachts-Stammtisch\" \/>\n<meta property=\"og:url\" content=\"https:\/\/ogv-oeffingen.de\/?tribe_events=ogv-stammtisch-14\" \/>\n<meta property=\"og:site_name\" content=\"Obst- und Gartenbauverein Oeffingen e.V.\" \/>\n<meta property=\"article:modified_time\" content=\"2025-12-09T20:04:54+00:00\" \/>\n<meta property=\"og:image\" content=\"https:\/\/ogv-oeffingen.de\/wp-content\/uploads\/2022\/09\/Logo_Stammtisch_Klein_gruen.png\" \/>\n\t<meta property=\"og:image:width\" content=\"184\" \/>\n\t<meta property=\"og:image:height\" content=\"121\" \/>\n\t<meta property=\"og:image:type\" content=\"image\/png\" \/>\n<meta name=\"twitter:card\" content=\"summary_large_image\" \/>\n<meta name=\"twitter:label1\" content=\"Gesch\u00e4tzte Lesezeit\" \/>\n\t<meta name=\"twitter:data1\" content=\"1\u00a0Minute\" \/>\n<script type=\"application\/ld+json\" class=\"yoast-schema-graph\">{\"@context\":\"https:\\\/\\\/schema.org\",\"@graph\":[{\"@type\":\"WebPage\",\"@id\":\"https:\\\/\\\/ogv-oeffingen.de\\\/?tribe_events=ogv-stammtisch-14\",\"url\":\"https:\\\/\\\/ogv-oeffingen.de\\\/?tribe_events=ogv-stammtisch-14\",\"name\":\"OGV Weihnachts-Stammtisch - Obst- und Gartenbauverein Oeffingen e.V.\",\"isPartOf\":{\"@id\":\"https:\\\/\\\/ogv-oeffingen.de\\\/#website\"},\"primaryImageOfPage\":{\"@id\":\"https:\\\/\\\/ogv-oeffingen.de\\\/?tribe_events=ogv-stammtisch-14#primaryimage\"},\"image\":{\"@id\":\"https:\\\/\\\/ogv-oeffingen.de\\\/?tribe_events=ogv-stammtisch-14#primaryimage\"},\"thumbnailUrl\":\"https:\\\/\\\/ogv-oeffingen.de\\\/wp-content\\\/uploads\\\/2022\\\/09\\\/Logo_Stammtisch_Klein_gruen.png\",\"datePublished\":\"2024-12-03T19:33:08+00:00\",\"dateModified\":\"2025-12-09T20:04:54+00:00\",\"breadcrumb\":{\"@id\":\"https:\\\/\\\/ogv-oeffingen.de\\\/?tribe_events=ogv-stammtisch-14#breadcrumb\"},\"inLanguage\":\"de\",\"potentialAction\":[{\"@type\":\"ReadAction\",\"target\":[\"https:\\\/\\\/ogv-oeffingen.de\\\/?tribe_events=ogv-stammtisch-14\"]}]},{\"@type\":\"ImageObject\",\"inLanguage\":\"de\",\"@id\":\"https:\\\/\\\/ogv-oeffingen.de\\\/?tribe_events=ogv-stammtisch-14#primaryimage\",\"url\":\"https:\\\/\\\/ogv-oeffingen.de\\\/wp-content\\\/uploads\\\/2022\\\/09\\\/Logo_Stammtisch_Klein_gruen.png\",\"contentUrl\":\"https:\\\/\\\/ogv-oeffingen.de\\\/wp-content\\\/uploads\\\/2022\\\/09\\\/Logo_Stammtisch_Klein_gruen.png\",\"width\":184,\"height\":121,\"caption\":\"Stammtisch Logo\"},{\"@type\":\"BreadcrumbList\",\"@id\":\"https:\\\/\\\/ogv-oeffingen.de\\\/?tribe_events=ogv-stammtisch-14#breadcrumb\",\"itemListElement\":[{\"@type\":\"ListItem\",\"position\":1,\"name\":\"Startseite\",\"item\":\"https:\\\/\\\/ogv-oeffingen.de\\\/\"},{\"@type\":\"ListItem\",\"position\":2,\"name\":\"Veranstaltungen\",\"item\":\"https:\\\/\\\/ogv-oeffingen.de\\\/?post_type=tribe_events\"},{\"@type\":\"ListItem\",\"position\":3,\"name\":\"OGV Stammtisch\"}]},{\"@type\":\"WebSite\",\"@id\":\"https:\\\/\\\/ogv-oeffingen.de\\\/#website\",\"url\":\"https:\\\/\\\/ogv-oeffingen.de\\\/\",\"name\":\"Obst- und Gartenbauverein Oeffingen e.V.\",\"description\":\"\",\"publisher\":{\"@id\":\"https:\\\/\\\/ogv-oeffingen.de\\\/#organization\"},\"potentialAction\":[{\"@type\":\"SearchAction\",\"target\":{\"@type\":\"EntryPoint\",\"urlTemplate\":\"https:\\\/\\\/ogv-oeffingen.de\\\/?s={search_term_string}\"},\"query-input\":{\"@type\":\"PropertyValueSpecification\",\"valueRequired\":true,\"valueName\":\"search_term_string\"}}],\"inLanguage\":\"de\"},{\"@type\":\"Organization\",\"@id\":\"https:\\\/\\\/ogv-oeffingen.de\\\/#organization\",\"name\":\"Obst- und Gartenbauverein Oeffingen e.V.\",\"url\":\"https:\\\/\\\/ogv-oeffingen.de\\\/\",\"logo\":{\"@type\":\"ImageObject\",\"inLanguage\":\"de\",\"@id\":\"https:\\\/\\\/ogv-oeffingen.de\\\/#\\\/schema\\\/logo\\\/image\\\/\",\"url\":\"https:\\\/\\\/ogv-oeffingen.de\\\/wp-content\\\/uploads\\\/2021\\\/07\\\/OGV_Logo_03.jpg\",\"contentUrl\":\"https:\\\/\\\/ogv-oeffingen.de\\\/wp-content\\\/uploads\\\/2021\\\/07\\\/OGV_Logo_03.jpg\",\"width\":1013,\"height\":1127,\"caption\":\"Obst- und Gartenbauverein Oeffingen e.V.\"},\"image\":{\"@id\":\"https:\\\/\\\/ogv-oeffingen.de\\\/#\\\/schema\\\/logo\\\/image\\\/\"},\"sameAs\":[\"https:\\\/\\\/www.instagram.com\\\/ogv_oeffingen\"]}]}<\/script>\n<!-- \/ Yoast SEO plugin. -->","yoast_head_json":{"title":"OGV Weihnachts-Stammtisch - Obst- und Gartenbauverein Oeffingen e.V.","robots":{"index":"index","follow":"follow","max-snippet":"max-snippet:-1","max-image-preview":"max-image-preview:large","max-video-preview":"max-video-preview:-1"},"canonical":"https:\/\/ogv-oeffingen.de\/?tribe_events=ogv-stammtisch-14","og_locale":"de_DE","og_type":"article","og_title":"OGV Weihnachts-Stammtisch - Obst- und Gartenbauverein Oeffingen e.V.","og_description":"Wir laden alle Mitglieder herzlich zu unseren Stammtischen am jeweils zweiten Donnerstag im Monat in der OGV-Obstbauscheuer ein. In diesem Rahmen m\u00f6chten wir den Austausch zwischen den Vereinsmitgliedern f\u00f6rdern und&hellip;&nbsp;Weiterlesen &raquo;OGV Weihnachts-Stammtisch","og_url":"https:\/\/ogv-oeffingen.de\/?tribe_events=ogv-stammtisch-14","og_site_name":"Obst- und Gartenbauverein Oeffingen e.V.","article_modified_time":"2025-12-09T20:04:54+00:00","og_image":[{"width":184,"height":121,"url":"https:\/\/ogv-oeffingen.de\/wp-content\/uploads\/2022\/09\/Logo_Stammtisch_Klein_gruen.png","type":"image\/png"}],"twitter_card":"summary_large_image","twitter_misc":{"Gesch\u00e4tzte Lesezeit":"1\u00a0Minute"},"schema":{"@context":"https:\/\/schema.org","@graph":[{"@type":"WebPage","@id":"https:\/\/ogv-oeffingen.de\/?tribe_events=ogv-stammtisch-14","url":"https:\/\/ogv-oeffingen.de\/?tribe_events=ogv-stammtisch-14","name":"OGV Weihnachts-Stammtisch - Obst- und Gartenbauverein Oeffingen e.V.","isPartOf":{"@id":"https:\/\/ogv-oeffingen.de\/#website"},"primaryImageOfPage":{"@id":"https:\/\/ogv-oeffingen.de\/?tribe_events=ogv-stammtisch-14#primaryimage"},"image":{"@id":"https:\/\/ogv-oeffingen.de\/?tribe_events=ogv-stammtisch-14#primaryimage"},"thumbnailUrl":"https:\/\/ogv-oeffingen.de\/wp-content\/uploads\/2022\/09\/Logo_Stammtisch_Klein_gruen.png","datePublished":"2024-12-03T19:33:08+00:00","dateModified":"2025-12-09T20:04:54+00:00","breadcrumb":{"@id":"https:\/\/ogv-oeffingen.de\/?tribe_events=ogv-stammtisch-14#breadcrumb"},"inLanguage":"de","potentialAction":[{"@type":"ReadAction","target":["https:\/\/ogv-oeffingen.de\/?tribe_events=ogv-stammtisch-14"]}]},{"@type":"ImageObject","inLanguage":"de","@id":"https:\/\/ogv-oeffingen.de\/?tribe_events=ogv-stammtisch-14#primaryimage","url":"https:\/\/ogv-oeffingen.de\/wp-content\/uploads\/2022\/09\/Logo_Stammtisch_Klein_gruen.png","contentUrl":"https:\/\/ogv-oeffingen.de\/wp-content\/uploads\/2022\/09\/Logo_Stammtisch_Klein_gruen.png","width":184,"height":121,"caption":"Stammtisch Logo"},{"@type":"BreadcrumbList","@id":"https:\/\/ogv-oeffingen.de\/?tribe_events=ogv-stammtisch-14#breadcrumb","itemListElement":[{"@type":"ListItem","position":1,"name":"Startseite","item":"https:\/\/ogv-oeffingen.de\/"},{"@type":"ListItem","position":2,"name":"Veranstaltungen","item":"https:\/\/ogv-oeffingen.de\/?post_type=tribe_events"},{"@type":"ListItem","position":3,"name":"OGV Stammtisch"}]},{"@type":"WebSite","@id":"https:\/\/ogv-oeffingen.de\/#website","url":"https:\/\/ogv-oeffingen.de\/","name":"Obst- und Gartenbauverein Oeffingen e.V.","description":"","publisher":{"@id":"https:\/\/ogv-oeffingen.de\/#organization"},"potentialAction":[{"@type":"SearchAction","target":{"@type":"EntryPoint","urlTemplate":"https:\/\/ogv-oeffingen.de\/?s={search_term_string}"},"query-input":{"@type":"PropertyValueSpecification","valueRequired":true,"valueName":"search_term_string"}}],"inLanguage":"de"},{"@type":"Organization","@id":"https:\/\/ogv-oeffingen.de\/#organization","name":"Obst- und Gartenbauverein Oeffingen e.V.","url":"https:\/\/ogv-oeffingen.de\/","logo":{"@type":"ImageObject","inLanguage":"de","@id":"https:\/\/ogv-oeffingen.de\/#\/schema\/logo\/image\/","url":"https:\/\/ogv-oeffingen.de\/wp-content\/uploads\/2021\/07\/OGV_Logo_03.jpg","contentUrl":"https:\/\/ogv-oeffingen.de\/wp-content\/uploads\/2021\/07\/OGV_Logo_03.jpg","width":1013,"height":1127,"caption":"Obst- und Gartenbauverein Oeffingen e.V."},"image":{"@id":"https:\/\/ogv-oeffingen.de\/#\/schema\/logo\/image\/"},"sameAs":["https:\/\/www.instagram.com\/ogv_oeffingen"]}]}},"uagb_featured_image_src":{"full":["https:\/\/ogv-oeffingen.de\/wp-content\/uploads\/2022\/09\/Logo_Stammtisch_Klein_gruen.png",184,121,false],"thumbnail":["https:\/\/ogv-oeffingen.de\/wp-content\/uploads\/2022\/09\/Logo_Stammtisch_Klein_gruen-150x121.png",150,121,true],"medium":["https:\/\/ogv-oeffingen.de\/wp-content\/uploads\/2022\/09\/Logo_Stammtisch_Klein_gruen.png",184,121,false],"medium_large":["https:\/\/ogv-oeffingen.de\/wp-content\/uploads\/2022\/09\/Logo_Stammtisch_Klein_gruen.png",184,121,false],"large":["https:\/\/ogv-oeffingen.de\/wp-content\/uploads\/2022\/09\/Logo_Stammtisch_Klein_gruen.png",184,121,false],"1536x1536":["https:\/\/ogv-oeffingen.de\/wp-content\/uploads\/2022\/09\/Logo_Stammtisch_Klein_gruen.png",184,121,false],"2048x2048":["https:\/\/ogv-oeffingen.de\/wp-content\/uploads\/2022\/09\/Logo_Stammtisch_Klein_gruen.png",184,121,false],"neve-blog":["https:\/\/ogv-oeffingen.de\/wp-content\/uploads\/2022\/09\/Logo_Stammtisch_Klein_gruen.png",184,121,false]},"uagb_author_info":{"display_name":"Uli Neumann","author_link":"https:\/\/ogv-oeffingen.de\/?author=5"},"uagb_comment_info":0,"uagb_excerpt":"Wir laden alle Mitglieder herzlich zu unseren Stammtischen am jeweils zweiten Donnerstag im Monat in der OGV-Obstbauscheuer ein. In diesem Rahmen m\u00f6chten wir den Austausch zwischen den Vereinsmitgliedern f\u00f6rdern und&hellip;&nbsp;Weiterlesen &raquo;OGV Weihnachts-Stammtisch","_links":{"self":[{"href":"https:\/\/ogv-oeffingen.de\/index.php?rest_route=\/wp\/v2\/tribe_events\/5510","targetHints":{"allow":["GET"]}}],"collection":[{"href":"https:\/\/ogv-oeffingen.de\/index.php?rest_route=\/wp\/v2\/tribe_events"}],"about":[{"href":"https:\/\/ogv-oeffingen.de\/index.php?rest_route=\/wp\/v2\/types\/tribe_events"}],"author":[{"embeddable":true,"href":"https:\/\/ogv-oeffingen.de\/index.php?rest_route=\/wp\/v2\/users\/5"}],"version-history":[{"count":4,"href":"https:\/\/ogv-oeffingen.de\/index.php?rest_route=\/wp\/v2\/tribe_events\/5510\/revisions"}],"predecessor-version":[{"id":6445,"href":"https:\/\/ogv-oeffingen.de\/index.php?rest_route=\/wp\/v2\/tribe_events\/5510\/revisions\/6445"}],"wp:featuredmedia":[{"embeddable":true,"href":"https:\/\/ogv-oeffingen.de\/index.php?rest_route=\/wp\/v2\/media\/2035"}],"wp:attachment":[{"href":"https:\/\/ogv-oeffingen.de\/index.php?rest_route=%2Fwp%2Fv2%2Fmedia&parent=5510"}],"wp:term":[{"taxonomy":"post_tag","embeddable":true,"href":"https:\/\/ogv-oeffingen.de\/index.php?rest_route=%2Fwp%2Fv2%2Ftags&post=5510"},{"taxonomy":"tribe_events_cat","embeddable":true,"href":"https:\/\/ogv-oeffingen.de\/index.php?rest_route=%2Fwp%2Fv2%2Ftribe_events_cat&post=5510"}],"curies":[{"name":"wp","href":"https:\/\/api.w.org\/{rel}","templated":true}]}}